{"id":43,"date":"2021-12-20T17:25:56","date_gmt":"2021-12-20T16:25:56","guid":{"rendered":"https:\/\/gruene-eichstaett.de\/denkendorf\/?page_id=43"},"modified":"2021-12-26T14:07:27","modified_gmt":"2021-12-26T13:07:27","slug":"home","status":"publish","type":"page","link":"https:\/\/gruene-eichstaett.de\/denkendorf-stammham\/","title":{"rendered":"home"},"content":{"rendered":"\n<figure class=\"wp-block-image size-large is-style-default\"><img loading=\"lazy\" decoding=\"async\" width=\"1024\" height=\"334\" src=\"http:\/\/gruene-eichstaett.de\/denkendorf\/wp-content\/uploads\/sites\/3\/2021\/12\/Pano_Denkendorf_Drohne-1024x334.png\" alt=\"\" class=\"wp-image-107\" srcset=\"https:\/\/gruene-eichstaett.de\/denkendorf-stammham\/wp-content\/uploads\/sites\/3\/2021\/12\/Pano_Denkendorf_Drohne-1024x334.png 1024w, https:\/\/gruene-eichstaett.de\/denkendorf-stammham\/wp-content\/uploads\/sites\/3\/2021\/12\/Pano_Denkendorf_Drohne-300x98.png 300w, https:\/\/gruene-eichstaett.de\/denkendorf-stammham\/wp-content\/uploads\/sites\/3\/2021\/12\/Pano_Denkendorf_Drohne-768x250.png 768w, https:\/\/gruene-eichstaett.de\/denkendorf-stammham\/wp-content\/uploads\/sites\/3\/2021\/12\/Pano_Denkendorf_Drohne-1536x500.png 1536w, https:\/\/gruene-eichstaett.de\/denkendorf-stammham\/wp-content\/uploads\/sites\/3\/2021\/12\/Pano_Denkendorf_Drohne.png 1940w\" sizes=\"auto, (max-width: 1024px) 100vw, 1024px\" \/><\/figure>\n\n\n\n<div style=\"height:30px\" aria-hidden=\"true\" class=\"wp-block-spacer\"><\/div>\n\n\n<style>.wp-show-posts-columns#wpsp-45 {margin-left: -2em; }.wp-show-posts-columns#wpsp-45 .wp-show-posts-inner {margin: 0 0 2em 2em; }<\/style><section id=\"wpsp-45\" class=\" wp-show-posts-columns wp-show-posts\" style=\"\"><article class=\" wp-show-posts-single post-478 post type-post status-publish format-standard hentry category-allgemein wpsp-col-6\" itemtype=\"http:\/\/schema.org\/CreativeWork\" itemscope><div class=\"wp-show-posts-inner\" style=\"\">\t\t\t\t\t\t<header class=\"wp-show-posts-entry-header\">\n\t\t\t\t\t\t\t<h2 class=\"wp-show-posts-entry-title\" itemprop=\"headline\"><a href=\"https:\/\/gruene-eichstaett.de\/denkendorf-stammham\/veranstaltungen-2025\/\" rel=\"bookmark\">Veranstaltungen 2025<\/a><\/h2><div class=\"wp-show-posts-entry-meta wp-show-posts-entry-meta-below-title post-meta-inline\"><span class=\"wp-show-posts-posted-on wp-show-posts-meta\">\n\t\t\t\t\t<a href=\"https:\/\/gruene-eichstaett.de\/denkendorf-stammham\/veranstaltungen-2025\/\" title=\"17:30\" rel=\"bookmark\"><time class=\"wp-show-posts-entry-date published\" datetime=\"2024-12-31T17:30:12+01:00\" itemprop=\"datePublished\">31. Dezember 2024<\/time><time class=\"wp-show-posts-updated\" datetime=\"2024-12-31T17:46:05+01:00\" itemprop=\"dateModified\">31. Dezember 2024<\/time><\/a>\n\t\t\t\t<\/span><\/div>\t\t\t\t\t\t<\/header><!-- .entry-header -->\n\t\t\t\t\t\t\t\t\t\t\t<div class=\"wp-show-posts-entry-summary\" itemprop=\"text\">\n\t\t\t\t\t\t\t<p>06.02.2025Elektromobilit\u00e4t &#8211; Fakten und Kontext zu h\u00e4ufig gestellten FragenVortrag durch Dr.-Ing. A. Braun, Dozent der THIOrt: Pup a la pap, Stammham Uhrzeit: 19:0006.05.2025M\u00fcttergenesungsheim und seine GeschichteTreffpunkt: Denkendorf, Mariengrotte Uhrzeit: 18:0031.05.2025Biolandhof&#8230;<\/p>\n\t\t\t\t\t\t<\/div><!-- .entry-summary -->\n\t\t\t\t\t<\/div><!-- wp-show-posts-inner --><\/article><article class=\" wp-show-posts-single post-541 post type-post status-publish format-standard has-post-thumbnail hentry category-allgemein wpsp-col-6\" itemtype=\"http:\/\/schema.org\/CreativeWork\" itemscope><div class=\"wp-show-posts-inner\" style=\"\">\t\t\t\t\t\t<header class=\"wp-show-posts-entry-header\">\n\t\t\t\t\t\t\t<h2 class=\"wp-show-posts-entry-title\" itemprop=\"headline\"><a href=\"https:\/\/gruene-eichstaett.de\/denkendorf-stammham\/agroforst-erleben\/\" rel=\"bookmark\">Agroforst erleben<\/a><\/h2><div class=\"wp-show-posts-entry-meta wp-show-posts-entry-meta-below-title post-meta-inline\"><span class=\"wp-show-posts-posted-on wp-show-posts-meta\">\n\t\t\t\t\t<a href=\"https:\/\/gruene-eichstaett.de\/denkendorf-stammham\/agroforst-erleben\/\" title=\"12:53\" rel=\"bookmark\"><time class=\"wp-show-posts-entry-date published\" datetime=\"2026-04-14T12:53:20+02:00\" itemprop=\"datePublished\">14. April 2026<\/time><time class=\"wp-show-posts-updated\" datetime=\"2026-04-14T12:55:00+02:00\" itemprop=\"dateModified\">14. April 2026<\/time><\/a>\n\t\t\t\t<\/span><\/div>\t\t\t\t\t\t<\/header><!-- .entry-header -->\n\t\t\t\t\t\t\t<div class=\"wp-show-posts-image  wpsp-image-center \">\n\t\t\t<a href=\"https:\/\/gruene-eichstaett.de\/denkendorf-stammham\/agroforst-erleben\/\"  title=\"Agroforst erleben\"><img loading=\"lazy\" decoding=\"async\" width=\"1200\" height=\"640\" src=\"https:\/\/gruene-eichstaett.de\/denkendorf-stammham\/wp-content\/uploads\/sites\/3\/2026\/04\/PHOTO-2026-03-31-16-37-44-e1776164097631.jpg\" class=\"attachment-full size-full wp-post-image\" alt=\"\" itemprop=\"image\" srcset=\"https:\/\/gruene-eichstaett.de\/denkendorf-stammham\/wp-content\/uploads\/sites\/3\/2026\/04\/PHOTO-2026-03-31-16-37-44-e1776164097631.jpg 1200w, https:\/\/gruene-eichstaett.de\/denkendorf-stammham\/wp-content\/uploads\/sites\/3\/2026\/04\/PHOTO-2026-03-31-16-37-44-e1776164097631-300x160.jpg 300w, https:\/\/gruene-eichstaett.de\/denkendorf-stammham\/wp-content\/uploads\/sites\/3\/2026\/04\/PHOTO-2026-03-31-16-37-44-e1776164097631-1024x546.jpg 1024w, https:\/\/gruene-eichstaett.de\/denkendorf-stammham\/wp-content\/uploads\/sites\/3\/2026\/04\/PHOTO-2026-03-31-16-37-44-e1776164097631-768x410.jpg 768w\" sizes=\"auto, (max-width: 1200px) 100vw, 1200px\" \/><\/a>\t\t<\/div>\n\t\t\t\t\t\t\t\t<div class=\"wp-show-posts-entry-summary\" itemprop=\"text\">\n\t\t\t\t\t\t\t<p>Agroforst ist Landwirtschaft gemeinsam mit B\u00e4umen und Str\u00e4uchern zusammen. Warum ist das sinnvoll? Welche Vorteile bringt es f\u00fcr die Umwelt, die Umgebung und die Gesellschaft? Agroforstberater Christian Diehl erkl\u00e4rt die&#8230;<\/p>\n\t\t\t\t\t\t<\/div><!-- .entry-summary -->\n\t\t\t\t\t<\/div><!-- wp-show-posts-inner --><\/article><article class=\" wp-show-posts-single post-536 post type-post status-publish format-standard has-post-thumbnail hentry category-allgemein wpsp-col-6\" itemtype=\"http:\/\/schema.org\/CreativeWork\" itemscope><div class=\"wp-show-posts-inner\" style=\"\">\t\t\t\t\t\t<header class=\"wp-show-posts-entry-header\">\n\t\t\t\t\t\t\t<h2 class=\"wp-show-posts-entry-title\" itemprop=\"headline\"><a href=\"https:\/\/gruene-eichstaett.de\/denkendorf-stammham\/wald-im-klima-wandel\/\" rel=\"bookmark\">Wald im (Klima-) Wandel<\/a><\/h2><div class=\"wp-show-posts-entry-meta wp-show-posts-entry-meta-below-title post-meta-inline\"><span class=\"wp-show-posts-posted-on wp-show-posts-meta\">\n\t\t\t\t\t<a href=\"https:\/\/gruene-eichstaett.de\/denkendorf-stammham\/wald-im-klima-wandel\/\" title=\"12:52\" rel=\"bookmark\"><time class=\"wp-show-posts-entry-date published\" datetime=\"2026-04-14T12:52:31+02:00\" itemprop=\"datePublished\">14. April 2026<\/time><time class=\"wp-show-posts-updated\" datetime=\"2026-04-14T12:52:42+02:00\" itemprop=\"dateModified\">14. April 2026<\/time><\/a>\n\t\t\t\t<\/span><\/div>\t\t\t\t\t\t<\/header><!-- .entry-header -->\n\t\t\t\t\t\t\t<div class=\"wp-show-posts-image  wpsp-image-center \">\n\t\t\t<a href=\"https:\/\/gruene-eichstaett.de\/denkendorf-stammham\/wald-im-klima-wandel\/\"  title=\"Wald im (Klima-) Wandel\"><img loading=\"lazy\" decoding=\"async\" width=\"2048\" height=\"1365\" src=\"https:\/\/gruene-eichstaett.de\/denkendorf-stammham\/wp-content\/uploads\/sites\/3\/2026\/04\/Wald-1.jpg\" class=\"attachment-full size-full wp-post-image\" alt=\"\" itemprop=\"image\" srcset=\"https:\/\/gruene-eichstaett.de\/denkendorf-stammham\/wp-content\/uploads\/sites\/3\/2026\/04\/Wald-1.jpg 2048w, https:\/\/gruene-eichstaett.de\/denkendorf-stammham\/wp-content\/uploads\/sites\/3\/2026\/04\/Wald-1-300x200.jpg 300w, https:\/\/gruene-eichstaett.de\/denkendorf-stammham\/wp-content\/uploads\/sites\/3\/2026\/04\/Wald-1-1024x683.jpg 1024w, https:\/\/gruene-eichstaett.de\/denkendorf-stammham\/wp-content\/uploads\/sites\/3\/2026\/04\/Wald-1-768x512.jpg 768w, https:\/\/gruene-eichstaett.de\/denkendorf-stammham\/wp-content\/uploads\/sites\/3\/2026\/04\/Wald-1-1536x1024.jpg 1536w\" sizes=\"auto, (max-width: 2048px) 100vw, 2048px\" \/><\/a>\t\t<\/div>\n\t\t\t\t\t\t\t\t<div class=\"wp-show-posts-entry-summary\" itemprop=\"text\">\n\t\t\t\t\t\t\t<p>Auf einer ca. 2-st\u00fcndigen Waldwanderung (ca. 4 km) werden wir von Herrn Hubert Krenzler, vom Forstamt Ingolstadt die Geschichte des Neuhaus, seine Entwicklung im Laufe der Jahrhunderte und die heute&#8230;<\/p>\n\t\t\t\t\t\t<\/div><!-- .entry-summary -->\n\t\t\t\t\t<\/div><!-- wp-show-posts-inner --><\/article><article class=\" wp-show-posts-single post-485 post type-post status-publish format-standard has-post-thumbnail hentry category-allgemein wpsp-col-6\" itemtype=\"http:\/\/schema.org\/CreativeWork\" itemscope><div class=\"wp-show-posts-inner\" style=\"\">\t\t\t\t\t\t<header class=\"wp-show-posts-entry-header\">\n\t\t\t\t\t\t\t<h2 class=\"wp-show-posts-entry-title\" itemprop=\"headline\"><a href=\"https:\/\/gruene-eichstaett.de\/denkendorf-stammham\/elektromobilitaet-fakten-und-kontext-zu-haeufig-gestellten-fragen\/\" rel=\"bookmark\">Elektromobilit\u00e4t &#8211; Fakten und Kontext zu h\u00e4ufig gestellten Fragen<\/a><\/h2><div class=\"wp-show-posts-entry-meta wp-show-posts-entry-meta-below-title post-meta-inline\"><span class=\"wp-show-posts-posted-on wp-show-posts-meta\">\n\t\t\t\t\t<a href=\"https:\/\/gruene-eichstaett.de\/denkendorf-stammham\/elektromobilitaet-fakten-und-kontext-zu-haeufig-gestellten-fragen\/\" title=\"17:03\" rel=\"bookmark\"><time class=\"wp-show-posts-entry-date published\" datetime=\"2024-12-31T17:03:48+01:00\" itemprop=\"datePublished\">31. Dezember 2024<\/time><time class=\"wp-show-posts-updated\" datetime=\"2024-12-31T17:40:47+01:00\" itemprop=\"dateModified\">31. Dezember 2024<\/time><\/a>\n\t\t\t\t<\/span><\/div>\t\t\t\t\t\t<\/header><!-- .entry-header -->\n\t\t\t\t\t\t\t<div class=\"wp-show-posts-image  wpsp-image-center \">\n\t\t\t<a href=\"https:\/\/gruene-eichstaett.de\/denkendorf-stammham\/elektromobilitaet-fakten-und-kontext-zu-haeufig-gestellten-fragen\/\"  title=\"Elektromobilit\u00e4t &#8211; Fakten und Kontext zu h\u00e4ufig gestellten Fragen\"><img loading=\"lazy\" decoding=\"async\" width=\"612\" height=\"367\" src=\"https:\/\/gruene-eichstaett.de\/denkendorf-stammham\/wp-content\/uploads\/sites\/3\/2024\/12\/image1.jpeg\" class=\"attachment-full size-full wp-post-image\" alt=\"\" itemprop=\"image\" srcset=\"https:\/\/gruene-eichstaett.de\/denkendorf-stammham\/wp-content\/uploads\/sites\/3\/2024\/12\/image1.jpeg 612w, https:\/\/gruene-eichstaett.de\/denkendorf-stammham\/wp-content\/uploads\/sites\/3\/2024\/12\/image1-300x180.jpeg 300w\" sizes=\"auto, (max-width: 612px) 100vw, 612px\" \/><\/a>\t\t<\/div>\n\t\t\t\t\t\t\t\t<div class=\"wp-show-posts-entry-summary\" itemprop=\"text\">\n\t\t\t\t\t\t\t<p>Dr. Andreas Braun zeigt Fakten und Hintergrundinformationen \u00fcber die Elektromobilit\u00e4t auf und freut sich \u00fcber die Fragen aus dem Publikum und die entstehenden Diskussionen. Der Vortrag soll helfen, das verf\u00fcgbare&#8230;<\/p>\n\t\t\t\t\t\t<\/div><!-- .entry-summary -->\n\t\t\t\t\t<\/div><!-- wp-show-posts-inner --><\/article><article class=\" wp-show-posts-single post-492 post type-post status-publish format-standard has-post-thumbnail hentry category-allgemein wpsp-col-6\" itemtype=\"http:\/\/schema.org\/CreativeWork\" itemscope><div class=\"wp-show-posts-inner\" style=\"\">\t\t\t\t\t\t<header class=\"wp-show-posts-entry-header\">\n\t\t\t\t\t\t\t<h2 class=\"wp-show-posts-entry-title\" itemprop=\"headline\"><a href=\"https:\/\/gruene-eichstaett.de\/denkendorf-stammham\/batzenhaus-schutzengelheim-muettergenesungsheim\/\" rel=\"bookmark\">Batzenhaus-Schutzengelheim-M\u00fcttergenesungsheim<\/a><\/h2><div class=\"wp-show-posts-entry-meta wp-show-posts-entry-meta-below-title post-meta-inline\"><span class=\"wp-show-posts-posted-on wp-show-posts-meta\">\n\t\t\t\t\t<a href=\"https:\/\/gruene-eichstaett.de\/denkendorf-stammham\/batzenhaus-schutzengelheim-muettergenesungsheim\/\" title=\"14:07\" rel=\"bookmark\"><time class=\"wp-show-posts-entry-date published\" datetime=\"2024-12-31T14:07:39+01:00\" itemprop=\"datePublished\">31. Dezember 2024<\/time><time class=\"wp-show-posts-updated\" datetime=\"2024-12-31T17:47:39+01:00\" itemprop=\"dateModified\">31. Dezember 2024<\/time><\/a>\n\t\t\t\t<\/span><\/div>\t\t\t\t\t\t<\/header><!-- .entry-header -->\n\t\t\t\t\t\t\t<div class=\"wp-show-posts-image  wpsp-image-center \">\n\t\t\t<a href=\"https:\/\/gruene-eichstaett.de\/denkendorf-stammham\/batzenhaus-schutzengelheim-muettergenesungsheim\/\"  title=\"Batzenhaus-Schutzengelheim-M\u00fcttergenesungsheim\"><img loading=\"lazy\" decoding=\"async\" width=\"2304\" height=\"1092\" src=\"https:\/\/gruene-eichstaett.de\/denkendorf-stammham\/wp-content\/uploads\/sites\/3\/2024\/12\/1000000075.jpg\" class=\"attachment-full size-full wp-post-image\" alt=\"\" itemprop=\"image\" srcset=\"https:\/\/gruene-eichstaett.de\/denkendorf-stammham\/wp-content\/uploads\/sites\/3\/2024\/12\/1000000075.jpg 2304w, https:\/\/gruene-eichstaett.de\/denkendorf-stammham\/wp-content\/uploads\/sites\/3\/2024\/12\/1000000075-300x142.jpg 300w, https:\/\/gruene-eichstaett.de\/denkendorf-stammham\/wp-content\/uploads\/sites\/3\/2024\/12\/1000000075-1024x485.jpg 1024w, https:\/\/gruene-eichstaett.de\/denkendorf-stammham\/wp-content\/uploads\/sites\/3\/2024\/12\/1000000075-768x364.jpg 768w, https:\/\/gruene-eichstaett.de\/denkendorf-stammham\/wp-content\/uploads\/sites\/3\/2024\/12\/1000000075-1536x728.jpg 1536w, https:\/\/gruene-eichstaett.de\/denkendorf-stammham\/wp-content\/uploads\/sites\/3\/2024\/12\/1000000075-2048x971.jpg 2048w\" sizes=\"auto, (max-width: 2304px) 100vw, 2304px\" \/><\/a>\t\t<\/div>\n\t\t\t\t\t\t\t\t<div class=\"wp-show-posts-entry-summary\" itemprop=\"text\">\n\t\t\t\t\t\t\t<p>Der Name \u201eBatzenhaus\u201c stammt von seiner fr\u00fcheren Funktion als Zollstation an der Grenze zwischen Bayern und dem Hochstift Eichst\u00e4tt. Nach der S\u00e4kularisation 1803 verlor es diese Bedeutung. Sp\u00e4ter diente es&#8230;<\/p>\n\t\t\t\t\t\t<\/div><!-- .entry-summary -->\n\t\t\t\t\t<\/div><!-- wp-show-posts-inner --><\/article><article class=\" wp-show-posts-single post-497 post type-post status-publish format-standard has-post-thumbnail hentry category-allgemein wpsp-col-6\" itemtype=\"http:\/\/schema.org\/CreativeWork\" itemscope><div class=\"wp-show-posts-inner\" style=\"\">\t\t\t\t\t\t<header class=\"wp-show-posts-entry-header\">\n\t\t\t\t\t\t\t<h2 class=\"wp-show-posts-entry-title\" itemprop=\"headline\"><a href=\"https:\/\/gruene-eichstaett.de\/denkendorf-stammham\/biolandhof-unholzer\/\" rel=\"bookmark\">Biolandhof Unholzer<\/a><\/h2><div class=\"wp-show-posts-entry-meta wp-show-posts-entry-meta-below-title post-meta-inline\"><span class=\"wp-show-posts-posted-on wp-show-posts-meta\">\n\t\t\t\t\t<a href=\"https:\/\/gruene-eichstaett.de\/denkendorf-stammham\/biolandhof-unholzer\/\" title=\"13:12\" rel=\"bookmark\"><time class=\"wp-show-posts-entry-date published\" datetime=\"2024-12-31T13:12:19+01:00\" itemprop=\"datePublished\">31. Dezember 2024<\/time><time class=\"wp-show-posts-updated\" datetime=\"2024-12-31T17:47:32+01:00\" itemprop=\"dateModified\">31. Dezember 2024<\/time><\/a>\n\t\t\t\t<\/span><\/div>\t\t\t\t\t\t<\/header><!-- .entry-header -->\n\t\t\t\t\t\t\t<div class=\"wp-show-posts-image  wpsp-image-center \">\n\t\t\t<a href=\"https:\/\/gruene-eichstaett.de\/denkendorf-stammham\/biolandhof-unholzer\/\"  title=\"Biolandhof Unholzer\"><img loading=\"lazy\" decoding=\"async\" width=\"225\" height=\"225\" src=\"https:\/\/gruene-eichstaett.de\/denkendorf-stammham\/wp-content\/uploads\/sites\/3\/2024\/12\/unholzer02.jpg\" class=\"attachment-full size-full wp-post-image\" alt=\"\" itemprop=\"image\" srcset=\"https:\/\/gruene-eichstaett.de\/denkendorf-stammham\/wp-content\/uploads\/sites\/3\/2024\/12\/unholzer02.jpg 225w, https:\/\/gruene-eichstaett.de\/denkendorf-stammham\/wp-content\/uploads\/sites\/3\/2024\/12\/unholzer02-150x150.jpg 150w\" sizes=\"auto, (max-width: 225px) 100vw, 225px\" \/><\/a>\t\t<\/div>\n\t\t\t\t\t\t\t\t<div class=\"wp-show-posts-entry-summary\" itemprop=\"text\">\n\t\t\t\t\t\t\t<p>Robust, gutm\u00fctig, urt\u00fcmlich und wundersch\u00f6n anzusehen. Das ist das Schottische Hochlandrind, auch Highland Castle genannt. Seit Herbst 2020 lebt eine kleine Herde Schottischer Hochlandrinder auf dem Biobauernhof der Familie Unholzer&#8230;<\/p>\n\t\t\t\t\t\t<\/div><!-- .entry-summary -->\n\t\t\t\t\t<\/div><!-- wp-show-posts-inner --><\/article><article class=\" wp-show-posts-single post-504 post type-post status-publish format-standard has-post-thumbnail hentry category-allgemein wpsp-col-6\" itemtype=\"http:\/\/schema.org\/CreativeWork\" itemscope><div class=\"wp-show-posts-inner\" style=\"\">\t\t\t\t\t\t<header class=\"wp-show-posts-entry-header\">\n\t\t\t\t\t\t\t<h2 class=\"wp-show-posts-entry-title\" itemprop=\"headline\"><a href=\"https:\/\/gruene-eichstaett.de\/denkendorf-stammham\/sichtschutz-und-naturschutz\/\" rel=\"bookmark\">Sichtschutz und Naturschutz<\/a><\/h2><div class=\"wp-show-posts-entry-meta wp-show-posts-entry-meta-below-title post-meta-inline\"><span class=\"wp-show-posts-posted-on wp-show-posts-meta\">\n\t\t\t\t\t<a href=\"https:\/\/gruene-eichstaett.de\/denkendorf-stammham\/sichtschutz-und-naturschutz\/\" title=\"12:18\" rel=\"bookmark\"><time class=\"wp-show-posts-entry-date published\" datetime=\"2024-12-31T12:18:30+01:00\" itemprop=\"datePublished\">31. Dezember 2024<\/time><time class=\"wp-show-posts-updated\" datetime=\"2024-12-31T17:47:13+01:00\" itemprop=\"dateModified\">31. Dezember 2024<\/time><\/a>\n\t\t\t\t<\/span><\/div>\t\t\t\t\t\t<\/header><!-- .entry-header -->\n\t\t\t\t\t\t\t<div class=\"wp-show-posts-image  wpsp-image-center \">\n\t\t\t<a href=\"https:\/\/gruene-eichstaett.de\/denkendorf-stammham\/sichtschutz-und-naturschutz\/\"  title=\"Sichtschutz und Naturschutz\"><img loading=\"lazy\" decoding=\"async\" width=\"638\" height=\"478\" src=\"https:\/\/gruene-eichstaett.de\/denkendorf-stammham\/wp-content\/uploads\/sites\/3\/2024\/12\/hecke01.jpg\" class=\"attachment-full size-full wp-post-image\" alt=\"\" itemprop=\"image\" srcset=\"https:\/\/gruene-eichstaett.de\/denkendorf-stammham\/wp-content\/uploads\/sites\/3\/2024\/12\/hecke01.jpg 638w, https:\/\/gruene-eichstaett.de\/denkendorf-stammham\/wp-content\/uploads\/sites\/3\/2024\/12\/hecke01-300x225.jpg 300w\" sizes=\"auto, (max-width: 638px) 100vw, 638px\" \/><\/a>\t\t<\/div>\n\t\t\t\t\t\t\t\t<div class=\"wp-show-posts-entry-summary\" itemprop=\"text\">\n\t\t\t\t\t\t\t<p>Heckenpflanzen f\u00fcr kleine bis gro\u00dfe G\u00e4rten. Es muss nicht immer die Formhecke sein. Der Sieger f\u00fcr Faule G\u00e4rtner ist das Wildobst. Lernen sie Wildobst in seiner gro\u00dfen Vielfalt kennen &#8211;&#8230;<\/p>\n\t\t\t\t\t\t<\/div><!-- .entry-summary -->\n\t\t\t\t\t<\/div><!-- wp-show-posts-inner --><\/article><article class=\" wp-show-posts-single post-405 post type-post status-publish format-standard has-post-thumbnail hentry category-allgemein wpsp-col-6\" itemtype=\"http:\/\/schema.org\/CreativeWork\" itemscope><div class=\"wp-show-posts-inner\" style=\"\">\t\t\t\t\t\t<header class=\"wp-show-posts-entry-header\">\n\t\t\t\t\t\t\t<h2 class=\"wp-show-posts-entry-title\" itemprop=\"headline\"><a href=\"https:\/\/gruene-eichstaett.de\/denkendorf-stammham\/ausstellung-zur-e-mobilitaet-e-motion-anstatt-e-mission\/\" rel=\"bookmark\">Ausstellung zur E-Mobilit\u00e4t: &#8222;E-motion anstatt E-mission&#8220;<\/a><\/h2><div class=\"wp-show-posts-entry-meta wp-show-posts-entry-meta-below-title post-meta-inline\"><span class=\"wp-show-posts-posted-on wp-show-posts-meta\">\n\t\t\t\t\t<a href=\"https:\/\/gruene-eichstaett.de\/denkendorf-stammham\/ausstellung-zur-e-mobilitaet-e-motion-anstatt-e-mission\/\" title=\"23:10\" rel=\"bookmark\"><time class=\"wp-show-posts-entry-date published\" datetime=\"2024-09-20T23:10:11+02:00\" itemprop=\"datePublished\">20. September 2024<\/time><time class=\"wp-show-posts-updated\" datetime=\"2024-11-12T22:07:13+01:00\" itemprop=\"dateModified\">12. November 2024<\/time><\/a>\n\t\t\t\t<\/span><\/div>\t\t\t\t\t\t<\/header><!-- .entry-header -->\n\t\t\t\t\t\t\t<div class=\"wp-show-posts-image  wpsp-image-center \">\n\t\t\t<a href=\"https:\/\/gruene-eichstaett.de\/denkendorf-stammham\/ausstellung-zur-e-mobilitaet-e-motion-anstatt-e-mission\/\"  title=\"Ausstellung zur E-Mobilit\u00e4t: &#8222;E-motion anstatt E-mission&#8220;\"><img loading=\"lazy\" decoding=\"async\" width=\"2560\" height=\"1707\" src=\"https:\/\/gruene-eichstaett.de\/denkendorf-stammham\/wp-content\/uploads\/sites\/3\/2024\/11\/10-IMG_1646-scaled.jpg\" class=\"attachment-full size-full wp-post-image\" alt=\"\" itemprop=\"image\" srcset=\"https:\/\/gruene-eichstaett.de\/denkendorf-stammham\/wp-content\/uploads\/sites\/3\/2024\/11\/10-IMG_1646-scaled.jpg 2560w, https:\/\/gruene-eichstaett.de\/denkendorf-stammham\/wp-content\/uploads\/sites\/3\/2024\/11\/10-IMG_1646-300x200.jpg 300w, https:\/\/gruene-eichstaett.de\/denkendorf-stammham\/wp-content\/uploads\/sites\/3\/2024\/11\/10-IMG_1646-1024x683.jpg 1024w, https:\/\/gruene-eichstaett.de\/denkendorf-stammham\/wp-content\/uploads\/sites\/3\/2024\/11\/10-IMG_1646-768x512.jpg 768w, https:\/\/gruene-eichstaett.de\/denkendorf-stammham\/wp-content\/uploads\/sites\/3\/2024\/11\/10-IMG_1646-1536x1024.jpg 1536w, https:\/\/gruene-eichstaett.de\/denkendorf-stammham\/wp-content\/uploads\/sites\/3\/2024\/11\/10-IMG_1646-2048x1365.jpg 2048w\" sizes=\"auto, (max-width: 2560px) 100vw, 2560px\" \/><\/a>\t\t<\/div>\n\t\t\t\t\t\t\t\t<div class=\"wp-show-posts-entry-summary\" itemprop=\"text\">\n\t\t\t\t\t\t\t<p>Der Ortsverband der Gr\u00fcnen Denkendorf-Stammham veranstaltete auf dem Biohof Meier in Denkendorf vom 30.08 bis 20.09.2024 eine Ausstellung von Bayern Innovativ zum Thema &#8222;Eletromobilit\u00e4t&#8220;. An drei Wochenenden bot die Wanderausstellung&#8230;<\/p>\n\t\t\t\t\t\t<\/div><!-- .entry-summary -->\n\t\t\t\t\t<\/div><!-- wp-show-posts-inner --><\/article><article class=\" wp-show-posts-single post-513 post type-post status-publish format-standard has-post-thumbnail hentry category-allgemein wpsp-col-6\" itemtype=\"http:\/\/schema.org\/CreativeWork\" itemscope><div class=\"wp-show-posts-inner\" style=\"\">\t\t\t\t\t\t<header class=\"wp-show-posts-entry-header\">\n\t\t\t\t\t\t\t<h2 class=\"wp-show-posts-entry-title\" itemprop=\"headline\"><a href=\"https:\/\/gruene-eichstaett.de\/denkendorf-stammham\/strausse-waren-in-unseren-breitengraden-schon-einmal-heimisch\/\" rel=\"bookmark\">Strau\u00dfe waren in unseren Breitengraden schon einmal heimisch<\/a><\/h2><div class=\"wp-show-posts-entry-meta wp-show-posts-entry-meta-below-title post-meta-inline\"><span class=\"wp-show-posts-posted-on wp-show-posts-meta\">\n\t\t\t\t\t<a href=\"https:\/\/gruene-eichstaett.de\/denkendorf-stammham\/strausse-waren-in-unseren-breitengraden-schon-einmal-heimisch\/\" title=\"12:28\" rel=\"bookmark\"><time class=\"wp-show-posts-entry-date published\" datetime=\"2024-07-08T12:28:55+02:00\" itemprop=\"datePublished\">8. Juli 2024<\/time><time class=\"wp-show-posts-updated\" datetime=\"2025-01-01T12:30:03+01:00\" itemprop=\"dateModified\">1. Januar 2025<\/time><\/a>\n\t\t\t\t<\/span><\/div>\t\t\t\t\t\t<\/header><!-- .entry-header -->\n\t\t\t\t\t\t\t<div class=\"wp-show-posts-image  wpsp-image-center \">\n\t\t\t<a href=\"https:\/\/gruene-eichstaett.de\/denkendorf-stammham\/strausse-waren-in-unseren-breitengraden-schon-einmal-heimisch\/\"  title=\"Strau\u00dfe waren in unseren Breitengraden schon einmal heimisch\"><img loading=\"lazy\" decoding=\"async\" width=\"2048\" height=\"1365\" src=\"https:\/\/gruene-eichstaett.de\/denkendorf-stammham\/wp-content\/uploads\/sites\/3\/2025\/01\/straussenfarm01.jpg\" class=\"attachment-full size-full wp-post-image\" alt=\"\" itemprop=\"image\" srcset=\"https:\/\/gruene-eichstaett.de\/denkendorf-stammham\/wp-content\/uploads\/sites\/3\/2025\/01\/straussenfarm01.jpg 2048w, https:\/\/gruene-eichstaett.de\/denkendorf-stammham\/wp-content\/uploads\/sites\/3\/2025\/01\/straussenfarm01-300x200.jpg 300w, https:\/\/gruene-eichstaett.de\/denkendorf-stammham\/wp-content\/uploads\/sites\/3\/2025\/01\/straussenfarm01-1024x683.jpg 1024w, https:\/\/gruene-eichstaett.de\/denkendorf-stammham\/wp-content\/uploads\/sites\/3\/2025\/01\/straussenfarm01-768x512.jpg 768w, https:\/\/gruene-eichstaett.de\/denkendorf-stammham\/wp-content\/uploads\/sites\/3\/2025\/01\/straussenfarm01-1536x1024.jpg 1536w\" sizes=\"auto, (max-width: 2048px) 100vw, 2048px\" \/><\/a>\t\t<\/div>\n\t\t\t\t\t\t\t\t<div class=\"wp-show-posts-entry-summary\" itemprop=\"text\">\n\t\t\t\t\t\t\t<p>B\u00fcndnis 90 die Gr\u00fcnen Denkendorf Stammham veranstalteten am 05.07.2024 einen Besuch der Strau\u00dfenfarm Zimmermann in Gelbelsee Wer sich mit der Geschichte der Strau\u00dfes befasst, merkt dass diese V\u00f6gel ihren Ursprung&#8230;<\/p>\n\t\t\t\t\t\t<\/div><!-- .entry-summary -->\n\t\t\t\t\t<\/div><!-- wp-show-posts-inner --><\/article><article class=\" wp-show-posts-single post-361 post type-post status-publish format-standard has-post-thumbnail hentry category-allgemein wpsp-col-6\" itemtype=\"http:\/\/schema.org\/CreativeWork\" itemscope><div class=\"wp-show-posts-inner\" style=\"\">\t\t\t\t\t\t<header class=\"wp-show-posts-entry-header\">\n\t\t\t\t\t\t\t<h2 class=\"wp-show-posts-entry-title\" itemprop=\"headline\"><a href=\"https:\/\/gruene-eichstaett.de\/denkendorf-stammham\/energiewende-in-regionaler-buergerhand-09-04-2024\/\" rel=\"bookmark\">Energiewende in regionaler B\u00fcrgerhand, 09.04.2024<\/a><\/h2><div class=\"wp-show-posts-entry-meta wp-show-posts-entry-meta-below-title post-meta-inline\"><span class=\"wp-show-posts-posted-on wp-show-posts-meta\">\n\t\t\t\t\t<a href=\"https:\/\/gruene-eichstaett.de\/denkendorf-stammham\/energiewende-in-regionaler-buergerhand-09-04-2024\/\" title=\"23:51\" rel=\"bookmark\"><time class=\"wp-show-posts-entry-date published\" datetime=\"2024-05-06T23:51:12+02:00\" itemprop=\"datePublished\">6. Mai 2024<\/time><\/a>\n\t\t\t\t<\/span><\/div>\t\t\t\t\t\t<\/header><!-- .entry-header -->\n\t\t\t\t\t\t\t<div class=\"wp-show-posts-image  wpsp-image-center \">\n\t\t\t<a href=\"https:\/\/gruene-eichstaett.de\/denkendorf-stammham\/energiewende-in-regionaler-buergerhand-09-04-2024\/\"  title=\"Energiewende in regionaler B\u00fcrgerhand, 09.04.2024\"><img loading=\"lazy\" decoding=\"async\" width=\"2560\" height=\"1707\" src=\"https:\/\/gruene-eichstaett.de\/denkendorf-stammham\/wp-content\/uploads\/sites\/3\/2024\/05\/IMG_7377-scaled.jpg\" class=\"attachment-full size-full wp-post-image\" alt=\"\" itemprop=\"image\" srcset=\"https:\/\/gruene-eichstaett.de\/denkendorf-stammham\/wp-content\/uploads\/sites\/3\/2024\/05\/IMG_7377-scaled.jpg 2560w, https:\/\/gruene-eichstaett.de\/denkendorf-stammham\/wp-content\/uploads\/sites\/3\/2024\/05\/IMG_7377-300x200.jpg 300w, https:\/\/gruene-eichstaett.de\/denkendorf-stammham\/wp-content\/uploads\/sites\/3\/2024\/05\/IMG_7377-1024x683.jpg 1024w, https:\/\/gruene-eichstaett.de\/denkendorf-stammham\/wp-content\/uploads\/sites\/3\/2024\/05\/IMG_7377-768x512.jpg 768w, https:\/\/gruene-eichstaett.de\/denkendorf-stammham\/wp-content\/uploads\/sites\/3\/2024\/05\/IMG_7377-1536x1024.jpg 1536w, https:\/\/gruene-eichstaett.de\/denkendorf-stammham\/wp-content\/uploads\/sites\/3\/2024\/05\/IMG_7377-2048x1365.jpg 2048w\" sizes=\"auto, (max-width: 2560px) 100vw, 2560px\" \/><\/a>\t\t<\/div>\n\t\t\t\t\t\t\t\t<div class=\"wp-show-posts-entry-summary\" itemprop=\"text\">\n\t\t\t\t\t\t\t<p>\u201eDie Energieherstellung muss in der Hand der B\u00fcrger, nicht der Gro\u00dfkonzerne und der Staaten liegen.\u201c (Zitat: Prof. Dr. Hans-Peter D\u00fcrr, Physiker und Gr\u00fcnder der Initiative Global Challenges Network) Im Sport-&#8230;<\/p>\n\t\t\t\t\t\t<\/div><!-- .entry-summary -->\n\t\t\t\t\t<\/div><!-- wp-show-posts-inner --><\/article><div class=\"wpsp-clear\"><\/div><\/section><!-- .wp-show-posts -->\n","protected":false},"excerpt":{"rendered":"","protected":false},"author":2,"featured_media":0,"parent":0,"menu_order":0,"comment_status":"closed","ping_status":"closed","template":"","meta":{"footnotes":""},"class_list":["post-43","page","type-page","status-publish","hentry"],"yoast_head":"<!-- This site is optimized with the Yoast SEO plugin v27.4 - https:\/\/yoast.com\/product\/yoast-seo-wordpress\/ -->\n<title>home - B\u00dcNDNIS 90\/DIE GR\u00dcNEN<\/title>\n<meta name=\"robots\" content=\"index, follow, max-snippet:-1, max-image-preview:large, max-video-preview:-1\" \/>\n<link rel=\"canonical\" href=\"https:\/\/gruene-eichstaett.de\/denkendorf-stammham\/\" \/>\n<meta property=\"og:locale\" content=\"de_DE\" \/>\n<meta property=\"og:type\" content=\"article\" \/>\n<meta property=\"og:title\" content=\"home - B\u00dcNDNIS 90\/DIE GR\u00dcNEN\" \/>\n<meta property=\"og:url\" content=\"https:\/\/gruene-eichstaett.de\/denkendorf-stammham\/\" \/>\n<meta property=\"og:site_name\" content=\"B\u00dcNDNIS 90\/DIE GR\u00dcNEN\" \/>\n<meta property=\"article:modified_time\" content=\"2021-12-26T13:07:27+00:00\" \/>\n<meta property=\"og:image\" content=\"http:\/\/gruene-eichstaett.de\/denkendorf\/wp-content\/uploads\/sites\/3\/2021\/12\/Pano_Denkendorf_Drohne-1024x334.png\" \/>\n<meta name=\"twitter:card\" content=\"summary_large_image\" \/>\n<script type=\"application\/ld+json\" class=\"yoast-schema-graph\">{\"@context\":\"https:\\\/\\\/schema.org\",\"@graph\":[{\"@type\":\"WebPage\",\"@id\":\"https:\\\/\\\/gruene-eichstaett.de\\\/denkendorf-stammham\\\/\",\"url\":\"https:\\\/\\\/gruene-eichstaett.de\\\/denkendorf-stammham\\\/\",\"name\":\"home - B\u00dcNDNIS 90\\\/DIE GR\u00dcNEN\",\"isPartOf\":{\"@id\":\"https:\\\/\\\/gruene-eichstaett.de\\\/denkendorf-stammham\\\/#website\"},\"primaryImageOfPage\":{\"@id\":\"https:\\\/\\\/gruene-eichstaett.de\\\/denkendorf-stammham\\\/#primaryimage\"},\"image\":{\"@id\":\"https:\\\/\\\/gruene-eichstaett.de\\\/denkendorf-stammham\\\/#primaryimage\"},\"thumbnailUrl\":\"http:\\\/\\\/gruene-eichstaett.de\\\/denkendorf\\\/wp-content\\\/uploads\\\/sites\\\/3\\\/2021\\\/12\\\/Pano_Denkendorf_Drohne-1024x334.png\",\"datePublished\":\"2021-12-20T16:25:56+00:00\",\"dateModified\":\"2021-12-26T13:07:27+00:00\",\"breadcrumb\":{\"@id\":\"https:\\\/\\\/gruene-eichstaett.de\\\/denkendorf-stammham\\\/#breadcrumb\"},\"inLanguage\":\"de\",\"potentialAction\":[{\"@type\":\"ReadAction\",\"target\":[\"https:\\\/\\\/gruene-eichstaett.de\\\/denkendorf-stammham\\\/\"]}]},{\"@type\":\"ImageObject\",\"inLanguage\":\"de\",\"@id\":\"https:\\\/\\\/gruene-eichstaett.de\\\/denkendorf-stammham\\\/#primaryimage\",\"url\":\"http:\\\/\\\/gruene-eichstaett.de\\\/denkendorf\\\/wp-content\\\/uploads\\\/sites\\\/3\\\/2021\\\/12\\\/Pano_Denkendorf_Drohne-1024x334.png\",\"contentUrl\":\"http:\\\/\\\/gruene-eichstaett.de\\\/denkendorf\\\/wp-content\\\/uploads\\\/sites\\\/3\\\/2021\\\/12\\\/Pano_Denkendorf_Drohne-1024x334.png\"},{\"@type\":\"BreadcrumbList\",\"@id\":\"https:\\\/\\\/gruene-eichstaett.de\\\/denkendorf-stammham\\\/#breadcrumb\",\"itemListElement\":[{\"@type\":\"ListItem\",\"position\":1,\"name\":\"Startseite\",\"item\":\"https:\\\/\\\/gruene-eichstaett.de\\\/denkendorf-stammham\\\/\"},{\"@type\":\"ListItem\",\"position\":2,\"name\":\"home\"}]},{\"@type\":\"WebSite\",\"@id\":\"https:\\\/\\\/gruene-eichstaett.de\\\/denkendorf-stammham\\\/#website\",\"url\":\"https:\\\/\\\/gruene-eichstaett.de\\\/denkendorf-stammham\\\/\",\"name\":\"B\u00dcNDNIS 90\\\/DIE GR\u00dcNEN\",\"description\":\"in den Gemeinden Denkendorf und Stammham\",\"publisher\":{\"@id\":\"https:\\\/\\\/gruene-eichstaett.de\\\/denkendorf-stammham\\\/#organization\"},\"potentialAction\":[{\"@type\":\"SearchAction\",\"target\":{\"@type\":\"EntryPoint\",\"urlTemplate\":\"https:\\\/\\\/gruene-eichstaett.de\\\/denkendorf-stammham\\\/?s={search_term_string}\"},\"query-input\":{\"@type\":\"PropertyValueSpecification\",\"valueRequired\":true,\"valueName\":\"search_term_string\"}}],\"inLanguage\":\"de\"},{\"@type\":\"Organization\",\"@id\":\"https:\\\/\\\/gruene-eichstaett.de\\\/denkendorf-stammham\\\/#organization\",\"name\":\"B\u00dcNDNIS 90\\\/DIE GR\u00dcNEN\",\"url\":\"https:\\\/\\\/gruene-eichstaett.de\\\/denkendorf-stammham\\\/\",\"logo\":{\"@type\":\"ImageObject\",\"inLanguage\":\"de\",\"@id\":\"https:\\\/\\\/gruene-eichstaett.de\\\/denkendorf-stammham\\\/#\\\/schema\\\/logo\\\/image\\\/\",\"url\":\"https:\\\/\\\/gruene-eichstaett.de\\\/denkendorf\\\/wp-content\\\/uploads\\\/sites\\\/3\\\/2021\\\/12\\\/Profilbild-Sonenblume.png\",\"contentUrl\":\"https:\\\/\\\/gruene-eichstaett.de\\\/denkendorf\\\/wp-content\\\/uploads\\\/sites\\\/3\\\/2021\\\/12\\\/Profilbild-Sonenblume.png\",\"width\":500,\"height\":500,\"caption\":\"B\u00dcNDNIS 90\\\/DIE GR\u00dcNEN\"},\"image\":{\"@id\":\"https:\\\/\\\/gruene-eichstaett.de\\\/denkendorf-stammham\\\/#\\\/schema\\\/logo\\\/image\\\/\"}}]}<\/script>\n<!-- \/ Yoast SEO plugin. -->","yoast_head_json":{"title":"home - B\u00dcNDNIS 90\/DIE GR\u00dcNEN","robots":{"index":"index","follow":"follow","max-snippet":"max-snippet:-1","max-image-preview":"max-image-preview:large","max-video-preview":"max-video-preview:-1"},"canonical":"https:\/\/gruene-eichstaett.de\/denkendorf-stammham\/","og_locale":"de_DE","og_type":"article","og_title":"home - B\u00dcNDNIS 90\/DIE GR\u00dcNEN","og_url":"https:\/\/gruene-eichstaett.de\/denkendorf-stammham\/","og_site_name":"B\u00dcNDNIS 90\/DIE GR\u00dcNEN","article_modified_time":"2021-12-26T13:07:27+00:00","og_image":[{"url":"http:\/\/gruene-eichstaett.de\/denkendorf\/wp-content\/uploads\/sites\/3\/2021\/12\/Pano_Denkendorf_Drohne-1024x334.png","type":"","width":"","height":""}],"twitter_card":"summary_large_image","schema":{"@context":"https:\/\/schema.org","@graph":[{"@type":"WebPage","@id":"https:\/\/gruene-eichstaett.de\/denkendorf-stammham\/","url":"https:\/\/gruene-eichstaett.de\/denkendorf-stammham\/","name":"home - B\u00dcNDNIS 90\/DIE GR\u00dcNEN","isPartOf":{"@id":"https:\/\/gruene-eichstaett.de\/denkendorf-stammham\/#website"},"primaryImageOfPage":{"@id":"https:\/\/gruene-eichstaett.de\/denkendorf-stammham\/#primaryimage"},"image":{"@id":"https:\/\/gruene-eichstaett.de\/denkendorf-stammham\/#primaryimage"},"thumbnailUrl":"http:\/\/gruene-eichstaett.de\/denkendorf\/wp-content\/uploads\/sites\/3\/2021\/12\/Pano_Denkendorf_Drohne-1024x334.png","datePublished":"2021-12-20T16:25:56+00:00","dateModified":"2021-12-26T13:07:27+00:00","breadcrumb":{"@id":"https:\/\/gruene-eichstaett.de\/denkendorf-stammham\/#breadcrumb"},"inLanguage":"de","potentialAction":[{"@type":"ReadAction","target":["https:\/\/gruene-eichstaett.de\/denkendorf-stammham\/"]}]},{"@type":"ImageObject","inLanguage":"de","@id":"https:\/\/gruene-eichstaett.de\/denkendorf-stammham\/#primaryimage","url":"http:\/\/gruene-eichstaett.de\/denkendorf\/wp-content\/uploads\/sites\/3\/2021\/12\/Pano_Denkendorf_Drohne-1024x334.png","contentUrl":"http:\/\/gruene-eichstaett.de\/denkendorf\/wp-content\/uploads\/sites\/3\/2021\/12\/Pano_Denkendorf_Drohne-1024x334.png"},{"@type":"BreadcrumbList","@id":"https:\/\/gruene-eichstaett.de\/denkendorf-stammham\/#breadcrumb","itemListElement":[{"@type":"ListItem","position":1,"name":"Startseite","item":"https:\/\/gruene-eichstaett.de\/denkendorf-stammham\/"},{"@type":"ListItem","position":2,"name":"home"}]},{"@type":"WebSite","@id":"https:\/\/gruene-eichstaett.de\/denkendorf-stammham\/#website","url":"https:\/\/gruene-eichstaett.de\/denkendorf-stammham\/","name":"B\u00dcNDNIS 90\/DIE GR\u00dcNEN","description":"in den Gemeinden Denkendorf und Stammham","publisher":{"@id":"https:\/\/gruene-eichstaett.de\/denkendorf-stammham\/#organization"},"potentialAction":[{"@type":"SearchAction","target":{"@type":"EntryPoint","urlTemplate":"https:\/\/gruene-eichstaett.de\/denkendorf-stammham\/?s={search_term_string}"},"query-input":{"@type":"PropertyValueSpecification","valueRequired":true,"valueName":"search_term_string"}}],"inLanguage":"de"},{"@type":"Organization","@id":"https:\/\/gruene-eichstaett.de\/denkendorf-stammham\/#organization","name":"B\u00dcNDNIS 90\/DIE GR\u00dcNEN","url":"https:\/\/gruene-eichstaett.de\/denkendorf-stammham\/","logo":{"@type":"ImageObject","inLanguage":"de","@id":"https:\/\/gruene-eichstaett.de\/denkendorf-stammham\/#\/schema\/logo\/image\/","url":"https:\/\/gruene-eichstaett.de\/denkendorf\/wp-content\/uploads\/sites\/3\/2021\/12\/Profilbild-Sonenblume.png","contentUrl":"https:\/\/gruene-eichstaett.de\/denkendorf\/wp-content\/uploads\/sites\/3\/2021\/12\/Profilbild-Sonenblume.png","width":500,"height":500,"caption":"B\u00dcNDNIS 90\/DIE GR\u00dcNEN"},"image":{"@id":"https:\/\/gruene-eichstaett.de\/denkendorf-stammham\/#\/schema\/logo\/image\/"}}]}},"_links":{"self":[{"href":"https:\/\/gruene-eichstaett.de\/denkendorf-stammham\/wp-json\/wp\/v2\/pages\/43","targetHints":{"allow":["GET"]}}],"collection":[{"href":"https:\/\/gruene-eichstaett.de\/denkendorf-stammham\/wp-json\/wp\/v2\/pages"}],"about":[{"href":"https:\/\/gruene-eichstaett.de\/denkendorf-stammham\/wp-json\/wp\/v2\/types\/page"}],"author":[{"embeddable":true,"href":"https:\/\/gruene-eichstaett.de\/denkendorf-stammham\/wp-json\/wp\/v2\/users\/2"}],"replies":[{"embeddable":true,"href":"https:\/\/gruene-eichstaett.de\/denkendorf-stammham\/wp-json\/wp\/v2\/comments?post=43"}],"version-history":[{"count":6,"href":"https:\/\/gruene-eichstaett.de\/denkendorf-stammham\/wp-json\/wp\/v2\/pages\/43\/revisions"}],"predecessor-version":[{"id":108,"href":"https:\/\/gruene-eichstaett.de\/denkendorf-stammham\/wp-json\/wp\/v2\/pages\/43\/revisions\/108"}],"wp:attachment":[{"href":"https:\/\/gruene-eichstaett.de\/denkendorf-stammham\/wp-json\/wp\/v2\/media?parent=43"}],"curies":[{"name":"wp","href":"https:\/\/api.w.org\/{rel}","templated":true}]}}