{"id":16,"date":"2021-12-03T01:17:25","date_gmt":"2021-12-03T00:17:25","guid":{"rendered":"https:\/\/gruene-eichstaett.de\/eichstaett\/?page_id=16"},"modified":"2026-01-25T20:56:31","modified_gmt":"2026-01-25T19:56:31","slug":"stadtraete","status":"publish","type":"page","link":"https:\/\/gruene-eichstaett.de\/eichstaett\/stadtraete\/","title":{"rendered":"Stadtr\u00e4tinnen &amp; -r\u00e4te"},"content":{"rendered":"\n<div style=\"height:31px\" aria-hidden=\"true\" class=\"wp-block-spacer\"><\/div>\n\n\n\n<div class=\"wp-block-columns is-layout-flex wp-container-core-columns-is-layout-9d6595d7 wp-block-columns-is-layout-flex\">\n<div class=\"wp-block-column is-layout-flow wp-block-column-is-layout-flow\">\n<figure class=\"wp-block-image size-full is-style-rounded\"><img loading=\"lazy\" decoding=\"async\" width=\"2560\" height=\"2560\" src=\"https:\/\/gruene-eichstaett.de\/eichstaett\/wp-content\/uploads\/sites\/12\/2026\/01\/Klaus_Bittlmayer-edited-scaled.jpg\" alt=\"\" class=\"wp-image-268\" srcset=\"https:\/\/gruene-eichstaett.de\/eichstaett\/wp-content\/uploads\/sites\/12\/2026\/01\/Klaus_Bittlmayer-edited-scaled.jpg 2560w, https:\/\/gruene-eichstaett.de\/eichstaett\/wp-content\/uploads\/sites\/12\/2026\/01\/Klaus_Bittlmayer-edited-300x300.jpg 300w, https:\/\/gruene-eichstaett.de\/eichstaett\/wp-content\/uploads\/sites\/12\/2026\/01\/Klaus_Bittlmayer-edited-1024x1024.jpg 1024w, https:\/\/gruene-eichstaett.de\/eichstaett\/wp-content\/uploads\/sites\/12\/2026\/01\/Klaus_Bittlmayer-edited-150x150.jpg 150w, https:\/\/gruene-eichstaett.de\/eichstaett\/wp-content\/uploads\/sites\/12\/2026\/01\/Klaus_Bittlmayer-edited-768x768.jpg 768w, https:\/\/gruene-eichstaett.de\/eichstaett\/wp-content\/uploads\/sites\/12\/2026\/01\/Klaus_Bittlmayer-edited-1536x1536.jpg 1536w, https:\/\/gruene-eichstaett.de\/eichstaett\/wp-content\/uploads\/sites\/12\/2026\/01\/Klaus_Bittlmayer-edited-2048x2048.jpg 2048w\" sizes=\"auto, (max-width: 2560px) 100vw, 2560px\" \/><\/figure>\n\n\n\n<div style=\"height:35px\" aria-hidden=\"true\" class=\"wp-block-spacer\"><\/div>\n<\/div>\n\n\n\n<div class=\"wp-block-column is-vertically-aligned-center is-layout-flow wp-block-column-is-layout-flow\">\n<h3 class=\"wp-block-heading\">Klaus Bittlmayer<\/h3>\n\n\n\n<p>Fraktionsvorsitzender<\/p>\n<\/div>\n<\/div>\n\n\n\n<p>Ich bin f\u00fcr Sie in folgenden Aussch\u00fcssen und Gremien t\u00e4tig:<\/p>\n\n\n\n<ul class=\"wp-block-list\">\n<li>Haupt- und Werksausschuss<\/li>\n\n\n\n<li>Ausschuss f\u00fcr Kultur, Freizeit und Fremdenverkehr (Stellvertreter)<\/li>\n\n\n\n<li>Haushalts- und Finanzausschuss<\/li>\n\n\n\n<li>Bau-, Planungs- und Umweltausschuss<\/li>\n\n\n\n<li>Ausschuss f\u00fcr gesellschaftliche Angelegenheiten (Stellvertreter)<\/li>\n\n\n\n<li>Beitrat f\u00fcr das Altenheim Heilig-Geist-Spital<\/li>\n\n\n\n<li>Beirat Kuratorium Haus der Jugend<\/li>\n<\/ul>\n\n\n\n<div style=\"height:30px\" aria-hidden=\"true\" class=\"wp-block-spacer\"><\/div>\n\n\n\n<div class=\"wp-block-columns is-layout-flex wp-container-core-columns-is-layout-9d6595d7 wp-block-columns-is-layout-flex\">\n<div class=\"wp-block-column is-layout-flow wp-block-column-is-layout-flow\">\n<figure class=\"wp-block-image size-large is-style-rounded\"><img loading=\"lazy\" decoding=\"async\" width=\"1825\" height=\"1826\" src=\"https:\/\/gruene-eichstaett.de\/eichstaett\/wp-content\/uploads\/sites\/12\/2026\/01\/Simone_Zink-edited.jpg\" alt=\"\" class=\"wp-image-270\" srcset=\"https:\/\/gruene-eichstaett.de\/eichstaett\/wp-content\/uploads\/sites\/12\/2026\/01\/Simone_Zink-edited.jpg 1825w, https:\/\/gruene-eichstaett.de\/eichstaett\/wp-content\/uploads\/sites\/12\/2026\/01\/Simone_Zink-edited-300x300.jpg 300w, https:\/\/gruene-eichstaett.de\/eichstaett\/wp-content\/uploads\/sites\/12\/2026\/01\/Simone_Zink-edited-1024x1024.jpg 1024w, https:\/\/gruene-eichstaett.de\/eichstaett\/wp-content\/uploads\/sites\/12\/2026\/01\/Simone_Zink-edited-150x150.jpg 150w, https:\/\/gruene-eichstaett.de\/eichstaett\/wp-content\/uploads\/sites\/12\/2026\/01\/Simone_Zink-edited-768x768.jpg 768w, https:\/\/gruene-eichstaett.de\/eichstaett\/wp-content\/uploads\/sites\/12\/2026\/01\/Simone_Zink-edited-1536x1536.jpg 1536w\" sizes=\"auto, (max-width: 1825px) 100vw, 1825px\" \/><\/figure>\n<\/div>\n\n\n\n<div class=\"wp-block-column is-vertically-aligned-center is-layout-flow wp-block-column-is-layout-flow\">\n<h3 class=\"wp-block-heading\">Simone Zink<\/h3>\n\n\n\n<p>stellvertretende Fraktionsvorsitzende<\/p>\n<\/div>\n<\/div>\n\n\n\n<div style=\"height:35px\" aria-hidden=\"true\" class=\"wp-block-spacer\"><\/div>\n\n\n\n<p>Ich bin f\u00fcr Sie in folgenden Aussch\u00fcssen und Gremien t\u00e4tig:<\/p>\n\n\n\n<ul class=\"wp-block-list\">\n<li>Ausschuss f\u00fcr Kultur, Freizeit und Fremdenverkehr<\/li>\n\n\n\n<li>Bau-, Planungs- und Umweltausschuss (Stellvertreterin)<\/li>\n\n\n\n<li>Beir\u00e4tin Kuratorium Haus der Jugend<\/li>\n\n\n\n<li>Haushalts- und Finanzausschuss (Stellvertreterin)<\/li>\n\n\n\n<li>Haupt- und Werksausschuss<\/li>\n\n\n\n<li>Beitrat f\u00fcr das Altenheim Heilig-Geist-Spital (Stellvertreterin)<\/li>\n\n\n\n<li>Ausschuss f\u00fcr gesellschaftliche Angelegenheiten<\/li>\n<\/ul>\n\n\n\n<div style=\"height:30px\" aria-hidden=\"true\" class=\"wp-block-spacer\"><\/div>\n\n\n\n<div class=\"wp-block-columns is-layout-flex wp-container-core-columns-is-layout-9d6595d7 wp-block-columns-is-layout-flex\">\n<div class=\"wp-block-column is-layout-flow wp-block-column-is-layout-flow\">\n<figure class=\"wp-block-image size-large is-style-rounded\"><img loading=\"lazy\" decoding=\"async\" width=\"2560\" height=\"2560\" src=\"https:\/\/gruene-eichstaett.de\/eichstaett\/wp-content\/uploads\/sites\/12\/2026\/01\/Wolfgang_Wollny-edited-scaled.jpg\" alt=\"\" class=\"wp-image-276\" srcset=\"https:\/\/gruene-eichstaett.de\/eichstaett\/wp-content\/uploads\/sites\/12\/2026\/01\/Wolfgang_Wollny-edited-scaled.jpg 2560w, https:\/\/gruene-eichstaett.de\/eichstaett\/wp-content\/uploads\/sites\/12\/2026\/01\/Wolfgang_Wollny-edited-300x300.jpg 300w, https:\/\/gruene-eichstaett.de\/eichstaett\/wp-content\/uploads\/sites\/12\/2026\/01\/Wolfgang_Wollny-edited-1024x1024.jpg 1024w, https:\/\/gruene-eichstaett.de\/eichstaett\/wp-content\/uploads\/sites\/12\/2026\/01\/Wolfgang_Wollny-edited-150x150.jpg 150w, https:\/\/gruene-eichstaett.de\/eichstaett\/wp-content\/uploads\/sites\/12\/2026\/01\/Wolfgang_Wollny-edited-768x768.jpg 768w, https:\/\/gruene-eichstaett.de\/eichstaett\/wp-content\/uploads\/sites\/12\/2026\/01\/Wolfgang_Wollny-edited-1536x1536.jpg 1536w, https:\/\/gruene-eichstaett.de\/eichstaett\/wp-content\/uploads\/sites\/12\/2026\/01\/Wolfgang_Wollny-edited-2048x2048.jpg 2048w\" sizes=\"auto, (max-width: 2560px) 100vw, 2560px\" \/><\/figure>\n<\/div>\n\n\n\n<div class=\"wp-block-column is-vertically-aligned-center is-layout-flow wp-block-column-is-layout-flow\">\n<h3 class=\"wp-block-heading\">Wolfgang Wollny<\/h3>\n\n\n\n<p>Stadtrat der Stadt Eichst\u00e4tt<\/p>\n<\/div>\n<\/div>\n\n\n\n<div style=\"height:35px\" aria-hidden=\"true\" class=\"wp-block-spacer\"><\/div>\n\n\n\n<p>Ich bin f\u00fcr Sie in folgenden Aussch\u00fcssen und Gremien t\u00e4tig:<\/p>\n\n\n\n<ul class=\"wp-block-list\">\n<li>Rechnungspr\u00fcfungsausschuss<\/li>\n\n\n\n<li>Ausschuss f\u00fcr Kultur, Freizeit und Fremdenverkehr (Stellvertreter)<\/li>\n\n\n\n<li>Haupt- und Werksausschuss (Stellvertreter)<\/li>\n\n\n\n<li>Bau-, Planungs- und Umweltausschuss (Stellvertreter)<\/li>\n\n\n\n<li>Ausschuss f\u00fcr gesellschaftliche Angelegenheiten (Stellvertreter)<\/li>\n\n\n\n<li>Beirat der Volkshochschule Eichst\u00e4tt (Stellvertreter)<\/li>\n<\/ul>\n\n\n\n<div style=\"height:31px\" aria-hidden=\"true\" class=\"wp-block-spacer\"><\/div>\n\n\n\n<div class=\"wp-block-columns is-layout-flex wp-container-core-columns-is-layout-9d6595d7 wp-block-columns-is-layout-flex\">\n<div class=\"wp-block-column is-layout-flow wp-block-column-is-layout-flow\">\n<figure class=\"wp-block-image size-full is-style-rounded\"><img loading=\"lazy\" decoding=\"async\" width=\"500\" height=\"500\" src=\"http:\/\/gruene-eichstaett.de\/eichstaett\/wp-content\/uploads\/sites\/12\/2021\/12\/Profilbild-Sonenblume.png\" alt=\"\" class=\"wp-image-43\" srcset=\"https:\/\/gruene-eichstaett.de\/eichstaett\/wp-content\/uploads\/sites\/12\/2021\/12\/Profilbild-Sonenblume.png 500w, https:\/\/gruene-eichstaett.de\/eichstaett\/wp-content\/uploads\/sites\/12\/2021\/12\/Profilbild-Sonenblume-300x300.png 300w, https:\/\/gruene-eichstaett.de\/eichstaett\/wp-content\/uploads\/sites\/12\/2021\/12\/Profilbild-Sonenblume-150x150.png 150w\" sizes=\"auto, (max-width: 500px) 100vw, 500px\" \/><\/figure>\n<\/div>\n\n\n\n<div class=\"wp-block-column is-vertically-aligned-center is-layout-flow wp-block-column-is-layout-flow\">\n<h3 class=\"wp-block-heading\">Susanne Reuter<\/h3>\n\n\n\n<p>Stadtr\u00e4tin der Stadt Eichst\u00e4tt<\/p>\n<\/div>\n<\/div>\n\n\n\n<div style=\"height:35px\" aria-hidden=\"true\" class=\"wp-block-spacer\"><\/div>\n\n\n\n<p>Ich bin f\u00fcr Sie in folgenden Aussch\u00fcssen und Gremien t\u00e4tig:<\/p>\n\n\n\n<ul class=\"wp-block-list\">\n<li>Ausschuss f\u00fcr Kultur, Freizeit und Fremdenverkehr<\/li>\n\n\n\n<li>Bau-, Planungs- und Umweltausschuss<\/li>\n\n\n\n<li>Rechnungspr\u00fcfungsausschuss (Stellvertreterin)<\/li>\n\n\n\n<li>Beir\u00e4tin der Volkshochschule Eichst\u00e4tt<\/li>\n\n\n\n<li>Haupt- und Werksausschuss (Stellvertreterin)<\/li>\n\n\n\n<li>Ausschuss f\u00fcr gesellschaftliche Angelegenheiten<\/li>\n\n\n\n<li>Beirat Kuratorium Haus der Jugend (Stellvertreterin)<\/li>\n<\/ul>\n\n\n\n<div style=\"height:30px\" aria-hidden=\"true\" class=\"wp-block-spacer\"><\/div>\n","protected":false},"excerpt":{"rendered":"<p>Klaus Bittlmayer Fraktionsvorsitzender Ich bin f\u00fcr Sie in folgenden Aussch\u00fcssen und Gremien t\u00e4tig: Simone Zink stellvertretende Fraktionsvorsitzende Ich bin f\u00fcr Sie in folgenden Aussch\u00fcssen und Gremien t\u00e4tig: Wolfgang Wollny Stadtrat [&hellip;]<\/p>\n","protected":false},"author":2,"featured_media":0,"parent":0,"menu_order":0,"comment_status":"closed","ping_status":"closed","template":"","meta":{"footnotes":""},"class_list":["post-16","page","type-page","status-publish","hentry"],"yoast_head":"<!-- This site is optimized with the Yoast SEO plugin v27.4 - https:\/\/yoast.com\/product\/yoast-seo-wordpress\/ -->\n<title>Stadtr\u00e4tinnen &amp; -r\u00e4te - B\u00dcNDNIS 90\/DIE GR\u00dcNEN<\/title>\n<meta name=\"robots\" content=\"index, follow, max-snippet:-1, max-image-preview:large, max-video-preview:-1\" \/>\n<link rel=\"canonical\" href=\"https:\/\/gruene-eichstaett.de\/eichstaett\/stadtraete\/\" \/>\n<meta property=\"og:locale\" content=\"de_DE\" \/>\n<meta property=\"og:type\" content=\"article\" \/>\n<meta property=\"og:title\" content=\"Stadtr\u00e4tinnen &amp; -r\u00e4te - B\u00dcNDNIS 90\/DIE GR\u00dcNEN\" \/>\n<meta property=\"og:description\" content=\"Klaus Bittlmayer Fraktionsvorsitzender Ich bin f\u00fcr Sie in folgenden Aussch\u00fcssen und Gremien t\u00e4tig: Simone Zink stellvertretende Fraktionsvorsitzende Ich bin f\u00fcr Sie in folgenden Aussch\u00fcssen und Gremien t\u00e4tig: Wolfgang Wollny Stadtrat [&hellip;]\" \/>\n<meta property=\"og:url\" content=\"https:\/\/gruene-eichstaett.de\/eichstaett\/stadtraete\/\" \/>\n<meta property=\"og:site_name\" content=\"B\u00dcNDNIS 90\/DIE GR\u00dcNEN\" \/>\n<meta property=\"article:modified_time\" content=\"2026-01-25T19:56:31+00:00\" \/>\n<meta property=\"og:image\" content=\"https:\/\/gruene-eichstaett.de\/eichstaett\/wp-content\/uploads\/sites\/12\/2026\/01\/Klaus_Bittlmayer-edited-scaled.jpg\" \/>\n\t<meta property=\"og:image:width\" content=\"2560\" \/>\n\t<meta property=\"og:image:height\" content=\"2560\" \/>\n\t<meta property=\"og:image:type\" content=\"image\/jpeg\" \/>\n<meta name=\"twitter:card\" content=\"summary_large_image\" \/>\n<meta name=\"twitter:label1\" content=\"Gesch\u00e4tzte Lesezeit\" \/>\n\t<meta name=\"twitter:data1\" content=\"2\u00a0Minuten\" \/>\n<script type=\"application\/ld+json\" class=\"yoast-schema-graph\">{\"@context\":\"https:\\\/\\\/schema.org\",\"@graph\":[{\"@type\":\"WebPage\",\"@id\":\"https:\\\/\\\/gruene-eichstaett.de\\\/eichstaett\\\/stadtraete\\\/\",\"url\":\"https:\\\/\\\/gruene-eichstaett.de\\\/eichstaett\\\/stadtraete\\\/\",\"name\":\"Stadtr\u00e4tinnen &amp; -r\u00e4te - B\u00dcNDNIS 90\\\/DIE GR\u00dcNEN\",\"isPartOf\":{\"@id\":\"https:\\\/\\\/gruene-eichstaett.de\\\/eichstaett\\\/#website\"},\"primaryImageOfPage\":{\"@id\":\"https:\\\/\\\/gruene-eichstaett.de\\\/eichstaett\\\/stadtraete\\\/#primaryimage\"},\"image\":{\"@id\":\"https:\\\/\\\/gruene-eichstaett.de\\\/eichstaett\\\/stadtraete\\\/#primaryimage\"},\"thumbnailUrl\":\"https:\\\/\\\/gruene-eichstaett.de\\\/eichstaett\\\/wp-content\\\/uploads\\\/sites\\\/12\\\/2026\\\/01\\\/Klaus_Bittlmayer-edited-scaled.jpg\",\"datePublished\":\"2021-12-03T00:17:25+00:00\",\"dateModified\":\"2026-01-25T19:56:31+00:00\",\"breadcrumb\":{\"@id\":\"https:\\\/\\\/gruene-eichstaett.de\\\/eichstaett\\\/stadtraete\\\/#breadcrumb\"},\"inLanguage\":\"de\",\"potentialAction\":[{\"@type\":\"ReadAction\",\"target\":[\"https:\\\/\\\/gruene-eichstaett.de\\\/eichstaett\\\/stadtraete\\\/\"]}]},{\"@type\":\"ImageObject\",\"inLanguage\":\"de\",\"@id\":\"https:\\\/\\\/gruene-eichstaett.de\\\/eichstaett\\\/stadtraete\\\/#primaryimage\",\"url\":\"https:\\\/\\\/gruene-eichstaett.de\\\/eichstaett\\\/wp-content\\\/uploads\\\/sites\\\/12\\\/2026\\\/01\\\/Klaus_Bittlmayer-edited-scaled.jpg\",\"contentUrl\":\"https:\\\/\\\/gruene-eichstaett.de\\\/eichstaett\\\/wp-content\\\/uploads\\\/sites\\\/12\\\/2026\\\/01\\\/Klaus_Bittlmayer-edited-scaled.jpg\",\"width\":2560,\"height\":2560},{\"@type\":\"BreadcrumbList\",\"@id\":\"https:\\\/\\\/gruene-eichstaett.de\\\/eichstaett\\\/stadtraete\\\/#breadcrumb\",\"itemListElement\":[{\"@type\":\"ListItem\",\"position\":1,\"name\":\"Startseite\",\"item\":\"https:\\\/\\\/gruene-eichstaett.de\\\/eichstaett\\\/\"},{\"@type\":\"ListItem\",\"position\":2,\"name\":\"Stadtr\u00e4tinnen &amp; -r\u00e4te\"}]},{\"@type\":\"WebSite\",\"@id\":\"https:\\\/\\\/gruene-eichstaett.de\\\/eichstaett\\\/#website\",\"url\":\"https:\\\/\\\/gruene-eichstaett.de\\\/eichstaett\\\/\",\"name\":\"B\u00dcNDNIS 90\\\/DIE GR\u00dcNEN\",\"description\":\"OV Eichst\u00e4tt\",\"publisher\":{\"@id\":\"https:\\\/\\\/gruene-eichstaett.de\\\/eichstaett\\\/#organization\"},\"potentialAction\":[{\"@type\":\"SearchAction\",\"target\":{\"@type\":\"EntryPoint\",\"urlTemplate\":\"https:\\\/\\\/gruene-eichstaett.de\\\/eichstaett\\\/?s={search_term_string}\"},\"query-input\":{\"@type\":\"PropertyValueSpecification\",\"valueRequired\":true,\"valueName\":\"search_term_string\"}}],\"inLanguage\":\"de\"},{\"@type\":\"Organization\",\"@id\":\"https:\\\/\\\/gruene-eichstaett.de\\\/eichstaett\\\/#organization\",\"name\":\"B\u00dcNDNIS 90\\\/DIE GR\u00dcNEN\",\"url\":\"https:\\\/\\\/gruene-eichstaett.de\\\/eichstaett\\\/\",\"logo\":{\"@type\":\"ImageObject\",\"inLanguage\":\"de\",\"@id\":\"https:\\\/\\\/gruene-eichstaett.de\\\/eichstaett\\\/#\\\/schema\\\/logo\\\/image\\\/\",\"url\":\"http:\\\/\\\/gruene-eichstaett.de\\\/eichstaett\\\/wp-content\\\/uploads\\\/sites\\\/12\\\/2021\\\/12\\\/Profilbild-Sonenblume.png\",\"contentUrl\":\"http:\\\/\\\/gruene-eichstaett.de\\\/eichstaett\\\/wp-content\\\/uploads\\\/sites\\\/12\\\/2021\\\/12\\\/Profilbild-Sonenblume.png\",\"width\":500,\"height\":500,\"caption\":\"B\u00dcNDNIS 90\\\/DIE GR\u00dcNEN\"},\"image\":{\"@id\":\"https:\\\/\\\/gruene-eichstaett.de\\\/eichstaett\\\/#\\\/schema\\\/logo\\\/image\\\/\"}}]}<\/script>\n<!-- \/ Yoast SEO plugin. -->","yoast_head_json":{"title":"Stadtr\u00e4tinnen &amp; -r\u00e4te - B\u00dcNDNIS 90\/DIE GR\u00dcNEN","robots":{"index":"index","follow":"follow","max-snippet":"max-snippet:-1","max-image-preview":"max-image-preview:large","max-video-preview":"max-video-preview:-1"},"canonical":"https:\/\/gruene-eichstaett.de\/eichstaett\/stadtraete\/","og_locale":"de_DE","og_type":"article","og_title":"Stadtr\u00e4tinnen &amp; -r\u00e4te - B\u00dcNDNIS 90\/DIE GR\u00dcNEN","og_description":"Klaus Bittlmayer Fraktionsvorsitzender Ich bin f\u00fcr Sie in folgenden Aussch\u00fcssen und Gremien t\u00e4tig: Simone Zink stellvertretende Fraktionsvorsitzende Ich bin f\u00fcr Sie in folgenden Aussch\u00fcssen und Gremien t\u00e4tig: Wolfgang Wollny Stadtrat [&hellip;]","og_url":"https:\/\/gruene-eichstaett.de\/eichstaett\/stadtraete\/","og_site_name":"B\u00dcNDNIS 90\/DIE GR\u00dcNEN","article_modified_time":"2026-01-25T19:56:31+00:00","og_image":[{"width":2560,"height":2560,"url":"https:\/\/gruene-eichstaett.de\/eichstaett\/wp-content\/uploads\/sites\/12\/2026\/01\/Klaus_Bittlmayer-edited-scaled.jpg","type":"image\/jpeg"}],"twitter_card":"summary_large_image","twitter_misc":{"Gesch\u00e4tzte Lesezeit":"2\u00a0Minuten"},"schema":{"@context":"https:\/\/schema.org","@graph":[{"@type":"WebPage","@id":"https:\/\/gruene-eichstaett.de\/eichstaett\/stadtraete\/","url":"https:\/\/gruene-eichstaett.de\/eichstaett\/stadtraete\/","name":"Stadtr\u00e4tinnen &amp; -r\u00e4te - B\u00dcNDNIS 90\/DIE GR\u00dcNEN","isPartOf":{"@id":"https:\/\/gruene-eichstaett.de\/eichstaett\/#website"},"primaryImageOfPage":{"@id":"https:\/\/gruene-eichstaett.de\/eichstaett\/stadtraete\/#primaryimage"},"image":{"@id":"https:\/\/gruene-eichstaett.de\/eichstaett\/stadtraete\/#primaryimage"},"thumbnailUrl":"https:\/\/gruene-eichstaett.de\/eichstaett\/wp-content\/uploads\/sites\/12\/2026\/01\/Klaus_Bittlmayer-edited-scaled.jpg","datePublished":"2021-12-03T00:17:25+00:00","dateModified":"2026-01-25T19:56:31+00:00","breadcrumb":{"@id":"https:\/\/gruene-eichstaett.de\/eichstaett\/stadtraete\/#breadcrumb"},"inLanguage":"de","potentialAction":[{"@type":"ReadAction","target":["https:\/\/gruene-eichstaett.de\/eichstaett\/stadtraete\/"]}]},{"@type":"ImageObject","inLanguage":"de","@id":"https:\/\/gruene-eichstaett.de\/eichstaett\/stadtraete\/#primaryimage","url":"https:\/\/gruene-eichstaett.de\/eichstaett\/wp-content\/uploads\/sites\/12\/2026\/01\/Klaus_Bittlmayer-edited-scaled.jpg","contentUrl":"https:\/\/gruene-eichstaett.de\/eichstaett\/wp-content\/uploads\/sites\/12\/2026\/01\/Klaus_Bittlmayer-edited-scaled.jpg","width":2560,"height":2560},{"@type":"BreadcrumbList","@id":"https:\/\/gruene-eichstaett.de\/eichstaett\/stadtraete\/#breadcrumb","itemListElement":[{"@type":"ListItem","position":1,"name":"Startseite","item":"https:\/\/gruene-eichstaett.de\/eichstaett\/"},{"@type":"ListItem","position":2,"name":"Stadtr\u00e4tinnen &amp; -r\u00e4te"}]},{"@type":"WebSite","@id":"https:\/\/gruene-eichstaett.de\/eichstaett\/#website","url":"https:\/\/gruene-eichstaett.de\/eichstaett\/","name":"B\u00dcNDNIS 90\/DIE GR\u00dcNEN","description":"OV Eichst\u00e4tt","publisher":{"@id":"https:\/\/gruene-eichstaett.de\/eichstaett\/#organization"},"potentialAction":[{"@type":"SearchAction","target":{"@type":"EntryPoint","urlTemplate":"https:\/\/gruene-eichstaett.de\/eichstaett\/?s={search_term_string}"},"query-input":{"@type":"PropertyValueSpecification","valueRequired":true,"valueName":"search_term_string"}}],"inLanguage":"de"},{"@type":"Organization","@id":"https:\/\/gruene-eichstaett.de\/eichstaett\/#organization","name":"B\u00dcNDNIS 90\/DIE GR\u00dcNEN","url":"https:\/\/gruene-eichstaett.de\/eichstaett\/","logo":{"@type":"ImageObject","inLanguage":"de","@id":"https:\/\/gruene-eichstaett.de\/eichstaett\/#\/schema\/logo\/image\/","url":"http:\/\/gruene-eichstaett.de\/eichstaett\/wp-content\/uploads\/sites\/12\/2021\/12\/Profilbild-Sonenblume.png","contentUrl":"http:\/\/gruene-eichstaett.de\/eichstaett\/wp-content\/uploads\/sites\/12\/2021\/12\/Profilbild-Sonenblume.png","width":500,"height":500,"caption":"B\u00dcNDNIS 90\/DIE GR\u00dcNEN"},"image":{"@id":"https:\/\/gruene-eichstaett.de\/eichstaett\/#\/schema\/logo\/image\/"}}]}},"_links":{"self":[{"href":"https:\/\/gruene-eichstaett.de\/eichstaett\/wp-json\/wp\/v2\/pages\/16","targetHints":{"allow":["GET"]}}],"collection":[{"href":"https:\/\/gruene-eichstaett.de\/eichstaett\/wp-json\/wp\/v2\/pages"}],"about":[{"href":"https:\/\/gruene-eichstaett.de\/eichstaett\/wp-json\/wp\/v2\/types\/page"}],"author":[{"embeddable":true,"href":"https:\/\/gruene-eichstaett.de\/eichstaett\/wp-json\/wp\/v2\/users\/2"}],"replies":[{"embeddable":true,"href":"https:\/\/gruene-eichstaett.de\/eichstaett\/wp-json\/wp\/v2\/comments?post=16"}],"version-history":[{"count":13,"href":"https:\/\/gruene-eichstaett.de\/eichstaett\/wp-json\/wp\/v2\/pages\/16\/revisions"}],"predecessor-version":[{"id":279,"href":"https:\/\/gruene-eichstaett.de\/eichstaett\/wp-json\/wp\/v2\/pages\/16\/revisions\/279"}],"wp:attachment":[{"href":"https:\/\/gruene-eichstaett.de\/eichstaett\/wp-json\/wp\/v2\/media?parent=16"}],"curies":[{"name":"wp","href":"https:\/\/api.w.org\/{rel}","templated":true}]}}