{"id":181,"date":"2026-01-17T11:51:49","date_gmt":"2026-01-17T10:51:49","guid":{"rendered":"https:\/\/gruene-eichstaett.de\/eichstaett\/?page_id=181"},"modified":"2026-01-17T12:13:02","modified_gmt":"2026-01-17T11:13:02","slug":"programm-kommunalwahl-2026","status":"publish","type":"page","link":"https:\/\/gruene-eichstaett.de\/eichstaett\/programm-kommunalwahl-2026\/","title":{"rendered":"Unser Programm f\u00fcr die Stadtratswahl am 8. M\u00e4rz 2026"},"content":{"rendered":"\n<h2 class=\"wp-block-heading\">Natur- und Klimaschutz<\/h2>\n\n\n\n<p>Wir wollen ein gr\u00fcnes Eichst\u00e4tt, das atmet \u2013 mit schattenspendenden B\u00e4umen, lebendigen B\u00f6den und einem nat\u00fcrlichen Wasserkreislauf, der unsere Stadt widerstandsf\u00e4hig und sch\u00f6n zugleich macht. Gemeinsam schaffen wir Rahmenbedingungen, die unsere Stadt f\u00fcr kommende Generationen sch\u00fctzen und gleichzeitig lebenswert machen.<\/p>\n\n\n\n<p><strong>Unser Zukunftsbild:<\/strong>\u00a0Ein Eichst\u00e4tt mit nat\u00fcrlichen B\u00f6den und einem funktionierenden Wasserkreislauf. Mehr Schattenpl\u00e4tze f\u00fcr Jung und Alt. Ein lebenswertes Eichst\u00e4tt, von dem auch unsere Kinder noch etwas haben.<\/p>\n\n\n\n<p>Konkret m\u00f6chten wir Folgendes umsetzen:<\/p>\n\n\n\n<ul class=\"wp-block-list\">\n<li>Schattige B\u00e4ume und Sonnensegel im Stadtgebiet und auf Spielpl\u00e4tzen<\/li>\n\n\n\n<li>Wasserspeicherfl\u00e4chen im Sinne einer \u201eSchwammstadt\u201c<\/li>\n\n\n\n<li>Mehr Gr\u00fcnfl\u00e4chen im Stadtgebiet <\/li>\n\n\n\n<li>Klimaangepasste Pflanzen und Permakultur<\/li>\n\n\n\n<li>Hochwasserschutz und -pr\u00e4vention<\/li>\n\n\n\n<li>Baumpatenschaften<\/li>\n<\/ul>\n\n\n\n<hr class=\"wp-block-separator has-alpha-channel-opacity\" \/>\n\n\n\n<div class=\"wp-block-group is-vertical is-layout-flex wp-container-core-group-is-layout-8cf370e7 wp-block-group-is-layout-flex\">\n<h2 class=\"wp-block-heading\">Nachhaltige Mobilit\u00e4t &amp; Barrierefreiheit<\/h2>\n<\/div>\n\n\n\n<p>Eichst\u00e4tt soll eine Stadt sein, in der alle sicher, umweltfreundlich und bequem von A nach B kommen \u2013 ob zu Fu\u00df, mit dem Rad, dem Bus, dem Rollator oder mit dem Auto. Wir gestalten eine Infrastruktur, die Barrieren abbaut und Mobilit\u00e4t f\u00fcr alle Menschen erm\u00f6glicht.<\/p>\n\n\n\n<p><strong>Unsere Strategie:<\/strong>&nbsp;Mit allen Verkehrsmitteln bequem und umweltfreundlich ans Ziel kommen. Mobilit\u00e4t und Barrierefreiheit f\u00fcr alle Menschen. Zukunftsf\u00e4hige Vernetzung ganz Eichst\u00e4tts.<\/p>\n\n\n\n<p>Konkret m\u00f6chten wir Folgendes umsetzen:<\/p>\n\n\n\n<ul class=\"wp-block-list\">\n<li>Sichere Infrastruktur f\u00fcr Fu\u00df- und Fahrradverkehr<\/li>\n\n\n\n<li>Konsequente Geschwindigkeitsreduzierung im Stadtgebiet<\/li>\n\n\n\n<li>Sichere Stra\u00dfen\u00fcberg\u00e4nge <\/li>\n\n\n\n<li>Attraktivere Stadtlinie <\/li>\n\n\n\n<li>Fahrgastfreundlicher Bahnhof <\/li>\n\n\n\n<li>H\u00f6here Taktung des \u00d6PNV<\/li>\n\n\n\n<li>Zuverl\u00e4ssige und ausreichend Schulbusse<\/li>\n<\/ul>\n\n\n\n<hr class=\"wp-block-separator has-alpha-channel-opacity is-style-default\" \/>\n\n\n\n<h2 class=\"wp-block-heading\">Nachhaltige Wirtschaft &amp; Energie<\/h2>\n\n\n\n<p>Wir setzen uns f\u00fcr eine nachhaltige Wirtschaftsweise ein, die \u00f6kologische Verantwortung mit wirtschaftlicher Lebendigkeit verbindet \u2013 f\u00fcr eine florierende Innenstadt und eine (dezentrale) Energieversorgung, von der alle Eichst\u00e4tter*innen profitieren.<\/p>\n\n\n\n<p><strong>Unser Zukunftsplan:<\/strong>&nbsp;Nachhaltige Wirtschaft und \u00f6kologische Verantwortung \u2013 Hand in Hand. Lebendige Innenstadt und profitable, erneuerbare Energie f\u00fcr alle.<\/p>\n\n\n\n<p>Konkret m\u00f6chten wir Folgendes umsetzen:<\/p>\n\n\n\n<ul class=\"wp-block-list\">\n<li>Zukunftsf\u00e4hige Planung und Gestaltung von Gewerbefl\u00e4chen<\/li>\n\n\n\n<li>(Wieder-)Belebung des Einzelhandels<\/li>\n\n\n\n<li>Sicherung regionaler Arbeitspl\u00e4tze<\/li>\n\n\n\n<li>F\u00f6rderung von Start-ups<\/li>\n\n\n\n<li>F\u00f6rderung von nachhaltigen Wirtschaftskreisl\u00e4ufen<\/li>\n\n\n\n<li>St\u00e4rkung und Weiterentwicklung genossenschaftlicher Energiegewinnung<\/li>\n\n\n\n<li>100% erneuerbare Energien im Strommix Eichst\u00e4tts<\/li>\n\n\n\n<li>Attraktives Inselbad und zuverl\u00e4ssige Stadtwerke<\/li>\n<\/ul>\n\n\n\n<hr class=\"wp-block-separator has-alpha-channel-opacity\" \/>\n\n\n\n<h2 class=\"wp-block-heading\">Kultur &amp; zivilgesellschaftliches Engagement<\/h2>\n\n\n\n<p>Wir tr\u00e4umen von einem Eichst\u00e4tt, in dem Kultur zug\u00e4nglich, vielf\u00e4ltig und lebendig ist \u2013 getragen von Menschen, die sich mit Herzblut engagieren. Wir f\u00f6rdern kreative Vielfalt und verbinden Menschen aus allen Lebensbereichen. Ehrenamtliches Engagement wird von uns wertgesch\u00e4tzt.<\/p>\n\n\n\n<p><strong>Unser Ideal:<\/strong>&nbsp;Unterst\u00fctzung f\u00fcr engagierte Menschen, die Eichst\u00e4tt kulturell bereichern. R\u00e4ume schaffen, kreative Vielfalt f\u00f6rdern und Ehrenamt wertsch\u00e4tzen.<\/p>\n\n\n\n<p>Konkret m\u00f6chten wir Folgendes umsetzen:<\/p>\n\n\n\n<ul class=\"wp-block-list\">\n<li>Unkomplizierte Nutzung von R\u00e4umen f\u00fcr Vereine, Bands und Kulturschaffende<\/li>\n\n\n\n<li>Ehrenamt, Vereine und Initiativen st\u00e4rken<\/li>\n\n\n\n<li>Erhalt und F\u00f6rderung von traditionellen Festen und modernen Festivals<\/li>\n\n\n\n<li>Erweiterung des kulturellen Angebots am Altstadtfest<\/li>\n\n\n\n<li>Mehr Stra\u00dfenkunst erm\u00f6glichen<\/li>\n\n\n\n<li>Engere Vernetzung und Austausch mit Partnerst\u00e4dten<\/li>\n\n\n\n<li>F\u00f6rderung von studentischem Leben und Kultur<\/li>\n<\/ul>\n\n\n\n<hr class=\"wp-block-separator has-alpha-channel-opacity\" \/>\n\n\n\n<h2 class=\"wp-block-heading\">Soziales Miteinander &amp; Teilhabe f\u00fcr alle<\/h2>\n\n\n\n<p>Eichst\u00e4tt soll eine Stadt sein, in der niemand allein sein muss, in der Nachbarschaft verbindet, Beteiligung gew\u00fcnscht ist und jede Stimme z\u00e4hlt. Wir f\u00f6rdern Gemeinschaft, damit sich alle gesehen und geh\u00f6rt f\u00fchlen.<\/p>\n\n\n\n<p><strong>Unser Leitbild:<\/strong>&nbsp;Nachbarschaft verbindet \u2013 Beteiligung ist erw\u00fcnscht! Mehr Gemeinschaft und Austausch f\u00fcr alle Eichst\u00e4tter*innen.<\/p>\n\n\n\n<p>Konkret m\u00f6chten wir Folgendes umsetzen:<\/p>\n\n\n\n<ul class=\"wp-block-list\">\n<li>Mehr barriere- und konsumfreie Begegnungsr\u00e4ume, mehr Gelegenheiten f\u00fcr Begegnungen<\/li>\n\n\n\n<li>Quartiersmanagement<\/li>\n\n\n\n<li>Schutz von Minderheiten<\/li>\n\n\n\n<li>Mehr leicht erreichbare Integrationsangebote<\/li>\n\n\n\n<li>St\u00e4rkere B\u00fcrger*innenbeteiligung an lokalen Projekten<\/li>\n\n\n\n<li>B\u00fcrgerbudget f\u00fcr soziale Projekte<\/li>\n\n\n\n<li>Schulterschluss mit der LGBTQIA+ Community<\/li>\n<\/ul>\n\n\n\n<hr class=\"wp-block-separator has-alpha-channel-opacity\" \/>\n\n\n\n<h2 class=\"wp-block-heading\">Familie, Kinder &amp; Jugend<\/h2>\n\n\n\n<p>Eichst\u00e4tt soll ein familienfreundlicher Ort sein, an dem Jugendliche Freir\u00e4ume entdecken und Familien Unterst\u00fctzung erfahren. Wir setzen auf Angebote und Orte, die das Miteinander st\u00e4rken und individuelle Entwicklung f\u00f6rdern \u2013 von Klein bis Gro\u00df.<\/p>\n\n\n\n<p><strong>Unsere Vorstellung:<\/strong>&nbsp;Eine Stadt, die Familien st\u00e4rkt, Kindern Chancen gibt und Jugendlichen R\u00e4ume \u00f6ffnet \u2013 damit alle ihre Zukunft frei gestalten k\u00f6nnen.<\/p>\n\n\n\n<p>Konkret m\u00f6chten wir Folgendes umsetzen:<\/p>\n\n\n\n<ul class=\"wp-block-list\">\n<li>Ausbau und St\u00e4rkung der Ganztagsbetreuung<\/li>\n\n\n\n<li>Gezielte Unterst\u00fctzung f\u00fcr Grundschulen<\/li>\n\n\n\n<li>R\u00fcckenst\u00e4rkung der gemeindlichen Jugendarbeit<\/li>\n\n\n\n<li>Zwei Vollzeitstellen f\u00fcr das Haus der Jugend und eine Stelle f\u00fcr die kommunale Jugendpflege<\/li>\n\n\n\n<li>Unterst\u00fctzung von Gemeinschaftsg\u00e4rten und Urban Gardening als Lern- und Begegnungsorte<\/li>\n\n\n\n<li>Erg\u00e4nzung der Spielpl\u00e4tze <\/li>\n\n\n\n<li>Erweiterung des Skateparks, Pumptrack, Bolzplatz<\/li>\n\n\n\n<li>Mehr Schlechtwetterangebote <\/li>\n\n\n\n<li>Jugendliche in Entscheidungen einbeziehen<\/li>\n<\/ul>\n\n\n\n<hr class=\"wp-block-separator has-alpha-channel-opacity\" \/>\n\n\n\n<h2 class=\"wp-block-heading\">Senior*innen<\/h2>\n\n\n\n<p>Eichst\u00e4tt soll auch im Alter ein Zuhause bleiben \u2013 mit Teilhabe, F\u00fcrsorge und menschlicher N\u00e4he gegen das Alleinsein. Wir schaffen unterst\u00fctzende Angebote, die \u00e4lteren Menschen ein selbstbestimmtes und aktives Leben erm\u00f6glichen.<\/p>\n\n\n\n<p><strong>Unsere Vision:<\/strong>&nbsp;Eichst\u00e4tt \u2013 auch im Alter ein Zuhause. Teilhabe, F\u00fcrsorge und N\u00e4he statt Einsamkeit.  Selbstbestimmung und Aktivit\u00e4t im Alter.<\/p>\n\n\n\n<p>Konkret m\u00f6chten wir Folgendes umsetzen:<\/p>\n\n\n\n<ul class=\"wp-block-list\">\n<li>Ausbau von Tages-, Nacht- und Kurzzeitpflege<\/li>\n\n\n\n<li>F\u00f6rderung von Mobilit\u00e4t und Teilhabe f\u00fcr Senior*innen<\/li>\n\n\n\n<li>Sensibilit\u00e4t f\u00fcr Alter und Demenz<\/li>\n\n\n\n<li>Abbau von Einsamkeit im Alter<\/li>\n\n\n\n<li>Unterst\u00fctzung im Alltag<\/li>\n<\/ul>\n\n\n\n<hr class=\"wp-block-separator has-alpha-channel-opacity\" \/>\n\n\n\n<h2 class=\"wp-block-heading\">Bildung &amp; Universit\u00e4t<\/h2>\n\n\n\n<p>Wir stellen uns ein Eichst\u00e4tt vor, in dem Bildung f\u00fcr alle zug\u00e4nglich ist \u2013 weltoffen, lebensnah und getragen von der Kraft des Miteinanders. Durch gezielte Vernetzung und vielf\u00e4ltige Lernangebote machen wir Bildung zu einem verbindenden Erlebnis f\u00fcr die ganze Stadt.<\/p>\n\n\n\n<p><strong>Unsere Perspektive:<\/strong>&nbsp;Bildungszugang f\u00fcr alle. Lebensnahes, weltoffenes Miteinander im Bildungssektor. Vielf\u00e4ltige Lern- und Bildungsangebote, die verbinden.<\/p>\n\n\n\n<p>Konkret m\u00f6chten wir Folgendes umsetzen:<\/p>\n\n\n\n<ul class=\"wp-block-list\">\n<li>Breiteres VHS-Angebot f\u00fcr alle Altersgruppen<\/li>\n\n\n\n<li>Natur- und Umweltprojekte f\u00fcr Kitas und Schulen<\/li>\n\n\n\n<li>Mehr Kooperation zwischen Universit\u00e4t und Stadt<\/li>\n\n\n\n<li>Mehr Spracherwerbs- und Integrationsangebote<\/li>\n\n\n\n<li>\u201eEichst\u00e4tt-Stipendium\u201c f\u00fcr engagierte Studierende<\/li>\n\n\n\n<li>Bessere Einbindung von Studierenden in das Stadtleben<\/li>\n<\/ul>\n\n\n\n<hr class=\"wp-block-separator has-alpha-channel-opacity\" \/>\n\n\n\n<h2 class=\"wp-block-heading\">Bauen &amp; Wohnen<\/h2>\n\n\n\n<p>Wir wollen ein Eichst\u00e4tt mit bezahlbarem, nachhaltigem Wohnraum, lebendigen Quartieren und klugen Ideen f\u00fcr Leerst\u00e4nde. Verantwortungsvoll schaffen wir qualitativ hochwertige Lebensr\u00e4ume, die \u00f6kologisch und sozial gerecht sind und unsere Stadt pr\u00e4gen.<\/p>\n\n\n\n<p><strong>Unser Modell:<\/strong>&nbsp;Ein nachhaltiges, lebendiges und wachsendes Eichst\u00e4tt. Kluge Ideen f\u00fcr Leerst\u00e4nde.  \u00d6kologischer und sozial gerechter Lebensraum f\u00fcr alle.<\/p>\n\n\n\n<p>Konkret m\u00f6chten wir Folgendes umsetzen:<\/p>\n\n\n\n<ul class=\"wp-block-list\">\n<li>Sozialraumanalyse zum Wohnraumbedarf<\/li>\n\n\n\n<li>Genossenschaftlicher Wohnungsbau<\/li>\n\n\n\n<li>Baus\u00fcnden korrigieren <\/li>\n\n\n\n<li>Kreativ weiterentwickelte Bebauungspl\u00e4ne<\/li>\n\n\n\n<li>Nahw\u00e4rmenetze im gesamten Stadtgebiet<\/li>\n\n\n\n<li>F\u00f6rderung von Mehrgenerationenprojekten im Altbestand<\/li>\n\n\n\n<li>Reduzierung leerstehender Wohnr\u00e4ume<\/li>\n<\/ul>\n\n\n\n<hr class=\"wp-block-separator has-alpha-channel-opacity\" \/>\n\n\n\n<h2 class=\"wp-block-heading\">Innenstadtentwicklung<\/h2>\n\n\n\n<p>Die Eichst\u00e4tter Innenstadt braucht Raum f\u00fcr kulturelle Vielfalt, die innovative Idee der Kreativwirtschaft und ein modernes, nachhaltiges Angebot f\u00fcr den Alltag. Eine starke Innenstadt verbindet Menschen, schafft Identit\u00e4t und ist zugleich Motor f\u00fcr die gesamte Stadtentwicklung.<\/p>\n\n\n\n<p><strong>Unser Vorhaben:<\/strong>&nbsp;Schaffung einer lebendigen Kreativwirtschaft und eines vielf\u00e4ltigen, modernen Versorgungsangebots \u2013 f\u00fcr eine attraktive, offene und zukunftsf\u00e4hige Mitte Eichst\u00e4tts.<\/p>\n\n\n\n<p>Konkret m\u00f6chten wir Folgendes umsetzen:<\/p>\n\n\n\n<ul class=\"wp-block-list\">\n<li>Erm\u00f6glichung von Kreativwirtschaft<\/li>\n\n\n\n<li>Ausbau der Stadtb\u00fccherei<\/li>\n\n\n\n<li>St\u00e4dtische Begegnungsorte schaffen<\/li>\n\n\n\n<li>Tauschb\u00f6rsenorte<\/li>\n\n\n\n<li>Trinkbrunnen<\/li>\n\n\n\n<li>Konsumfreie Pop-up-Angebote<\/li>\n\n\n\n<li>Nutzung von Schaufensterfl\u00e4chen<\/li>\n<\/ul>\n\n\n\n<hr class=\"wp-block-separator has-alpha-channel-opacity\" \/>\n\n\n\n<h2 class=\"wp-block-heading\">Digitalisierung &amp; B\u00fcrger*innenservice<\/h2>\n\n\n\n<p>Wir m\u00f6chten ein digitales Eichst\u00e4tt, das den Alltag erleichtert \u2013 b\u00fcrgernah, transparent und erreichbar, auch auf dem Smartphone. Mit innovativen L\u00f6sungen und verl\u00e4sslichen Services machen wir Verwaltung und Information einfach und zug\u00e4nglich f\u00fcr alle.<\/p>\n\n\n\n<p><strong>Unser Angebot:<\/strong>&nbsp;Digitale Verwaltungsabl\u00e4ufe \u2013 b\u00fcrgernah, transparent und erreichbar. Verl\u00e4ssliche Services und barrierefreie Informationsbeschaffung. Freie Wahl f\u00fcr pers\u00f6nliche Beratung bleibt erhalten.<\/p>\n\n\n\n<p>Konkret m\u00f6chten wir Folgendes umsetzen:<\/p>\n\n\n\n<ul class=\"wp-block-list\">\n<li>Besseres Digitales Rathaus<\/li>\n\n\n\n<li>Verbesserung der st\u00e4dtischen Website<\/li>\n\n\n\n<li>Barrierefreier Zugang zu Online-Portalen<\/li>\n\n\n\n<li>Guter Mobilfunkempfang in allen Stadtteilen<\/li>\n<\/ul>\n\n\n\n<hr class=\"wp-block-separator has-alpha-channel-opacity\" \/>\n\n\n\n<h2 class=\"wp-block-heading\">Tourismus &amp; Naherholung<\/h2>\n\n\n\n<p>Tourismus belebt Eichst\u00e4tt und zeigt, was uns ausmacht: unsere Lebensfreude, unsere Natur und Architektur, unser Kulturangebot, unsere Gastfreundschaft und unser Miteinander. In Eichst\u00e4tt gehen Tourismus und Nachhaltigkeit Hand in Hand. Rad- und Wanderwege machen das Altm\u00fchltal erlebbar, ohne die Umwelt zu belasten. Mit durchdachtem Stadtmarketing positionieren wir Eichst\u00e4tt im Altm\u00fchltaltourismus als lebendige Kulturstadt inmitten einzigartiger Natur, wo Altstadtfest und Open Air am Berg unser Lebensgef\u00fchl widerspiegeln.<\/p>\n\n\n\n<p><strong>Unser Ausblick:<\/strong>&nbsp;Tourismus belebt Eichst\u00e4tt und zeigt, was uns ausmacht: unsere Kultur, unsere Feste, unser Miteinander. Rad- und Wanderwege machen das Altm\u00fchltal erlebbar, ohne es zu belasten. Eichst\u00e4tt \u2013 eine lebendige Kulturstadt inmitten einzigartiger Natur.<\/p>\n\n\n\n<p>Konkret m\u00f6chten wir Folgendes umsetzen:<\/p>\n\n\n\n<ul class=\"wp-block-list\">\n<li>Eichst\u00e4tt als Herz des Altm\u00fchltal-Tourismus<\/li>\n\n\n\n<li>Tourismusmarketing mit klarem Profil: Wof\u00fcr steht Eichst\u00e4tt?<\/li>\n\n\n\n<li>Sichtbarkeit f\u00fcr Feste und Kulinarik<\/li>\n\n\n\n<li>Sanfter Tourismus: Schutz der Natur f\u00fcr uns und unsere Besucher*innen<\/li>\n\n\n\n<li>H\u00f6here Attraktivit\u00e4t f\u00fcr Familienurlaube, Schulfahrten und Erholungsreisen<\/li>\n\n\n\n<li>Zusammenarbeit mit Universit\u00e4t<\/li>\n\n\n\n<li>Garten- und Platzkultur: Kleine Gartenschau in Eichst\u00e4tt<\/li>\n<\/ul>\n\n\n<nav class=\"is-responsive wp-block-navigation is-layout-flex wp-block-navigation-is-layout-flex\" \n\t\t data-wp-interactive=\"core\/navigation\" data-wp-context='{\"overlayOpenedBy\":{\"click\":false,\"hover\":false,\"focus\":false},\"type\":\"overlay\",\"roleAttribute\":\"\",\"ariaLabel\":\"Men\\u00fc\"}'><button aria-haspopup=\"dialog\" aria-label=\"Men\u00fc \u00f6ffnen\" class=\"wp-block-navigation__responsive-container-open\" \n\t\t\t\tdata-wp-on--click=\"actions.openMenuOnClick\"\n\t\t\t\tdata-wp-on--keydown=\"actions.handleMenuKeydown\"\n\t\t\t><svg width=\"24\" height=\"24\" xmlns=\"http:\/\/www.w3.org\/2000\/svg\" viewBox=\"0 0 24 24\" aria-hidden=\"true\" focusable=\"false\"><path d=\"M4 7.5h16v1.5H4z\"><\/path><path d=\"M4 15h16v1.5H4z\"><\/path><\/svg><\/button>\n\t\t\t\t<div class=\"wp-block-navigation__responsive-container\"  id=\"modal-1\" \n\t\t\t\tdata-wp-class--has-modal-open=\"state.isMenuOpen\"\n\t\t\t\tdata-wp-class--is-menu-open=\"state.isMenuOpen\"\n\t\t\t\tdata-wp-watch=\"callbacks.initMenu\"\n\t\t\t\tdata-wp-on--keydown=\"actions.handleMenuKeydown\"\n\t\t\t\tdata-wp-on--focusout=\"actions.handleMenuFocusout\"\n\t\t\t\ttabindex=\"-1\"\n\t\t\t>\n\t\t\t\t\t<div class=\"wp-block-navigation__responsive-close\" tabindex=\"-1\">\n\t\t\t\t\t\t<div class=\"wp-block-navigation__responsive-dialog\" \n\t\t\t\tdata-wp-bind--aria-modal=\"state.ariaModal\"\n\t\t\t\tdata-wp-bind--aria-label=\"state.ariaLabel\"\n\t\t\t\tdata-wp-bind--role=\"state.roleAttribute\"\n\t\t\t>\n\t\t\t\t\t\t\t<button aria-label=\"Men\u00fc schlie\u00dfen\" class=\"wp-block-navigation__responsive-container-close\" \n\t\t\t\tdata-wp-on--click=\"actions.closeMenuOnClick\"\n\t\t\t><svg xmlns=\"http:\/\/www.w3.org\/2000\/svg\" viewBox=\"0 0 24 24\" width=\"24\" height=\"24\" aria-hidden=\"true\" focusable=\"false\"><path d=\"m13.06 12 6.47-6.47-1.06-1.06L12 10.94 5.53 4.47 4.47 5.53 10.94 12l-6.47 6.47 1.06 1.06L12 13.06l6.47 6.47 1.06-1.06L13.06 12Z\"><\/path><\/svg><\/button>\n\t\t\t\t\t\t\t<div class=\"wp-block-navigation__responsive-container-content\" \n\t\t\t\tdata-wp-watch=\"callbacks.focusFirstElement\"\n\t\t\t id=\"modal-1-content\">\n\t\t\t\t\t\t\t\t<ul class=\"wp-block-navigation__container is-responsive wp-block-navigation\"><li class=\" wp-block-navigation-item  menu-item menu-item-type-custom menu-item-object-custom wp-block-navigation-link\"><a class=\"wp-block-navigation-item__content\"  href=\"https:\/\/gruene-eichstaett.de\/datenschutz\/\" title=\"\"><span class=\"wp-block-navigation-item__label\">Datenschutz<\/span><\/a><\/li><li class=\" wp-block-navigation-item  menu-item menu-item-type-post_type menu-item-object-page wp-block-navigation-link\"><a class=\"wp-block-navigation-item__content\"  href=\"https:\/\/gruene-eichstaett.de\/eichstaett\/impressum\/\" title=\"\"><span class=\"wp-block-navigation-item__label\">Impressum<\/span><\/a><\/li><\/ul>\n\t\t\t\t\t\t\t<\/div>\n\t\t\t\t\t\t<\/div>\n\t\t\t\t\t<\/div>\n\t\t\t\t<\/div><\/nav>\n\n<nav class=\"is-responsive wp-block-navigation is-layout-flex wp-block-navigation-is-layout-flex\" \n\t\t data-wp-interactive=\"core\/navigation\" data-wp-context='{\"overlayOpenedBy\":{\"click\":false,\"hover\":false,\"focus\":false},\"type\":\"overlay\",\"roleAttribute\":\"\",\"ariaLabel\":\"Men\\u00fc\"}'><button aria-haspopup=\"dialog\" aria-label=\"Men\u00fc \u00f6ffnen\" class=\"wp-block-navigation__responsive-container-open\" \n\t\t\t\tdata-wp-on--click=\"actions.openMenuOnClick\"\n\t\t\t\tdata-wp-on--keydown=\"actions.handleMenuKeydown\"\n\t\t\t><svg width=\"24\" height=\"24\" xmlns=\"http:\/\/www.w3.org\/2000\/svg\" viewBox=\"0 0 24 24\" aria-hidden=\"true\" focusable=\"false\"><path d=\"M4 7.5h16v1.5H4z\"><\/path><path d=\"M4 15h16v1.5H4z\"><\/path><\/svg><\/button>\n\t\t\t\t<div class=\"wp-block-navigation__responsive-container\"  id=\"modal-2\" \n\t\t\t\tdata-wp-class--has-modal-open=\"state.isMenuOpen\"\n\t\t\t\tdata-wp-class--is-menu-open=\"state.isMenuOpen\"\n\t\t\t\tdata-wp-watch=\"callbacks.initMenu\"\n\t\t\t\tdata-wp-on--keydown=\"actions.handleMenuKeydown\"\n\t\t\t\tdata-wp-on--focusout=\"actions.handleMenuFocusout\"\n\t\t\t\ttabindex=\"-1\"\n\t\t\t>\n\t\t\t\t\t<div class=\"wp-block-navigation__responsive-close\" tabindex=\"-1\">\n\t\t\t\t\t\t<div class=\"wp-block-navigation__responsive-dialog\" \n\t\t\t\tdata-wp-bind--aria-modal=\"state.ariaModal\"\n\t\t\t\tdata-wp-bind--aria-label=\"state.ariaLabel\"\n\t\t\t\tdata-wp-bind--role=\"state.roleAttribute\"\n\t\t\t>\n\t\t\t\t\t\t\t<button aria-label=\"Men\u00fc schlie\u00dfen\" class=\"wp-block-navigation__responsive-container-close\" \n\t\t\t\tdata-wp-on--click=\"actions.closeMenuOnClick\"\n\t\t\t><svg xmlns=\"http:\/\/www.w3.org\/2000\/svg\" viewBox=\"0 0 24 24\" width=\"24\" height=\"24\" aria-hidden=\"true\" focusable=\"false\"><path d=\"m13.06 12 6.47-6.47-1.06-1.06L12 10.94 5.53 4.47 4.47 5.53 10.94 12l-6.47 6.47 1.06 1.06L12 13.06l6.47 6.47 1.06-1.06L13.06 12Z\"><\/path><\/svg><\/button>\n\t\t\t\t\t\t\t<div class=\"wp-block-navigation__responsive-container-content\" \n\t\t\t\tdata-wp-watch=\"callbacks.focusFirstElement\"\n\t\t\t id=\"modal-2-content\">\n\t\t\t\t\t\t\t\t<ul class=\"wp-block-navigation__container is-responsive wp-block-navigation\"><li class=\" wp-block-navigation-item  menu-item menu-item-type-custom menu-item-object-custom wp-block-navigation-link\"><a class=\"wp-block-navigation-item__content\"  href=\"https:\/\/gruene-eichstaett.de\/datenschutz\/\" title=\"\"><span class=\"wp-block-navigation-item__label\">Datenschutz<\/span><\/a><\/li><li class=\" wp-block-navigation-item  menu-item menu-item-type-post_type menu-item-object-page wp-block-navigation-link\"><a class=\"wp-block-navigation-item__content\"  href=\"https:\/\/gruene-eichstaett.de\/eichstaett\/impressum\/\" title=\"\"><span class=\"wp-block-navigation-item__label\">Impressum<\/span><\/a><\/li><\/ul>\n\t\t\t\t\t\t\t<\/div>\n\t\t\t\t\t\t<\/div>\n\t\t\t\t\t<\/div>\n\t\t\t\t<\/div><\/nav>","protected":false},"excerpt":{"rendered":"<p>Natur- und Klimaschutz Wir wollen ein gr\u00fcnes Eichst\u00e4tt, das atmet \u2013 mit schattenspendenden B\u00e4umen, lebendigen B\u00f6den und einem nat\u00fcrlichen Wasserkreislauf, der unsere Stadt widerstandsf\u00e4hig und sch\u00f6n zugleich macht. Gemeinsam schaffen [&hellip;]<\/p>\n","protected":false},"author":23,"featured_media":0,"parent":0,"menu_order":0,"comment_status":"closed","ping_status":"closed","template":"","meta":{"footnotes":""},"class_list":["post-181","page","type-page","status-publish","hentry"],"yoast_head":"<!-- This site is optimized with the Yoast SEO plugin v27.4 - https:\/\/yoast.com\/product\/yoast-seo-wordpress\/ -->\n<title>Unser Programm f\u00fcr die Stadtratswahl am 8. M\u00e4rz 2026 - B\u00dcNDNIS 90\/DIE GR\u00dcNEN<\/title>\n<meta name=\"robots\" content=\"index, follow, max-snippet:-1, max-image-preview:large, max-video-preview:-1\" \/>\n<link rel=\"canonical\" href=\"https:\/\/gruene-eichstaett.de\/eichstaett\/programm-kommunalwahl-2026\/\" \/>\n<meta property=\"og:locale\" content=\"de_DE\" \/>\n<meta property=\"og:type\" content=\"article\" \/>\n<meta property=\"og:title\" content=\"Unser Programm f\u00fcr die Stadtratswahl am 8. M\u00e4rz 2026 - B\u00dcNDNIS 90\/DIE GR\u00dcNEN\" \/>\n<meta property=\"og:description\" content=\"Natur- und Klimaschutz Wir wollen ein gr\u00fcnes Eichst\u00e4tt, das atmet \u2013 mit schattenspendenden B\u00e4umen, lebendigen B\u00f6den und einem nat\u00fcrlichen Wasserkreislauf, der unsere Stadt widerstandsf\u00e4hig und sch\u00f6n zugleich macht. Gemeinsam schaffen [&hellip;]\" \/>\n<meta property=\"og:url\" content=\"https:\/\/gruene-eichstaett.de\/eichstaett\/programm-kommunalwahl-2026\/\" \/>\n<meta property=\"og:site_name\" content=\"B\u00dcNDNIS 90\/DIE GR\u00dcNEN\" \/>\n<meta property=\"article:modified_time\" content=\"2026-01-17T11:13:02+00:00\" \/>\n<meta name=\"twitter:card\" content=\"summary_large_image\" \/>\n<meta name=\"twitter:label1\" content=\"Gesch\u00e4tzte Lesezeit\" \/>\n\t<meta name=\"twitter:data1\" content=\"7\u00a0Minuten\" \/>\n<script type=\"application\/ld+json\" class=\"yoast-schema-graph\">{\"@context\":\"https:\\\/\\\/schema.org\",\"@graph\":[{\"@type\":\"WebPage\",\"@id\":\"https:\\\/\\\/gruene-eichstaett.de\\\/eichstaett\\\/programm-kommunalwahl-2026\\\/\",\"url\":\"https:\\\/\\\/gruene-eichstaett.de\\\/eichstaett\\\/programm-kommunalwahl-2026\\\/\",\"name\":\"Unser Programm f\u00fcr die Stadtratswahl am 8. M\u00e4rz 2026 - B\u00dcNDNIS 90\\\/DIE GR\u00dcNEN\",\"isPartOf\":{\"@id\":\"https:\\\/\\\/gruene-eichstaett.de\\\/eichstaett\\\/#website\"},\"datePublished\":\"2026-01-17T10:51:49+00:00\",\"dateModified\":\"2026-01-17T11:13:02+00:00\",\"breadcrumb\":{\"@id\":\"https:\\\/\\\/gruene-eichstaett.de\\\/eichstaett\\\/programm-kommunalwahl-2026\\\/#breadcrumb\"},\"inLanguage\":\"de\",\"potentialAction\":[{\"@type\":\"ReadAction\",\"target\":[\"https:\\\/\\\/gruene-eichstaett.de\\\/eichstaett\\\/programm-kommunalwahl-2026\\\/\"]}]},{\"@type\":\"BreadcrumbList\",\"@id\":\"https:\\\/\\\/gruene-eichstaett.de\\\/eichstaett\\\/programm-kommunalwahl-2026\\\/#breadcrumb\",\"itemListElement\":[{\"@type\":\"ListItem\",\"position\":1,\"name\":\"Startseite\",\"item\":\"https:\\\/\\\/gruene-eichstaett.de\\\/eichstaett\\\/\"},{\"@type\":\"ListItem\",\"position\":2,\"name\":\"Unser Programm f\u00fcr die Stadtratswahl am 8. M\u00e4rz 2026\"}]},{\"@type\":\"WebSite\",\"@id\":\"https:\\\/\\\/gruene-eichstaett.de\\\/eichstaett\\\/#website\",\"url\":\"https:\\\/\\\/gruene-eichstaett.de\\\/eichstaett\\\/\",\"name\":\"B\u00dcNDNIS 90\\\/DIE GR\u00dcNEN\",\"description\":\"OV Eichst\u00e4tt\",\"publisher\":{\"@id\":\"https:\\\/\\\/gruene-eichstaett.de\\\/eichstaett\\\/#organization\"},\"potentialAction\":[{\"@type\":\"SearchAction\",\"target\":{\"@type\":\"EntryPoint\",\"urlTemplate\":\"https:\\\/\\\/gruene-eichstaett.de\\\/eichstaett\\\/?s={search_term_string}\"},\"query-input\":{\"@type\":\"PropertyValueSpecification\",\"valueRequired\":true,\"valueName\":\"search_term_string\"}}],\"inLanguage\":\"de\"},{\"@type\":\"Organization\",\"@id\":\"https:\\\/\\\/gruene-eichstaett.de\\\/eichstaett\\\/#organization\",\"name\":\"B\u00dcNDNIS 90\\\/DIE GR\u00dcNEN\",\"url\":\"https:\\\/\\\/gruene-eichstaett.de\\\/eichstaett\\\/\",\"logo\":{\"@type\":\"ImageObject\",\"inLanguage\":\"de\",\"@id\":\"https:\\\/\\\/gruene-eichstaett.de\\\/eichstaett\\\/#\\\/schema\\\/logo\\\/image\\\/\",\"url\":\"http:\\\/\\\/gruene-eichstaett.de\\\/eichstaett\\\/wp-content\\\/uploads\\\/sites\\\/12\\\/2021\\\/12\\\/Profilbild-Sonenblume.png\",\"contentUrl\":\"http:\\\/\\\/gruene-eichstaett.de\\\/eichstaett\\\/wp-content\\\/uploads\\\/sites\\\/12\\\/2021\\\/12\\\/Profilbild-Sonenblume.png\",\"width\":500,\"height\":500,\"caption\":\"B\u00dcNDNIS 90\\\/DIE GR\u00dcNEN\"},\"image\":{\"@id\":\"https:\\\/\\\/gruene-eichstaett.de\\\/eichstaett\\\/#\\\/schema\\\/logo\\\/image\\\/\"}}]}<\/script>\n<!-- \/ Yoast SEO plugin. -->","yoast_head_json":{"title":"Unser Programm f\u00fcr die Stadtratswahl am 8. M\u00e4rz 2026 - B\u00dcNDNIS 90\/DIE GR\u00dcNEN","robots":{"index":"index","follow":"follow","max-snippet":"max-snippet:-1","max-image-preview":"max-image-preview:large","max-video-preview":"max-video-preview:-1"},"canonical":"https:\/\/gruene-eichstaett.de\/eichstaett\/programm-kommunalwahl-2026\/","og_locale":"de_DE","og_type":"article","og_title":"Unser Programm f\u00fcr die Stadtratswahl am 8. M\u00e4rz 2026 - B\u00dcNDNIS 90\/DIE GR\u00dcNEN","og_description":"Natur- und Klimaschutz Wir wollen ein gr\u00fcnes Eichst\u00e4tt, das atmet \u2013 mit schattenspendenden B\u00e4umen, lebendigen B\u00f6den und einem nat\u00fcrlichen Wasserkreislauf, der unsere Stadt widerstandsf\u00e4hig und sch\u00f6n zugleich macht. Gemeinsam schaffen [&hellip;]","og_url":"https:\/\/gruene-eichstaett.de\/eichstaett\/programm-kommunalwahl-2026\/","og_site_name":"B\u00dcNDNIS 90\/DIE GR\u00dcNEN","article_modified_time":"2026-01-17T11:13:02+00:00","twitter_card":"summary_large_image","twitter_misc":{"Gesch\u00e4tzte Lesezeit":"7\u00a0Minuten"},"schema":{"@context":"https:\/\/schema.org","@graph":[{"@type":"WebPage","@id":"https:\/\/gruene-eichstaett.de\/eichstaett\/programm-kommunalwahl-2026\/","url":"https:\/\/gruene-eichstaett.de\/eichstaett\/programm-kommunalwahl-2026\/","name":"Unser Programm f\u00fcr die Stadtratswahl am 8. M\u00e4rz 2026 - B\u00dcNDNIS 90\/DIE GR\u00dcNEN","isPartOf":{"@id":"https:\/\/gruene-eichstaett.de\/eichstaett\/#website"},"datePublished":"2026-01-17T10:51:49+00:00","dateModified":"2026-01-17T11:13:02+00:00","breadcrumb":{"@id":"https:\/\/gruene-eichstaett.de\/eichstaett\/programm-kommunalwahl-2026\/#breadcrumb"},"inLanguage":"de","potentialAction":[{"@type":"ReadAction","target":["https:\/\/gruene-eichstaett.de\/eichstaett\/programm-kommunalwahl-2026\/"]}]},{"@type":"BreadcrumbList","@id":"https:\/\/gruene-eichstaett.de\/eichstaett\/programm-kommunalwahl-2026\/#breadcrumb","itemListElement":[{"@type":"ListItem","position":1,"name":"Startseite","item":"https:\/\/gruene-eichstaett.de\/eichstaett\/"},{"@type":"ListItem","position":2,"name":"Unser Programm f\u00fcr die Stadtratswahl am 8. M\u00e4rz 2026"}]},{"@type":"WebSite","@id":"https:\/\/gruene-eichstaett.de\/eichstaett\/#website","url":"https:\/\/gruene-eichstaett.de\/eichstaett\/","name":"B\u00dcNDNIS 90\/DIE GR\u00dcNEN","description":"OV Eichst\u00e4tt","publisher":{"@id":"https:\/\/gruene-eichstaett.de\/eichstaett\/#organization"},"potentialAction":[{"@type":"SearchAction","target":{"@type":"EntryPoint","urlTemplate":"https:\/\/gruene-eichstaett.de\/eichstaett\/?s={search_term_string}"},"query-input":{"@type":"PropertyValueSpecification","valueRequired":true,"valueName":"search_term_string"}}],"inLanguage":"de"},{"@type":"Organization","@id":"https:\/\/gruene-eichstaett.de\/eichstaett\/#organization","name":"B\u00dcNDNIS 90\/DIE GR\u00dcNEN","url":"https:\/\/gruene-eichstaett.de\/eichstaett\/","logo":{"@type":"ImageObject","inLanguage":"de","@id":"https:\/\/gruene-eichstaett.de\/eichstaett\/#\/schema\/logo\/image\/","url":"http:\/\/gruene-eichstaett.de\/eichstaett\/wp-content\/uploads\/sites\/12\/2021\/12\/Profilbild-Sonenblume.png","contentUrl":"http:\/\/gruene-eichstaett.de\/eichstaett\/wp-content\/uploads\/sites\/12\/2021\/12\/Profilbild-Sonenblume.png","width":500,"height":500,"caption":"B\u00dcNDNIS 90\/DIE GR\u00dcNEN"},"image":{"@id":"https:\/\/gruene-eichstaett.de\/eichstaett\/#\/schema\/logo\/image\/"}}]}},"_links":{"self":[{"href":"https:\/\/gruene-eichstaett.de\/eichstaett\/wp-json\/wp\/v2\/pages\/181","targetHints":{"allow":["GET"]}}],"collection":[{"href":"https:\/\/gruene-eichstaett.de\/eichstaett\/wp-json\/wp\/v2\/pages"}],"about":[{"href":"https:\/\/gruene-eichstaett.de\/eichstaett\/wp-json\/wp\/v2\/types\/page"}],"author":[{"embeddable":true,"href":"https:\/\/gruene-eichstaett.de\/eichstaett\/wp-json\/wp\/v2\/users\/23"}],"replies":[{"embeddable":true,"href":"https:\/\/gruene-eichstaett.de\/eichstaett\/wp-json\/wp\/v2\/comments?post=181"}],"version-history":[{"count":13,"href":"https:\/\/gruene-eichstaett.de\/eichstaett\/wp-json\/wp\/v2\/pages\/181\/revisions"}],"predecessor-version":[{"id":196,"href":"https:\/\/gruene-eichstaett.de\/eichstaett\/wp-json\/wp\/v2\/pages\/181\/revisions\/196"}],"wp:attachment":[{"href":"https:\/\/gruene-eichstaett.de\/eichstaett\/wp-json\/wp\/v2\/media?parent=181"}],"curies":[{"name":"wp","href":"https:\/\/api.w.org\/{rel}","templated":true}]}}