{"id":197,"date":"2026-01-17T12:37:54","date_gmt":"2026-01-17T11:37:54","guid":{"rendered":"https:\/\/gruene-eichstaett.de\/eichstaett\/?page_id=197"},"modified":"2026-01-25T20:33:28","modified_gmt":"2026-01-25T19:33:28","slug":"liste-kommunalwahl-2026","status":"publish","type":"page","link":"https:\/\/gruene-eichstaett.de\/eichstaett\/liste-kommunalwahl-2026\/","title":{"rendered":"Unsere Liste f\u00fcr die Stadtratswahl am 8. M\u00e4rz 2026"},"content":{"rendered":"\n<figure class=\"wp-block-image size-large\"><img loading=\"lazy\" decoding=\"async\" width=\"724\" height=\"1024\" src=\"https:\/\/gruene-eichstaett.de\/eichstaett\/wp-content\/uploads\/sites\/12\/2026\/01\/Plakat_Stadtrat_04.01.26_Endversion-2-724x1024.png\" alt=\"\" class=\"wp-image-201\" srcset=\"https:\/\/gruene-eichstaett.de\/eichstaett\/wp-content\/uploads\/sites\/12\/2026\/01\/Plakat_Stadtrat_04.01.26_Endversion-2-724x1024.png 724w, https:\/\/gruene-eichstaett.de\/eichstaett\/wp-content\/uploads\/sites\/12\/2026\/01\/Plakat_Stadtrat_04.01.26_Endversion-2-212x300.png 212w, https:\/\/gruene-eichstaett.de\/eichstaett\/wp-content\/uploads\/sites\/12\/2026\/01\/Plakat_Stadtrat_04.01.26_Endversion-2-768x1087.png 768w, https:\/\/gruene-eichstaett.de\/eichstaett\/wp-content\/uploads\/sites\/12\/2026\/01\/Plakat_Stadtrat_04.01.26_Endversion-2-1086x1536.png 1086w, https:\/\/gruene-eichstaett.de\/eichstaett\/wp-content\/uploads\/sites\/12\/2026\/01\/Plakat_Stadtrat_04.01.26_Endversion-2-1448x2048.png 1448w, https:\/\/gruene-eichstaett.de\/eichstaett\/wp-content\/uploads\/sites\/12\/2026\/01\/Plakat_Stadtrat_04.01.26_Endversion-2.png 1683w\" sizes=\"auto, (max-width: 724px) 100vw, 724px\" \/><\/figure>\n\n\n\n<hr class=\"wp-block-separator has-alpha-channel-opacity\" \/>\n\n\n\n<figure class=\"wp-block-image size-large\"><img loading=\"lazy\" decoding=\"async\" width=\"724\" height=\"1024\" src=\"https:\/\/gruene-eichstaett.de\/eichstaett\/wp-content\/uploads\/sites\/12\/2026\/01\/Plakat_Stadtrat_04.01.26_Endversion2-724x1024.png\" alt=\"\" class=\"wp-image-202\" srcset=\"https:\/\/gruene-eichstaett.de\/eichstaett\/wp-content\/uploads\/sites\/12\/2026\/01\/Plakat_Stadtrat_04.01.26_Endversion2-724x1024.png 724w, https:\/\/gruene-eichstaett.de\/eichstaett\/wp-content\/uploads\/sites\/12\/2026\/01\/Plakat_Stadtrat_04.01.26_Endversion2-212x300.png 212w, https:\/\/gruene-eichstaett.de\/eichstaett\/wp-content\/uploads\/sites\/12\/2026\/01\/Plakat_Stadtrat_04.01.26_Endversion2-768x1087.png 768w, https:\/\/gruene-eichstaett.de\/eichstaett\/wp-content\/uploads\/sites\/12\/2026\/01\/Plakat_Stadtrat_04.01.26_Endversion2-1086x1536.png 1086w, https:\/\/gruene-eichstaett.de\/eichstaett\/wp-content\/uploads\/sites\/12\/2026\/01\/Plakat_Stadtrat_04.01.26_Endversion2-1448x2048.png 1448w, https:\/\/gruene-eichstaett.de\/eichstaett\/wp-content\/uploads\/sites\/12\/2026\/01\/Plakat_Stadtrat_04.01.26_Endversion2.png 1683w\" sizes=\"auto, (max-width: 724px) 100vw, 724px\" \/><\/figure>\n\n\n\n<hr class=\"wp-block-separator has-alpha-channel-opacity\" \/>\n\n\n\n<div class=\"wp-block-media-text is-stacked-on-mobile\"><figure class=\"wp-block-media-text__media\"><img loading=\"lazy\" decoding=\"async\" width=\"1024\" height=\"624\" src=\"https:\/\/gruene-eichstaett.de\/eichstaett\/wp-content\/uploads\/sites\/12\/2026\/01\/HannahRautenberg-1024x624.png\" alt=\"\" class=\"wp-image-207 size-full\" srcset=\"https:\/\/gruene-eichstaett.de\/eichstaett\/wp-content\/uploads\/sites\/12\/2026\/01\/HannahRautenberg-1024x624.png 1024w, https:\/\/gruene-eichstaett.de\/eichstaett\/wp-content\/uploads\/sites\/12\/2026\/01\/HannahRautenberg-300x183.png 300w, https:\/\/gruene-eichstaett.de\/eichstaett\/wp-content\/uploads\/sites\/12\/2026\/01\/HannahRautenberg-768x468.png 768w, https:\/\/gruene-eichstaett.de\/eichstaett\/wp-content\/uploads\/sites\/12\/2026\/01\/HannahRautenberg.png 1078w\" sizes=\"auto, (max-width: 1024px) 100vw, 1024px\" \/><\/figure><div class=\"wp-block-media-text__content\">\n<blockquote class=\"wp-block-quote is-layout-flow wp-block-quote-is-layout-flow\">\n<p>&#8222;Mein Eichst\u00e4tt ist ein Ort, an dem alle Menschen unterschiedlicher Generationen, Parteien, Bildung, Herkunft, Religionen oder Geschlechter gemeinsam daf\u00fcr sorgen, dass Eichst\u00e4tt so ein liebenswerter Ort bleibt.&#8220;<\/p>\n<\/blockquote>\n<\/div><\/div>\n\n\n\n<hr class=\"wp-block-separator has-alpha-channel-opacity\" \/>\n\n\n\n<div class=\"wp-block-media-text is-stacked-on-mobile\"><figure class=\"wp-block-media-text__media\"><img loading=\"lazy\" decoding=\"async\" width=\"1024\" height=\"624\" src=\"https:\/\/gruene-eichstaett.de\/eichstaett\/wp-content\/uploads\/sites\/12\/2026\/01\/Klaus-Bittlmayer-1024x624.png\" alt=\"\" class=\"wp-image-209 size-full\" srcset=\"https:\/\/gruene-eichstaett.de\/eichstaett\/wp-content\/uploads\/sites\/12\/2026\/01\/Klaus-Bittlmayer-1024x624.png 1024w, https:\/\/gruene-eichstaett.de\/eichstaett\/wp-content\/uploads\/sites\/12\/2026\/01\/Klaus-Bittlmayer-300x183.png 300w, https:\/\/gruene-eichstaett.de\/eichstaett\/wp-content\/uploads\/sites\/12\/2026\/01\/Klaus-Bittlmayer-768x468.png 768w, https:\/\/gruene-eichstaett.de\/eichstaett\/wp-content\/uploads\/sites\/12\/2026\/01\/Klaus-Bittlmayer.png 1080w\" sizes=\"auto, (max-width: 1024px) 100vw, 1024px\" \/><\/figure><div class=\"wp-block-media-text__content\">\n<blockquote class=\"wp-block-quote is-layout-flow wp-block-quote-is-layout-flow\">\n<p>&#8222;Der konsequente Blick auf Klimaschutz, soziale Gerechtigkeit und die Nachhaltigkeit ist f\u00fcr mich grundlegend bei allen Entscheidungen im Eichst\u00e4tter Stadtrat.&#8220;<\/p>\n<\/blockquote>\n<\/div><\/div>\n\n\n\n<hr class=\"wp-block-separator has-alpha-channel-opacity\" \/>\n\n\n\n<div class=\"wp-block-media-text is-stacked-on-mobile\"><figure class=\"wp-block-media-text__media\"><img loading=\"lazy\" decoding=\"async\" width=\"1024\" height=\"626\" src=\"https:\/\/gruene-eichstaett.de\/eichstaett\/wp-content\/uploads\/sites\/12\/2026\/01\/Simone_Zink-1024x626.png\" alt=\"\" class=\"wp-image-210 size-full\" srcset=\"https:\/\/gruene-eichstaett.de\/eichstaett\/wp-content\/uploads\/sites\/12\/2026\/01\/Simone_Zink-1024x626.png 1024w, https:\/\/gruene-eichstaett.de\/eichstaett\/wp-content\/uploads\/sites\/12\/2026\/01\/Simone_Zink-300x183.png 300w, https:\/\/gruene-eichstaett.de\/eichstaett\/wp-content\/uploads\/sites\/12\/2026\/01\/Simone_Zink-768x469.png 768w, https:\/\/gruene-eichstaett.de\/eichstaett\/wp-content\/uploads\/sites\/12\/2026\/01\/Simone_Zink.png 1078w\" sizes=\"auto, (max-width: 1024px) 100vw, 1024px\" \/><\/figure><div class=\"wp-block-media-text__content\">\n<blockquote class=\"wp-block-quote is-layout-flow wp-block-quote-is-layout-flow\">\n<p>&#8222;Eichst\u00e4tt hei\u00dft f\u00fcr mich, mit offenen Augen und weitem Herzen den kommenden Herausforderungen l\u00f6sungsorientiert zu begegnen.&#8220;<\/p>\n<\/blockquote>\n<\/div><\/div>\n\n\n\n<hr class=\"wp-block-separator has-alpha-channel-opacity\" \/>\n\n\n\n<div class=\"wp-block-media-text is-stacked-on-mobile\"><figure class=\"wp-block-media-text__media\"><img loading=\"lazy\" decoding=\"async\" width=\"1024\" height=\"625\" src=\"https:\/\/gruene-eichstaett.de\/eichstaett\/wp-content\/uploads\/sites\/12\/2026\/01\/Thomas_Maget-1024x625.png\" alt=\"\" class=\"wp-image-211 size-full\" srcset=\"https:\/\/gruene-eichstaett.de\/eichstaett\/wp-content\/uploads\/sites\/12\/2026\/01\/Thomas_Maget-1024x625.png 1024w, https:\/\/gruene-eichstaett.de\/eichstaett\/wp-content\/uploads\/sites\/12\/2026\/01\/Thomas_Maget-300x183.png 300w, https:\/\/gruene-eichstaett.de\/eichstaett\/wp-content\/uploads\/sites\/12\/2026\/01\/Thomas_Maget-768x469.png 768w, https:\/\/gruene-eichstaett.de\/eichstaett\/wp-content\/uploads\/sites\/12\/2026\/01\/Thomas_Maget.png 1080w\" sizes=\"auto, (max-width: 1024px) 100vw, 1024px\" \/><\/figure><div class=\"wp-block-media-text__content\">\n<blockquote class=\"wp-block-quote is-layout-flow wp-block-quote-is-layout-flow\">\n<p>&#8222;Meine Vision: Eichst\u00e4tt &#8211; eine Stadt, in der alle sicher und entspannt unterwegs sein k\u00f6nnen. Egal ob zu Fu\u00df, mit Fahrrad, Bus oder Auto.&#8220;<\/p>\n<\/blockquote>\n<\/div><\/div>\n\n\n\n<hr class=\"wp-block-separator has-alpha-channel-opacity\" \/>\n\n\n\n<div class=\"wp-block-media-text is-stacked-on-mobile\"><figure class=\"wp-block-media-text__media\"><img loading=\"lazy\" decoding=\"async\" width=\"1024\" height=\"626\" src=\"https:\/\/gruene-eichstaett.de\/eichstaett\/wp-content\/uploads\/sites\/12\/2026\/01\/Seher_Demir-1024x626.png\" alt=\"\" class=\"wp-image-212 size-full\" srcset=\"https:\/\/gruene-eichstaett.de\/eichstaett\/wp-content\/uploads\/sites\/12\/2026\/01\/Seher_Demir-1024x626.png 1024w, https:\/\/gruene-eichstaett.de\/eichstaett\/wp-content\/uploads\/sites\/12\/2026\/01\/Seher_Demir-300x183.png 300w, https:\/\/gruene-eichstaett.de\/eichstaett\/wp-content\/uploads\/sites\/12\/2026\/01\/Seher_Demir-768x469.png 768w, https:\/\/gruene-eichstaett.de\/eichstaett\/wp-content\/uploads\/sites\/12\/2026\/01\/Seher_Demir.png 1080w\" sizes=\"auto, (max-width: 1024px) 100vw, 1024px\" \/><\/figure><div class=\"wp-block-media-text__content\">\n<blockquote class=\"wp-block-quote is-layout-flow wp-block-quote-is-layout-flow\">\n<p>&#8222;Ich w\u00fcnsche mir ein Eichst\u00e4tt, in dem Respekt, Empathie und Zusammenhalt gelebt werden. Ich will Br\u00fccken bauen, Dialog f\u00f6rdern und unterschiedliche Perspektiven zusammenbringen \u2013 f\u00fcr sp\u00fcrbare Verbesserungen in unserer Stadt.&#8220;<\/p>\n<\/blockquote>\n<\/div><\/div>\n\n\n\n<hr class=\"wp-block-separator has-alpha-channel-opacity\" \/>\n\n\n\n<div class=\"wp-block-media-text is-stacked-on-mobile\"><figure class=\"wp-block-media-text__media\"><img loading=\"lazy\" decoding=\"async\" width=\"1024\" height=\"625\" src=\"https:\/\/gruene-eichstaett.de\/eichstaett\/wp-content\/uploads\/sites\/12\/2026\/01\/Wolfgang_Wollny-1024x625.png\" alt=\"\" class=\"wp-image-215 size-full\" srcset=\"https:\/\/gruene-eichstaett.de\/eichstaett\/wp-content\/uploads\/sites\/12\/2026\/01\/Wolfgang_Wollny-1024x625.png 1024w, https:\/\/gruene-eichstaett.de\/eichstaett\/wp-content\/uploads\/sites\/12\/2026\/01\/Wolfgang_Wollny-300x183.png 300w, https:\/\/gruene-eichstaett.de\/eichstaett\/wp-content\/uploads\/sites\/12\/2026\/01\/Wolfgang_Wollny-768x469.png 768w, https:\/\/gruene-eichstaett.de\/eichstaett\/wp-content\/uploads\/sites\/12\/2026\/01\/Wolfgang_Wollny.png 1080w\" sizes=\"auto, (max-width: 1024px) 100vw, 1024px\" \/><\/figure><div class=\"wp-block-media-text__content\">\n<blockquote class=\"wp-block-quote is-layout-flow wp-block-quote-is-layout-flow\">\n<p>&#8222;Gr\u00fcne Energie, starker Stadtverkehr &#8211; f\u00fcr ein innovatives und solidarisches Eichst\u00e4tt&#8220;<\/p>\n<\/blockquote>\n<\/div><\/div>\n\n\n\n<hr class=\"wp-block-separator has-alpha-channel-opacity\" \/>\n\n\n\n<div class=\"wp-block-media-text is-stacked-on-mobile\"><figure class=\"wp-block-media-text__media\"><img loading=\"lazy\" decoding=\"async\" width=\"1024\" height=\"624\" src=\"https:\/\/gruene-eichstaett.de\/eichstaett\/wp-content\/uploads\/sites\/12\/2026\/01\/Friederike_Roetzsch-Schmitt-1024x624.png\" alt=\"\" class=\"wp-image-216 size-full\" srcset=\"https:\/\/gruene-eichstaett.de\/eichstaett\/wp-content\/uploads\/sites\/12\/2026\/01\/Friederike_Roetzsch-Schmitt-1024x624.png 1024w, https:\/\/gruene-eichstaett.de\/eichstaett\/wp-content\/uploads\/sites\/12\/2026\/01\/Friederike_Roetzsch-Schmitt-300x183.png 300w, https:\/\/gruene-eichstaett.de\/eichstaett\/wp-content\/uploads\/sites\/12\/2026\/01\/Friederike_Roetzsch-Schmitt-768x468.png 768w, https:\/\/gruene-eichstaett.de\/eichstaett\/wp-content\/uploads\/sites\/12\/2026\/01\/Friederike_Roetzsch-Schmitt.png 1079w\" sizes=\"auto, (max-width: 1024px) 100vw, 1024px\" \/><\/figure><div class=\"wp-block-media-text__content\">\n<blockquote class=\"wp-block-quote is-layout-flow wp-block-quote-is-layout-flow\">\n<p>&#8222;Ein respektvoller Ton ist die Basis: Ich will die soziale Politik pr\u00e4gen und mich leidenschaftlich f\u00fcr Menschen- und Frauenrechte einsetzen.&#8220;<\/p>\n<\/blockquote>\n<\/div><\/div>\n\n\n\n<hr class=\"wp-block-separator has-alpha-channel-opacity\" \/>\n\n\n\n<div class=\"wp-block-media-text is-stacked-on-mobile\"><figure class=\"wp-block-media-text__media\"><img loading=\"lazy\" decoding=\"async\" width=\"1024\" height=\"625\" src=\"https:\/\/gruene-eichstaett.de\/eichstaett\/wp-content\/uploads\/sites\/12\/2026\/01\/Sebastian_Bernecker-1024x625.png\" alt=\"\" class=\"wp-image-217 size-full\" srcset=\"https:\/\/gruene-eichstaett.de\/eichstaett\/wp-content\/uploads\/sites\/12\/2026\/01\/Sebastian_Bernecker-1024x625.png 1024w, https:\/\/gruene-eichstaett.de\/eichstaett\/wp-content\/uploads\/sites\/12\/2026\/01\/Sebastian_Bernecker-300x183.png 300w, https:\/\/gruene-eichstaett.de\/eichstaett\/wp-content\/uploads\/sites\/12\/2026\/01\/Sebastian_Bernecker-768x469.png 768w, https:\/\/gruene-eichstaett.de\/eichstaett\/wp-content\/uploads\/sites\/12\/2026\/01\/Sebastian_Bernecker.png 1080w\" sizes=\"auto, (max-width: 1024px) 100vw, 1024px\" \/><\/figure><div class=\"wp-block-media-text__content\">\n<blockquote class=\"wp-block-quote is-layout-flow wp-block-quote-is-layout-flow\">\n<p>&#8222;Eine lebendige und lebenswerte Stadt braucht attraktive Orte, an denen Menschen sich begegnen und austauschen k\u00f6nnen. F\u00fcr ein Eichst\u00e4tt, das den Menschen in den Mittelpunkt stellt!&#8220;<\/p>\n<\/blockquote>\n<\/div><\/div>\n\n\n\n<hr class=\"wp-block-separator has-alpha-channel-opacity\" \/>\n\n\n\n<div class=\"wp-block-media-text is-stacked-on-mobile\"><figure class=\"wp-block-media-text__media\"><img loading=\"lazy\" decoding=\"async\" width=\"1024\" height=\"624\" src=\"https:\/\/gruene-eichstaett.de\/eichstaett\/wp-content\/uploads\/sites\/12\/2026\/01\/Wendy_Asamoah-1024x624.png\" alt=\"\" class=\"wp-image-218 size-full\" srcset=\"https:\/\/gruene-eichstaett.de\/eichstaett\/wp-content\/uploads\/sites\/12\/2026\/01\/Wendy_Asamoah-1024x624.png 1024w, https:\/\/gruene-eichstaett.de\/eichstaett\/wp-content\/uploads\/sites\/12\/2026\/01\/Wendy_Asamoah-300x183.png 300w, https:\/\/gruene-eichstaett.de\/eichstaett\/wp-content\/uploads\/sites\/12\/2026\/01\/Wendy_Asamoah-768x468.png 768w, https:\/\/gruene-eichstaett.de\/eichstaett\/wp-content\/uploads\/sites\/12\/2026\/01\/Wendy_Asamoah.png 1079w\" sizes=\"auto, (max-width: 1024px) 100vw, 1024px\" \/><\/figure><div class=\"wp-block-media-text__content\">\n<blockquote class=\"wp-block-quote is-layout-flow wp-block-quote-is-layout-flow\">\n<p>&#8222;Damit junge Menschen (Studies, Azubis, Sch\u00fcler*innen) Eichst\u00e4tt langfristig als Zuhause sehen k\u00f6nnen, m\u00fcssen unsere Stimmen geh\u00f6rt und wir in die Stadtplanung einbezogen werden.&#8220;<\/p>\n<\/blockquote>\n<\/div><\/div>\n\n\n\n<hr class=\"wp-block-separator has-alpha-channel-opacity\" \/>\n\n\n\n<div class=\"wp-block-media-text is-stacked-on-mobile\"><figure class=\"wp-block-media-text__media\"><img loading=\"lazy\" decoding=\"async\" width=\"1024\" height=\"624\" src=\"https:\/\/gruene-eichstaett.de\/eichstaett\/wp-content\/uploads\/sites\/12\/2026\/01\/Florian_Ketterl-1024x624.png\" alt=\"\" class=\"wp-image-219 size-full\" srcset=\"https:\/\/gruene-eichstaett.de\/eichstaett\/wp-content\/uploads\/sites\/12\/2026\/01\/Florian_Ketterl-1024x624.png 1024w, https:\/\/gruene-eichstaett.de\/eichstaett\/wp-content\/uploads\/sites\/12\/2026\/01\/Florian_Ketterl-300x183.png 300w, https:\/\/gruene-eichstaett.de\/eichstaett\/wp-content\/uploads\/sites\/12\/2026\/01\/Florian_Ketterl-768x468.png 768w, https:\/\/gruene-eichstaett.de\/eichstaett\/wp-content\/uploads\/sites\/12\/2026\/01\/Florian_Ketterl.png 1080w\" sizes=\"auto, (max-width: 1024px) 100vw, 1024px\" \/><\/figure><div class=\"wp-block-media-text__content\">\n<blockquote class=\"wp-block-quote is-layout-flow wp-block-quote-is-layout-flow\">\n<p>&#8222;Ich w\u00fcnsche mir ein Eichst\u00e4tt, in dem alle gl\u00fccklich leben k\u00f6nnen, in Notsituationen unterst\u00fctzt werden und keine Angst vor Ausgrenzung haben m\u00fcssen.&#8220;<\/p>\n<\/blockquote>\n<\/div><\/div>\n\n\n\n<hr class=\"wp-block-separator has-alpha-channel-opacity\" \/>\n\n\n\n<div class=\"wp-block-media-text is-stacked-on-mobile\"><figure class=\"wp-block-media-text__media\"><img loading=\"lazy\" decoding=\"async\" width=\"1024\" height=\"624\" src=\"https:\/\/gruene-eichstaett.de\/eichstaett\/wp-content\/uploads\/sites\/12\/2026\/01\/Veronika_Hecht-1024x624.png\" alt=\"\" class=\"wp-image-220 size-full\" srcset=\"https:\/\/gruene-eichstaett.de\/eichstaett\/wp-content\/uploads\/sites\/12\/2026\/01\/Veronika_Hecht-1024x624.png 1024w, https:\/\/gruene-eichstaett.de\/eichstaett\/wp-content\/uploads\/sites\/12\/2026\/01\/Veronika_Hecht-300x183.png 300w, https:\/\/gruene-eichstaett.de\/eichstaett\/wp-content\/uploads\/sites\/12\/2026\/01\/Veronika_Hecht-768x468.png 768w, https:\/\/gruene-eichstaett.de\/eichstaett\/wp-content\/uploads\/sites\/12\/2026\/01\/Veronika_Hecht.png 1078w\" sizes=\"auto, (max-width: 1024px) 100vw, 1024px\" \/><\/figure><div class=\"wp-block-media-text__content\">\n<blockquote class=\"wp-block-quote is-layout-flow wp-block-quote-is-layout-flow\">\n<p>&#8222;Ich w\u00fcnsche mir ein weltoffenes und zukunftsgewandtes Eichst\u00e4tt, in dem wir gemeinsam kreative Ideen entwickeln und neue Wege beschreiten.&#8220;<\/p>\n<\/blockquote>\n<\/div><\/div>\n\n\n\n<hr class=\"wp-block-separator has-alpha-channel-opacity\" \/>\n\n\n\n<div class=\"wp-block-media-text is-stacked-on-mobile\"><figure class=\"wp-block-media-text__media\"><img loading=\"lazy\" decoding=\"async\" width=\"1024\" height=\"626\" src=\"https:\/\/gruene-eichstaett.de\/eichstaett\/wp-content\/uploads\/sites\/12\/2026\/01\/Thomas_Hinterschwepfinger-1024x626.png\" alt=\"\" class=\"wp-image-221 size-full\" srcset=\"https:\/\/gruene-eichstaett.de\/eichstaett\/wp-content\/uploads\/sites\/12\/2026\/01\/Thomas_Hinterschwepfinger-1024x626.png 1024w, https:\/\/gruene-eichstaett.de\/eichstaett\/wp-content\/uploads\/sites\/12\/2026\/01\/Thomas_Hinterschwepfinger-300x183.png 300w, https:\/\/gruene-eichstaett.de\/eichstaett\/wp-content\/uploads\/sites\/12\/2026\/01\/Thomas_Hinterschwepfinger-768x469.png 768w, https:\/\/gruene-eichstaett.de\/eichstaett\/wp-content\/uploads\/sites\/12\/2026\/01\/Thomas_Hinterschwepfinger.png 1080w\" sizes=\"auto, (max-width: 1024px) 100vw, 1024px\" \/><\/figure><div class=\"wp-block-media-text__content\">\n<blockquote class=\"wp-block-quote is-layout-flow wp-block-quote-is-layout-flow\">\n<p>&#8222;Tragf\u00e4hige und vorausschauende Entscheidungen entstehen nur im gemeinsamen Dialog. Deshalb m\u00f6chte ich im Stadtrat das konstruktive Miteinander st\u00e4rken. Gemeinsam machen wir unser Eichst\u00e4tt bereit f\u00fcr die Zukunft.&#8220;<\/p>\n<\/blockquote>\n<\/div><\/div>\n\n\n\n<hr class=\"wp-block-separator has-alpha-channel-opacity\" \/>\n\n\n\n<div class=\"wp-block-media-text is-stacked-on-mobile\"><figure class=\"wp-block-media-text__media\"><img loading=\"lazy\" decoding=\"async\" width=\"1024\" height=\"626\" src=\"https:\/\/gruene-eichstaett.de\/eichstaett\/wp-content\/uploads\/sites\/12\/2026\/01\/Inka_Lezius-1024x626.png\" alt=\"\" class=\"wp-image-222 size-full\" srcset=\"https:\/\/gruene-eichstaett.de\/eichstaett\/wp-content\/uploads\/sites\/12\/2026\/01\/Inka_Lezius-1024x626.png 1024w, https:\/\/gruene-eichstaett.de\/eichstaett\/wp-content\/uploads\/sites\/12\/2026\/01\/Inka_Lezius-300x183.png 300w, https:\/\/gruene-eichstaett.de\/eichstaett\/wp-content\/uploads\/sites\/12\/2026\/01\/Inka_Lezius-768x469.png 768w, https:\/\/gruene-eichstaett.de\/eichstaett\/wp-content\/uploads\/sites\/12\/2026\/01\/Inka_Lezius.png 1080w\" sizes=\"auto, (max-width: 1024px) 100vw, 1024px\" \/><\/figure><div class=\"wp-block-media-text__content\">\n<blockquote class=\"wp-block-quote is-layout-flow wp-block-quote-is-layout-flow\">\n<p>&#8222;Eine lebenswerte Stadt braucht starke Frauen, gl\u00fcckliche Familien und eine lebendige Gemeinschaft.&#8220;<\/p>\n<\/blockquote>\n<\/div><\/div>\n\n\n\n<hr class=\"wp-block-separator has-alpha-channel-opacity\" \/>\n\n\n\n<div class=\"wp-block-media-text is-stacked-on-mobile\"><figure class=\"wp-block-media-text__media\"><img loading=\"lazy\" decoding=\"async\" width=\"1024\" height=\"623\" src=\"https:\/\/gruene-eichstaett.de\/eichstaett\/wp-content\/uploads\/sites\/12\/2026\/01\/Achim_Schindler-1024x623.png\" alt=\"\" class=\"wp-image-223 size-full\" srcset=\"https:\/\/gruene-eichstaett.de\/eichstaett\/wp-content\/uploads\/sites\/12\/2026\/01\/Achim_Schindler-1024x623.png 1024w, https:\/\/gruene-eichstaett.de\/eichstaett\/wp-content\/uploads\/sites\/12\/2026\/01\/Achim_Schindler-300x183.png 300w, https:\/\/gruene-eichstaett.de\/eichstaett\/wp-content\/uploads\/sites\/12\/2026\/01\/Achim_Schindler-768x467.png 768w, https:\/\/gruene-eichstaett.de\/eichstaett\/wp-content\/uploads\/sites\/12\/2026\/01\/Achim_Schindler.png 1080w\" sizes=\"auto, (max-width: 1024px) 100vw, 1024px\" \/><\/figure><div class=\"wp-block-media-text__content\">\n<blockquote class=\"wp-block-quote is-layout-flow wp-block-quote-is-layout-flow\">\n<p>*Gr\u00fcne Energie und mehr naturnahe Pl\u00e4tze in Eichst\u00e4tt. F\u00fcr Nachhaltigkeit und eine h\u00f6here Aufenthaltsqualit\u00e4t in einer belebten Innenstadt.&#8220;<\/p>\n<\/blockquote>\n<\/div><\/div>\n\n\n\n<hr class=\"wp-block-separator has-alpha-channel-opacity\" \/>\n\n\n\n<div class=\"wp-block-media-text is-stacked-on-mobile\"><figure class=\"wp-block-media-text__media\"><img loading=\"lazy\" decoding=\"async\" width=\"1024\" height=\"625\" src=\"https:\/\/gruene-eichstaett.de\/eichstaett\/wp-content\/uploads\/sites\/12\/2026\/01\/Tina_Matsche-1024x625.png\" alt=\"\" class=\"wp-image-224 size-full\" srcset=\"https:\/\/gruene-eichstaett.de\/eichstaett\/wp-content\/uploads\/sites\/12\/2026\/01\/Tina_Matsche-1024x625.png 1024w, https:\/\/gruene-eichstaett.de\/eichstaett\/wp-content\/uploads\/sites\/12\/2026\/01\/Tina_Matsche-300x183.png 300w, https:\/\/gruene-eichstaett.de\/eichstaett\/wp-content\/uploads\/sites\/12\/2026\/01\/Tina_Matsche-768x469.png 768w, https:\/\/gruene-eichstaett.de\/eichstaett\/wp-content\/uploads\/sites\/12\/2026\/01\/Tina_Matsche.png 1079w\" sizes=\"auto, (max-width: 1024px) 100vw, 1024px\" \/><\/figure><div class=\"wp-block-media-text__content\">\n<blockquote class=\"wp-block-quote is-layout-flow wp-block-quote-is-layout-flow\">\n<p>&#8222;Frauen und Menschen mit Care-Verantwortung kommen im Stadtrat zu wenig vor.&nbsp;&nbsp;Eine solidarische&nbsp;&nbsp;Gemeinschaft entsteht aber nur dann, wenn alle Perspektiven mit am Tisch sitzen.&#8220;<\/p>\n<\/blockquote>\n<\/div><\/div>\n\n\n\n<hr class=\"wp-block-separator has-alpha-channel-opacity\" \/>\n\n\n\n<div class=\"wp-block-media-text is-stacked-on-mobile\"><figure class=\"wp-block-media-text__media\"><img loading=\"lazy\" decoding=\"async\" width=\"1024\" height=\"626\" src=\"https:\/\/gruene-eichstaett.de\/eichstaett\/wp-content\/uploads\/sites\/12\/2026\/01\/Bastian_Hiller-1024x626.png\" alt=\"\" class=\"wp-image-225 size-full\" srcset=\"https:\/\/gruene-eichstaett.de\/eichstaett\/wp-content\/uploads\/sites\/12\/2026\/01\/Bastian_Hiller-1024x626.png 1024w, https:\/\/gruene-eichstaett.de\/eichstaett\/wp-content\/uploads\/sites\/12\/2026\/01\/Bastian_Hiller-300x183.png 300w, https:\/\/gruene-eichstaett.de\/eichstaett\/wp-content\/uploads\/sites\/12\/2026\/01\/Bastian_Hiller-768x469.png 768w, https:\/\/gruene-eichstaett.de\/eichstaett\/wp-content\/uploads\/sites\/12\/2026\/01\/Bastian_Hiller.png 1080w\" sizes=\"auto, (max-width: 1024px) 100vw, 1024px\" \/><\/figure><div class=\"wp-block-media-text__content\">\n<blockquote class=\"wp-block-quote is-layout-flow wp-block-quote-is-layout-flow\">\n<p>&#8222;Ich w\u00fcnsche mir ein Eichst\u00e4tt, das zukunftsbereit ist, ohne hektisch zu werden, innovativ, ohne abgehoben zu sein und den Menschen in den Mittelpunkt stellt.&#8220;<\/p>\n<\/blockquote>\n<\/div><\/div>\n\n\n\n<hr class=\"wp-block-separator has-alpha-channel-opacity\" \/>\n\n\n\n<div class=\"wp-block-media-text is-stacked-on-mobile\"><figure class=\"wp-block-media-text__media\"><img loading=\"lazy\" decoding=\"async\" width=\"1024\" height=\"626\" src=\"https:\/\/gruene-eichstaett.de\/eichstaett\/wp-content\/uploads\/sites\/12\/2026\/01\/Regina_Beozzo-1024x626.png\" alt=\"\" class=\"wp-image-226 size-full\" srcset=\"https:\/\/gruene-eichstaett.de\/eichstaett\/wp-content\/uploads\/sites\/12\/2026\/01\/Regina_Beozzo-1024x626.png 1024w, https:\/\/gruene-eichstaett.de\/eichstaett\/wp-content\/uploads\/sites\/12\/2026\/01\/Regina_Beozzo-300x183.png 300w, https:\/\/gruene-eichstaett.de\/eichstaett\/wp-content\/uploads\/sites\/12\/2026\/01\/Regina_Beozzo-768x469.png 768w, https:\/\/gruene-eichstaett.de\/eichstaett\/wp-content\/uploads\/sites\/12\/2026\/01\/Regina_Beozzo.png 1080w\" sizes=\"auto, (max-width: 1024px) 100vw, 1024px\" \/><\/figure><div class=\"wp-block-media-text__content\">\n<blockquote class=\"wp-block-quote is-layout-flow wp-block-quote-is-layout-flow\">\n<p>&#8222;Mit Kindern sicher durch Eichst\u00e4tt radeln? Heute oft riskant. Wir brauchen breite, sichere Radwege und mehr Platz f\u00fcrs Fahrrad.&#8220;<\/p>\n<\/blockquote>\n<\/div><\/div>\n\n\n\n<hr class=\"wp-block-separator has-alpha-channel-opacity\" \/>\n\n\n\n<div class=\"wp-block-media-text is-stacked-on-mobile\"><figure class=\"wp-block-media-text__media\"><img loading=\"lazy\" decoding=\"async\" width=\"1024\" height=\"624\" src=\"https:\/\/gruene-eichstaett.de\/eichstaett\/wp-content\/uploads\/sites\/12\/2026\/01\/Robin_Baumgartner-1024x624.png\" alt=\"\" class=\"wp-image-227 size-full\" srcset=\"https:\/\/gruene-eichstaett.de\/eichstaett\/wp-content\/uploads\/sites\/12\/2026\/01\/Robin_Baumgartner-1024x624.png 1024w, https:\/\/gruene-eichstaett.de\/eichstaett\/wp-content\/uploads\/sites\/12\/2026\/01\/Robin_Baumgartner-300x183.png 300w, https:\/\/gruene-eichstaett.de\/eichstaett\/wp-content\/uploads\/sites\/12\/2026\/01\/Robin_Baumgartner-768x468.png 768w, https:\/\/gruene-eichstaett.de\/eichstaett\/wp-content\/uploads\/sites\/12\/2026\/01\/Robin_Baumgartner.png 1080w\" sizes=\"auto, (max-width: 1024px) 100vw, 1024px\" \/><\/figure><div class=\"wp-block-media-text__content\">\n<blockquote class=\"wp-block-quote is-layout-flow wp-block-quote-is-layout-flow\">\n<p>&#8222;Ich denke, die Natur bildet die Grundlage, die Wissenschaft zeigt die Konsequenzen und die Politik ordnet den Rahmen unseres Lebens. Ich glaube, wir schaffen das!&#8220;<\/p>\n<\/blockquote>\n<\/div><\/div>\n\n\n\n<hr class=\"wp-block-separator has-alpha-channel-opacity\" \/>\n\n\n\n<div class=\"wp-block-media-text is-stacked-on-mobile\"><figure class=\"wp-block-media-text__media\"><img loading=\"lazy\" decoding=\"async\" width=\"1024\" height=\"626\" src=\"https:\/\/gruene-eichstaett.de\/eichstaett\/wp-content\/uploads\/sites\/12\/2026\/01\/Monika_Schmitz-1024x626.png\" alt=\"\" class=\"wp-image-230 size-full\" srcset=\"https:\/\/gruene-eichstaett.de\/eichstaett\/wp-content\/uploads\/sites\/12\/2026\/01\/Monika_Schmitz-1024x626.png 1024w, https:\/\/gruene-eichstaett.de\/eichstaett\/wp-content\/uploads\/sites\/12\/2026\/01\/Monika_Schmitz-300x183.png 300w, https:\/\/gruene-eichstaett.de\/eichstaett\/wp-content\/uploads\/sites\/12\/2026\/01\/Monika_Schmitz-768x469.png 768w, https:\/\/gruene-eichstaett.de\/eichstaett\/wp-content\/uploads\/sites\/12\/2026\/01\/Monika_Schmitz.png 1080w\" sizes=\"auto, (max-width: 1024px) 100vw, 1024px\" \/><\/figure><div class=\"wp-block-media-text__content\">\n<blockquote class=\"wp-block-quote is-layout-flow wp-block-quote-is-layout-flow\">\n<p>&#8222;Mir sind alle Generationen in Eichst\u00e4tt wichtig. Ich stehe f\u00fcr ein solidarisches Miteinander, eine starke Gesellschaft und eine klare Haltung gegen Rechts.&#8220;<\/p>\n<\/blockquote>\n<\/div><\/div>\n\n\n\n<hr class=\"wp-block-separator has-alpha-channel-opacity\" \/>\n\n\n\n<div class=\"wp-block-media-text is-stacked-on-mobile\"><figure class=\"wp-block-media-text__media\"><img loading=\"lazy\" decoding=\"async\" width=\"1024\" height=\"627\" src=\"https:\/\/gruene-eichstaett.de\/eichstaett\/wp-content\/uploads\/sites\/12\/2026\/01\/Manuel_Pfister-1024x627.png\" alt=\"\" class=\"wp-image-231 size-full\" srcset=\"https:\/\/gruene-eichstaett.de\/eichstaett\/wp-content\/uploads\/sites\/12\/2026\/01\/Manuel_Pfister-1024x627.png 1024w, https:\/\/gruene-eichstaett.de\/eichstaett\/wp-content\/uploads\/sites\/12\/2026\/01\/Manuel_Pfister-300x184.png 300w, https:\/\/gruene-eichstaett.de\/eichstaett\/wp-content\/uploads\/sites\/12\/2026\/01\/Manuel_Pfister-768x470.png 768w, https:\/\/gruene-eichstaett.de\/eichstaett\/wp-content\/uploads\/sites\/12\/2026\/01\/Manuel_Pfister.png 1080w\" sizes=\"auto, (max-width: 1024px) 100vw, 1024px\" \/><\/figure><div class=\"wp-block-media-text__content\">\n<blockquote class=\"wp-block-quote is-layout-flow wp-block-quote-is-layout-flow\">\n<p>&#8222;Unser Eichst\u00e4tt ist vielf\u00e4ltig, bunt, generationen\u00fcbergreifend: Ich w\u00fcnsche mir eine Stadt, die nicht nur f\u00fcr wenige da ist, sondern f\u00fcr alle gleicherma\u00dfen.&#8220;<\/p>\n<\/blockquote>\n<\/div><\/div>\n\n\n\n<hr class=\"wp-block-separator has-alpha-channel-opacity\" \/>\n\n\n\n<div class=\"wp-block-media-text is-stacked-on-mobile\"><figure class=\"wp-block-media-text__media\"><img loading=\"lazy\" decoding=\"async\" width=\"1024\" height=\"625\" src=\"https:\/\/gruene-eichstaett.de\/eichstaett\/wp-content\/uploads\/sites\/12\/2026\/01\/Miriam_Gradl-1024x625.png\" alt=\"\" class=\"wp-image-228 size-full\" srcset=\"https:\/\/gruene-eichstaett.de\/eichstaett\/wp-content\/uploads\/sites\/12\/2026\/01\/Miriam_Gradl-1024x625.png 1024w, https:\/\/gruene-eichstaett.de\/eichstaett\/wp-content\/uploads\/sites\/12\/2026\/01\/Miriam_Gradl-300x183.png 300w, https:\/\/gruene-eichstaett.de\/eichstaett\/wp-content\/uploads\/sites\/12\/2026\/01\/Miriam_Gradl-768x469.png 768w, https:\/\/gruene-eichstaett.de\/eichstaett\/wp-content\/uploads\/sites\/12\/2026\/01\/Miriam_Gradl.png 1080w\" sizes=\"auto, (max-width: 1024px) 100vw, 1024px\" \/><\/figure><div class=\"wp-block-media-text__content\">\n<blockquote class=\"wp-block-quote is-layout-flow wp-block-quote-is-layout-flow\">\n<p>&#8222;Eine Kleinstadt mit Uni &#8211; und deshalb so besonders. Studierende und ihre Kultur geh\u00f6ren dazu und pr\u00e4gen die Stadt durch Engagement, Vielfalt und Kompetenz. Deshalb m\u00fcssen wir auf die Bed\u00fcrfnisse der Studierenden achten.&#8220;<\/p>\n<\/blockquote>\n<\/div><\/div>\n\n\n\n<hr class=\"wp-block-separator has-alpha-channel-opacity\" \/>\n\n\n\n<div class=\"wp-block-media-text is-stacked-on-mobile\"><figure class=\"wp-block-media-text__media\"><img loading=\"lazy\" decoding=\"async\" width=\"1024\" height=\"623\" src=\"https:\/\/gruene-eichstaett.de\/eichstaett\/wp-content\/uploads\/sites\/12\/2026\/01\/Peter_Jitschin-1024x623.png\" alt=\"\" class=\"wp-image-229 size-full\" srcset=\"https:\/\/gruene-eichstaett.de\/eichstaett\/wp-content\/uploads\/sites\/12\/2026\/01\/Peter_Jitschin-1024x623.png 1024w, https:\/\/gruene-eichstaett.de\/eichstaett\/wp-content\/uploads\/sites\/12\/2026\/01\/Peter_Jitschin-300x183.png 300w, https:\/\/gruene-eichstaett.de\/eichstaett\/wp-content\/uploads\/sites\/12\/2026\/01\/Peter_Jitschin-768x467.png 768w, https:\/\/gruene-eichstaett.de\/eichstaett\/wp-content\/uploads\/sites\/12\/2026\/01\/Peter_Jitschin.png 1080w\" sizes=\"auto, (max-width: 1024px) 100vw, 1024px\" \/><\/figure><div class=\"wp-block-media-text__content\">\n<blockquote class=\"wp-block-quote is-layout-flow wp-block-quote-is-layout-flow\">\n<p>&#8222;Gute Bildung ist unverzichtbar f\u00fcr eine gerechte und demokratische Gesellschaft. Mir ist wichtig, dass alle Kinder in Eichst\u00e4tt gesehen, gef\u00f6rdert und unterst\u00fctzt werden.&#8220;<\/p>\n<\/blockquote>\n<\/div><\/div>\n\n\n\n<hr class=\"wp-block-separator has-alpha-channel-opacity\" \/>\n\n\n\n<div class=\"wp-block-media-text is-stacked-on-mobile\"><figure class=\"wp-block-media-text__media\"><img loading=\"lazy\" decoding=\"async\" width=\"1024\" height=\"625\" src=\"https:\/\/gruene-eichstaett.de\/eichstaett\/wp-content\/uploads\/sites\/12\/2026\/01\/Andrea_Bittlmayer-1024x625.png\" alt=\"\" class=\"wp-image-232 size-full\" srcset=\"https:\/\/gruene-eichstaett.de\/eichstaett\/wp-content\/uploads\/sites\/12\/2026\/01\/Andrea_Bittlmayer-1024x625.png 1024w, https:\/\/gruene-eichstaett.de\/eichstaett\/wp-content\/uploads\/sites\/12\/2026\/01\/Andrea_Bittlmayer-300x183.png 300w, https:\/\/gruene-eichstaett.de\/eichstaett\/wp-content\/uploads\/sites\/12\/2026\/01\/Andrea_Bittlmayer-768x469.png 768w, https:\/\/gruene-eichstaett.de\/eichstaett\/wp-content\/uploads\/sites\/12\/2026\/01\/Andrea_Bittlmayer.png 1080w\" sizes=\"auto, (max-width: 1024px) 100vw, 1024px\" \/><\/figure><div class=\"wp-block-media-text__content\">\n<blockquote class=\"wp-block-quote is-layout-flow wp-block-quote-is-layout-flow\">\n<p>&#8222;Eichst\u00e4tt ist besonders. Besonders famili\u00e4r, besonders vernetzt, besonders sch\u00f6n. Lasst uns diese Privilegien nutzen und eine Teilhabe f\u00fcr alle erm\u00f6glichen!&#8220;<\/p>\n<\/blockquote>\n<\/div><\/div>\n\n\n\n<hr class=\"wp-block-separator has-alpha-channel-opacity\" \/>\n\n\n\n<div class=\"wp-block-media-text is-stacked-on-mobile\"><figure class=\"wp-block-media-text__media\"><img loading=\"lazy\" decoding=\"async\" width=\"1024\" height=\"624\" src=\"https:\/\/gruene-eichstaett.de\/eichstaett\/wp-content\/uploads\/sites\/12\/2026\/01\/Norbert_Pabsch-1024x624.png\" alt=\"\" class=\"wp-image-233 size-full\" srcset=\"https:\/\/gruene-eichstaett.de\/eichstaett\/wp-content\/uploads\/sites\/12\/2026\/01\/Norbert_Pabsch-1024x624.png 1024w, https:\/\/gruene-eichstaett.de\/eichstaett\/wp-content\/uploads\/sites\/12\/2026\/01\/Norbert_Pabsch-300x183.png 300w, https:\/\/gruene-eichstaett.de\/eichstaett\/wp-content\/uploads\/sites\/12\/2026\/01\/Norbert_Pabsch-768x468.png 768w, https:\/\/gruene-eichstaett.de\/eichstaett\/wp-content\/uploads\/sites\/12\/2026\/01\/Norbert_Pabsch.png 1080w\" sizes=\"auto, (max-width: 1024px) 100vw, 1024px\" \/><\/figure><div class=\"wp-block-media-text__content\">\n<blockquote class=\"wp-block-quote is-layout-flow wp-block-quote-is-layout-flow\">\n<p>&#8222;Gr\u00fcne Politik steht f\u00fcr pragmatische L\u00f6sungen, langfristig gedacht und handwerklich gut gemacht.&#8220;<\/p>\n<\/blockquote>\n<\/div><\/div>\n","protected":false},"excerpt":{"rendered":"","protected":false},"author":23,"featured_media":0,"parent":0,"menu_order":0,"comment_status":"closed","ping_status":"closed","template":"","meta":{"footnotes":""},"class_list":["post-197","page","type-page","status-publish","hentry"],"yoast_head":"<!-- This site is optimized with the Yoast SEO plugin v27.4 - https:\/\/yoast.com\/product\/yoast-seo-wordpress\/ -->\n<title>Unsere Liste f\u00fcr die Stadtratswahl am 8. M\u00e4rz 2026 - B\u00dcNDNIS 90\/DIE GR\u00dcNEN<\/title>\n<meta name=\"robots\" content=\"index, follow, max-snippet:-1, max-image-preview:large, max-video-preview:-1\" \/>\n<link rel=\"canonical\" href=\"https:\/\/gruene-eichstaett.de\/eichstaett\/liste-kommunalwahl-2026\/\" \/>\n<meta property=\"og:locale\" content=\"de_DE\" \/>\n<meta property=\"og:type\" content=\"article\" \/>\n<meta property=\"og:title\" content=\"Unsere Liste f\u00fcr die Stadtratswahl am 8. M\u00e4rz 2026 - B\u00dcNDNIS 90\/DIE GR\u00dcNEN\" \/>\n<meta property=\"og:url\" content=\"https:\/\/gruene-eichstaett.de\/eichstaett\/liste-kommunalwahl-2026\/\" \/>\n<meta property=\"og:site_name\" content=\"B\u00dcNDNIS 90\/DIE GR\u00dcNEN\" \/>\n<meta property=\"article:modified_time\" content=\"2026-01-25T19:33:28+00:00\" \/>\n<meta property=\"og:image\" content=\"https:\/\/gruene-eichstaett.de\/eichstaett\/wp-content\/uploads\/sites\/12\/2026\/01\/Plakat_Stadtrat_04.01.26_Endversion-2-724x1024.png\" \/>\n\t<meta property=\"og:image:width\" content=\"724\" \/>\n\t<meta property=\"og:image:height\" content=\"1024\" \/>\n\t<meta property=\"og:image:type\" content=\"image\/png\" \/>\n<meta name=\"twitter:card\" content=\"summary_large_image\" \/>\n<meta name=\"twitter:label1\" content=\"Gesch\u00e4tzte Lesezeit\" \/>\n\t<meta name=\"twitter:data1\" content=\"6\u00a0Minuten\" \/>\n<script type=\"application\/ld+json\" class=\"yoast-schema-graph\">{\"@context\":\"https:\\\/\\\/schema.org\",\"@graph\":[{\"@type\":\"WebPage\",\"@id\":\"https:\\\/\\\/gruene-eichstaett.de\\\/eichstaett\\\/liste-kommunalwahl-2026\\\/\",\"url\":\"https:\\\/\\\/gruene-eichstaett.de\\\/eichstaett\\\/liste-kommunalwahl-2026\\\/\",\"name\":\"Unsere Liste f\u00fcr die Stadtratswahl am 8. M\u00e4rz 2026 - B\u00dcNDNIS 90\\\/DIE GR\u00dcNEN\",\"isPartOf\":{\"@id\":\"https:\\\/\\\/gruene-eichstaett.de\\\/eichstaett\\\/#website\"},\"primaryImageOfPage\":{\"@id\":\"https:\\\/\\\/gruene-eichstaett.de\\\/eichstaett\\\/liste-kommunalwahl-2026\\\/#primaryimage\"},\"image\":{\"@id\":\"https:\\\/\\\/gruene-eichstaett.de\\\/eichstaett\\\/liste-kommunalwahl-2026\\\/#primaryimage\"},\"thumbnailUrl\":\"https:\\\/\\\/gruene-eichstaett.de\\\/eichstaett\\\/wp-content\\\/uploads\\\/sites\\\/12\\\/2026\\\/01\\\/Plakat_Stadtrat_04.01.26_Endversion-2-724x1024.png\",\"datePublished\":\"2026-01-17T11:37:54+00:00\",\"dateModified\":\"2026-01-25T19:33:28+00:00\",\"breadcrumb\":{\"@id\":\"https:\\\/\\\/gruene-eichstaett.de\\\/eichstaett\\\/liste-kommunalwahl-2026\\\/#breadcrumb\"},\"inLanguage\":\"de\",\"potentialAction\":[{\"@type\":\"ReadAction\",\"target\":[\"https:\\\/\\\/gruene-eichstaett.de\\\/eichstaett\\\/liste-kommunalwahl-2026\\\/\"]}]},{\"@type\":\"ImageObject\",\"inLanguage\":\"de\",\"@id\":\"https:\\\/\\\/gruene-eichstaett.de\\\/eichstaett\\\/liste-kommunalwahl-2026\\\/#primaryimage\",\"url\":\"https:\\\/\\\/gruene-eichstaett.de\\\/eichstaett\\\/wp-content\\\/uploads\\\/sites\\\/12\\\/2026\\\/01\\\/Plakat_Stadtrat_04.01.26_Endversion-2.png\",\"contentUrl\":\"https:\\\/\\\/gruene-eichstaett.de\\\/eichstaett\\\/wp-content\\\/uploads\\\/sites\\\/12\\\/2026\\\/01\\\/Plakat_Stadtrat_04.01.26_Endversion-2.png\",\"width\":1683,\"height\":2381},{\"@type\":\"BreadcrumbList\",\"@id\":\"https:\\\/\\\/gruene-eichstaett.de\\\/eichstaett\\\/liste-kommunalwahl-2026\\\/#breadcrumb\",\"itemListElement\":[{\"@type\":\"ListItem\",\"position\":1,\"name\":\"Startseite\",\"item\":\"https:\\\/\\\/gruene-eichstaett.de\\\/eichstaett\\\/\"},{\"@type\":\"ListItem\",\"position\":2,\"name\":\"Unsere Liste f\u00fcr die Stadtratswahl am 8. M\u00e4rz 2026\"}]},{\"@type\":\"WebSite\",\"@id\":\"https:\\\/\\\/gruene-eichstaett.de\\\/eichstaett\\\/#website\",\"url\":\"https:\\\/\\\/gruene-eichstaett.de\\\/eichstaett\\\/\",\"name\":\"B\u00dcNDNIS 90\\\/DIE GR\u00dcNEN\",\"description\":\"OV Eichst\u00e4tt\",\"publisher\":{\"@id\":\"https:\\\/\\\/gruene-eichstaett.de\\\/eichstaett\\\/#organization\"},\"potentialAction\":[{\"@type\":\"SearchAction\",\"target\":{\"@type\":\"EntryPoint\",\"urlTemplate\":\"https:\\\/\\\/gruene-eichstaett.de\\\/eichstaett\\\/?s={search_term_string}\"},\"query-input\":{\"@type\":\"PropertyValueSpecification\",\"valueRequired\":true,\"valueName\":\"search_term_string\"}}],\"inLanguage\":\"de\"},{\"@type\":\"Organization\",\"@id\":\"https:\\\/\\\/gruene-eichstaett.de\\\/eichstaett\\\/#organization\",\"name\":\"B\u00dcNDNIS 90\\\/DIE GR\u00dcNEN\",\"url\":\"https:\\\/\\\/gruene-eichstaett.de\\\/eichstaett\\\/\",\"logo\":{\"@type\":\"ImageObject\",\"inLanguage\":\"de\",\"@id\":\"https:\\\/\\\/gruene-eichstaett.de\\\/eichstaett\\\/#\\\/schema\\\/logo\\\/image\\\/\",\"url\":\"http:\\\/\\\/gruene-eichstaett.de\\\/eichstaett\\\/wp-content\\\/uploads\\\/sites\\\/12\\\/2021\\\/12\\\/Profilbild-Sonenblume.png\",\"contentUrl\":\"http:\\\/\\\/gruene-eichstaett.de\\\/eichstaett\\\/wp-content\\\/uploads\\\/sites\\\/12\\\/2021\\\/12\\\/Profilbild-Sonenblume.png\",\"width\":500,\"height\":500,\"caption\":\"B\u00dcNDNIS 90\\\/DIE GR\u00dcNEN\"},\"image\":{\"@id\":\"https:\\\/\\\/gruene-eichstaett.de\\\/eichstaett\\\/#\\\/schema\\\/logo\\\/image\\\/\"}}]}<\/script>\n<!-- \/ Yoast SEO plugin. -->","yoast_head_json":{"title":"Unsere Liste f\u00fcr die Stadtratswahl am 8. M\u00e4rz 2026 - B\u00dcNDNIS 90\/DIE GR\u00dcNEN","robots":{"index":"index","follow":"follow","max-snippet":"max-snippet:-1","max-image-preview":"max-image-preview:large","max-video-preview":"max-video-preview:-1"},"canonical":"https:\/\/gruene-eichstaett.de\/eichstaett\/liste-kommunalwahl-2026\/","og_locale":"de_DE","og_type":"article","og_title":"Unsere Liste f\u00fcr die Stadtratswahl am 8. M\u00e4rz 2026 - B\u00dcNDNIS 90\/DIE GR\u00dcNEN","og_url":"https:\/\/gruene-eichstaett.de\/eichstaett\/liste-kommunalwahl-2026\/","og_site_name":"B\u00dcNDNIS 90\/DIE GR\u00dcNEN","article_modified_time":"2026-01-25T19:33:28+00:00","og_image":[{"width":724,"height":1024,"url":"https:\/\/gruene-eichstaett.de\/eichstaett\/wp-content\/uploads\/sites\/12\/2026\/01\/Plakat_Stadtrat_04.01.26_Endversion-2-724x1024.png","type":"image\/png"}],"twitter_card":"summary_large_image","twitter_misc":{"Gesch\u00e4tzte Lesezeit":"6\u00a0Minuten"},"schema":{"@context":"https:\/\/schema.org","@graph":[{"@type":"WebPage","@id":"https:\/\/gruene-eichstaett.de\/eichstaett\/liste-kommunalwahl-2026\/","url":"https:\/\/gruene-eichstaett.de\/eichstaett\/liste-kommunalwahl-2026\/","name":"Unsere Liste f\u00fcr die Stadtratswahl am 8. M\u00e4rz 2026 - B\u00dcNDNIS 90\/DIE GR\u00dcNEN","isPartOf":{"@id":"https:\/\/gruene-eichstaett.de\/eichstaett\/#website"},"primaryImageOfPage":{"@id":"https:\/\/gruene-eichstaett.de\/eichstaett\/liste-kommunalwahl-2026\/#primaryimage"},"image":{"@id":"https:\/\/gruene-eichstaett.de\/eichstaett\/liste-kommunalwahl-2026\/#primaryimage"},"thumbnailUrl":"https:\/\/gruene-eichstaett.de\/eichstaett\/wp-content\/uploads\/sites\/12\/2026\/01\/Plakat_Stadtrat_04.01.26_Endversion-2-724x1024.png","datePublished":"2026-01-17T11:37:54+00:00","dateModified":"2026-01-25T19:33:28+00:00","breadcrumb":{"@id":"https:\/\/gruene-eichstaett.de\/eichstaett\/liste-kommunalwahl-2026\/#breadcrumb"},"inLanguage":"de","potentialAction":[{"@type":"ReadAction","target":["https:\/\/gruene-eichstaett.de\/eichstaett\/liste-kommunalwahl-2026\/"]}]},{"@type":"ImageObject","inLanguage":"de","@id":"https:\/\/gruene-eichstaett.de\/eichstaett\/liste-kommunalwahl-2026\/#primaryimage","url":"https:\/\/gruene-eichstaett.de\/eichstaett\/wp-content\/uploads\/sites\/12\/2026\/01\/Plakat_Stadtrat_04.01.26_Endversion-2.png","contentUrl":"https:\/\/gruene-eichstaett.de\/eichstaett\/wp-content\/uploads\/sites\/12\/2026\/01\/Plakat_Stadtrat_04.01.26_Endversion-2.png","width":1683,"height":2381},{"@type":"BreadcrumbList","@id":"https:\/\/gruene-eichstaett.de\/eichstaett\/liste-kommunalwahl-2026\/#breadcrumb","itemListElement":[{"@type":"ListItem","position":1,"name":"Startseite","item":"https:\/\/gruene-eichstaett.de\/eichstaett\/"},{"@type":"ListItem","position":2,"name":"Unsere Liste f\u00fcr die Stadtratswahl am 8. M\u00e4rz 2026"}]},{"@type":"WebSite","@id":"https:\/\/gruene-eichstaett.de\/eichstaett\/#website","url":"https:\/\/gruene-eichstaett.de\/eichstaett\/","name":"B\u00dcNDNIS 90\/DIE GR\u00dcNEN","description":"OV Eichst\u00e4tt","publisher":{"@id":"https:\/\/gruene-eichstaett.de\/eichstaett\/#organization"},"potentialAction":[{"@type":"SearchAction","target":{"@type":"EntryPoint","urlTemplate":"https:\/\/gruene-eichstaett.de\/eichstaett\/?s={search_term_string}"},"query-input":{"@type":"PropertyValueSpecification","valueRequired":true,"valueName":"search_term_string"}}],"inLanguage":"de"},{"@type":"Organization","@id":"https:\/\/gruene-eichstaett.de\/eichstaett\/#organization","name":"B\u00dcNDNIS 90\/DIE GR\u00dcNEN","url":"https:\/\/gruene-eichstaett.de\/eichstaett\/","logo":{"@type":"ImageObject","inLanguage":"de","@id":"https:\/\/gruene-eichstaett.de\/eichstaett\/#\/schema\/logo\/image\/","url":"http:\/\/gruene-eichstaett.de\/eichstaett\/wp-content\/uploads\/sites\/12\/2021\/12\/Profilbild-Sonenblume.png","contentUrl":"http:\/\/gruene-eichstaett.de\/eichstaett\/wp-content\/uploads\/sites\/12\/2021\/12\/Profilbild-Sonenblume.png","width":500,"height":500,"caption":"B\u00dcNDNIS 90\/DIE GR\u00dcNEN"},"image":{"@id":"https:\/\/gruene-eichstaett.de\/eichstaett\/#\/schema\/logo\/image\/"}}]}},"_links":{"self":[{"href":"https:\/\/gruene-eichstaett.de\/eichstaett\/wp-json\/wp\/v2\/pages\/197","targetHints":{"allow":["GET"]}}],"collection":[{"href":"https:\/\/gruene-eichstaett.de\/eichstaett\/wp-json\/wp\/v2\/pages"}],"about":[{"href":"https:\/\/gruene-eichstaett.de\/eichstaett\/wp-json\/wp\/v2\/types\/page"}],"author":[{"embeddable":true,"href":"https:\/\/gruene-eichstaett.de\/eichstaett\/wp-json\/wp\/v2\/users\/23"}],"replies":[{"embeddable":true,"href":"https:\/\/gruene-eichstaett.de\/eichstaett\/wp-json\/wp\/v2\/comments?post=197"}],"version-history":[{"count":19,"href":"https:\/\/gruene-eichstaett.de\/eichstaett\/wp-json\/wp\/v2\/pages\/197\/revisions"}],"predecessor-version":[{"id":265,"href":"https:\/\/gruene-eichstaett.de\/eichstaett\/wp-json\/wp\/v2\/pages\/197\/revisions\/265"}],"wp:attachment":[{"href":"https:\/\/gruene-eichstaett.de\/eichstaett\/wp-json\/wp\/v2\/media?parent=197"}],"curies":[{"name":"wp","href":"https:\/\/api.w.org\/{rel}","templated":true}]}}