{"id":62,"date":"2021-12-20T19:53:42","date_gmt":"2021-12-20T18:53:42","guid":{"rendered":"https:\/\/gruene-eichstaett.de\/eichstaett\/?page_id=62"},"modified":"2023-07-13T10:08:53","modified_gmt":"2023-07-13T08:08:53","slug":"home","status":"publish","type":"page","link":"https:\/\/gruene-eichstaett.de\/eichstaett\/","title":{"rendered":"home"},"content":{"rendered":"\n<figure class=\"wp-block-image size-large is-style-default\"><img loading=\"lazy\" decoding=\"async\" width=\"1024\" height=\"451\" src=\"http:\/\/gruene-eichstaett.de\/eichstaett\/wp-content\/uploads\/sites\/12\/2021\/12\/sunflower-us-1900-1024x451.jpeg\" alt=\"\" class=\"wp-image-63\" srcset=\"https:\/\/gruene-eichstaett.de\/eichstaett\/wp-content\/uploads\/sites\/12\/2021\/12\/sunflower-us-1900-1024x451.jpeg 1024w, https:\/\/gruene-eichstaett.de\/eichstaett\/wp-content\/uploads\/sites\/12\/2021\/12\/sunflower-us-1900-300x132.jpeg 300w, https:\/\/gruene-eichstaett.de\/eichstaett\/wp-content\/uploads\/sites\/12\/2021\/12\/sunflower-us-1900-768x339.jpeg 768w, https:\/\/gruene-eichstaett.de\/eichstaett\/wp-content\/uploads\/sites\/12\/2021\/12\/sunflower-us-1900-1536x677.jpeg 1536w, https:\/\/gruene-eichstaett.de\/eichstaett\/wp-content\/uploads\/sites\/12\/2021\/12\/sunflower-us-1900.jpeg 1919w\" sizes=\"auto, (max-width: 1024px) 100vw, 1024px\" \/><\/figure>\n\n\n\n<div style=\"height:100px\" aria-hidden=\"true\" class=\"wp-block-spacer\"><\/div>\n\n\n<style>.wp-show-posts-columns#wpsp-65 {margin-left: -2em; }.wp-show-posts-columns#wpsp-65 .wp-show-posts-inner {margin: 0 0 2em 2em; }<\/style><section id=\"wpsp-65\" class=\" wp-show-posts-columns wp-show-posts\" style=\"\"><article class=\" wp-show-posts-single post-157 post type-post status-publish format-standard has-post-thumbnail hentry category-allgemein wpsp-col-6\" itemtype=\"http:\/\/schema.org\/CreativeWork\" itemscope><div class=\"wp-show-posts-inner\" style=\"\">\t\t\t\t\t\t<header class=\"wp-show-posts-entry-header\">\n\t\t\t\t\t\t\t<h2 class=\"wp-show-posts-entry-title\" itemprop=\"headline\"><a href=\"https:\/\/gruene-eichstaett.de\/eichstaett\/2025\/11\/04\/unsere-liste-fuer-die-stadtratswahl-steht-gemeinsam-fuer-ein-gruenes-eichstaett\/\" rel=\"bookmark\">Unsere Liste f\u00fcr die Stadtratswahl steht &#8211; gemeinsam f\u00fcr ein gr\u00fcnes Eichst\u00e4tt<\/a><\/h2><div class=\"wp-show-posts-entry-meta wp-show-posts-entry-meta-below-title post-meta-inline\"><span class=\"wp-show-posts-posted-on wp-show-posts-meta\">\n\t\t\t\t\t<a href=\"https:\/\/gruene-eichstaett.de\/eichstaett\/2025\/11\/04\/unsere-liste-fuer-die-stadtratswahl-steht-gemeinsam-fuer-ein-gruenes-eichstaett\/\" title=\"10:39\" rel=\"bookmark\"><time class=\"wp-show-posts-entry-date published\" datetime=\"2025-11-04T10:39:31+01:00\" itemprop=\"datePublished\">4. November 2025<\/time><time class=\"wp-show-posts-updated\" datetime=\"2025-11-04T11:26:24+01:00\" itemprop=\"dateModified\">4. November 2025<\/time><\/a>\n\t\t\t\t<\/span><\/div>\t\t\t\t\t\t<\/header><!-- .entry-header -->\n\t\t\t\t\t\t\t<div class=\"wp-show-posts-image  wpsp-image-center \">\n\t\t\t<a href=\"https:\/\/gruene-eichstaett.de\/eichstaett\/2025\/11\/04\/unsere-liste-fuer-die-stadtratswahl-steht-gemeinsam-fuer-ein-gruenes-eichstaett\/\"  title=\"Unsere Liste f\u00fcr die Stadtratswahl steht &#8211; gemeinsam f\u00fcr ein gr\u00fcnes Eichst\u00e4tt\"><img loading=\"lazy\" decoding=\"async\" width=\"1536\" height=\"1655\" src=\"https:\/\/gruene-eichstaett.de\/eichstaett\/wp-content\/uploads\/sites\/12\/2025\/11\/IMG_1863-e1762249716888.jpg\" class=\"attachment-full size-full wp-post-image\" alt=\"\" itemprop=\"image\" srcset=\"https:\/\/gruene-eichstaett.de\/eichstaett\/wp-content\/uploads\/sites\/12\/2025\/11\/IMG_1863-e1762249716888.jpg 1536w, https:\/\/gruene-eichstaett.de\/eichstaett\/wp-content\/uploads\/sites\/12\/2025\/11\/IMG_1863-e1762249716888-278x300.jpg 278w, https:\/\/gruene-eichstaett.de\/eichstaett\/wp-content\/uploads\/sites\/12\/2025\/11\/IMG_1863-e1762249716888-950x1024.jpg 950w, https:\/\/gruene-eichstaett.de\/eichstaett\/wp-content\/uploads\/sites\/12\/2025\/11\/IMG_1863-e1762249716888-768x828.jpg 768w, https:\/\/gruene-eichstaett.de\/eichstaett\/wp-content\/uploads\/sites\/12\/2025\/11\/IMG_1863-e1762249716888-1426x1536.jpg 1426w\" sizes=\"auto, (max-width: 1536px) 100vw, 1536px\" \/><\/a>\t\t<\/div>\n\t\t\t\t\t\t\t\t<div class=\"wp-show-posts-entry-summary\" itemprop=\"text\">\n\t\t\t\t\t\t\t<p>Wir Gr\u00fcnen Eichst\u00e4tt haben bei unserer Aufstellungsversammlung die Liste f\u00fcr die Stadtratswahl am 8. M\u00e4rz aufgestellt. In einer lebendigen und inspirierenden Runde haben sich unsere ersten zehn Kandidatinnen und Kandidaten&#8230;<\/p>\n\t\t\t\t\t\t<\/div><!-- .entry-summary -->\n\t\t\t\t\t<\/div><!-- wp-show-posts-inner --><\/article><article class=\" wp-show-posts-single post-119 post type-post status-publish format-standard has-post-thumbnail hentry category-allgemein wpsp-col-6\" itemtype=\"http:\/\/schema.org\/CreativeWork\" itemscope><div class=\"wp-show-posts-inner\" style=\"\">\t\t\t\t\t\t<header class=\"wp-show-posts-entry-header\">\n\t\t\t\t\t\t\t<h2 class=\"wp-show-posts-entry-title\" itemprop=\"headline\"><a href=\"https:\/\/gruene-eichstaett.de\/eichstaett\/2023\/12\/12\/stammtisch-triff-deine-n-stadtraet-in-des-ortsverbands-der-gruenen-eichstaetts\/\" rel=\"bookmark\">Stammtisch \u201eTriff deine\/n Stadtr\u00e4t\/in\u201c des Ortsverbands der Gr\u00fcnen Eichst\u00e4tts<\/a><\/h2><div class=\"wp-show-posts-entry-meta wp-show-posts-entry-meta-below-title post-meta-inline\"><span class=\"wp-show-posts-posted-on wp-show-posts-meta\">\n\t\t\t\t\t<a href=\"https:\/\/gruene-eichstaett.de\/eichstaett\/2023\/12\/12\/stammtisch-triff-deine-n-stadtraet-in-des-ortsverbands-der-gruenen-eichstaetts\/\" title=\"13:16\" rel=\"bookmark\"><time class=\"wp-show-posts-entry-date published\" datetime=\"2023-12-12T13:16:01+01:00\" itemprop=\"datePublished\">12. Dezember 2023<\/time><time class=\"wp-show-posts-updated\" datetime=\"2023-12-12T13:17:50+01:00\" itemprop=\"dateModified\">12. Dezember 2023<\/time><\/a>\n\t\t\t\t<\/span><\/div>\t\t\t\t\t\t<\/header><!-- .entry-header -->\n\t\t\t\t\t\t\t<div class=\"wp-show-posts-image  wpsp-image-center \">\n\t\t\t<a href=\"https:\/\/gruene-eichstaett.de\/eichstaett\/2023\/12\/12\/stammtisch-triff-deine-n-stadtraet-in-des-ortsverbands-der-gruenen-eichstaetts\/\"  title=\"Stammtisch \u201eTriff deine\/n Stadtr\u00e4t\/in\u201c des Ortsverbands der Gr\u00fcnen Eichst\u00e4tts\"><img loading=\"lazy\" decoding=\"async\" width=\"480\" height=\"640\" src=\"https:\/\/gruene-eichstaett.de\/eichstaett\/wp-content\/uploads\/sites\/12\/2023\/12\/Stammtisch-27.11-rotated.jpg\" class=\"attachment-full size-full wp-post-image\" alt=\"\" itemprop=\"image\" srcset=\"https:\/\/gruene-eichstaett.de\/eichstaett\/wp-content\/uploads\/sites\/12\/2023\/12\/Stammtisch-27.11-rotated.jpg 480w, https:\/\/gruene-eichstaett.de\/eichstaett\/wp-content\/uploads\/sites\/12\/2023\/12\/Stammtisch-27.11-225x300.jpg 225w\" sizes=\"auto, (max-width: 480px) 100vw, 480px\" \/><\/a>\t\t<\/div>\n\t\t\t\t\t\t\t\t<div class=\"wp-show-posts-entry-summary\" itemprop=\"text\">\n\t\t\t\t\t\t\t<p>Windkraft und Hofm\u00fchlbr\u00fccke lockten viele betroffene B\u00fcrgerInnen zum Format \u201eTriff deine\/n Stadtr\u00e4t\/in\u201czum Stammtisch des Ortsverbands B\u00fcndnis 90\/DIE GR\u00dcNEN ins Gutmann. Nach einer kurzen Interessensabfrage standen vier Themen auf dem Zettel:&#8230;<\/p>\n\t\t\t\t\t\t<\/div><!-- .entry-summary -->\n\t\t\t\t\t<\/div><!-- wp-show-posts-inner --><\/article><article class=\" wp-show-posts-single post-109 post type-post status-publish format-standard has-post-thumbnail hentry category-allgemein wpsp-col-6\" itemtype=\"http:\/\/schema.org\/CreativeWork\" itemscope><div class=\"wp-show-posts-inner\" style=\"\">\t\t\t\t\t\t<header class=\"wp-show-posts-entry-header\">\n\t\t\t\t\t\t\t<h2 class=\"wp-show-posts-entry-title\" itemprop=\"headline\"><a href=\"https:\/\/gruene-eichstaett.de\/eichstaett\/2023\/07\/13\/turnusmaessige-neuwahlen-im-ov-eichstaett\/\" rel=\"bookmark\">Turnusm\u00e4\u00dfige Neuwahlen im OV Eichst\u00e4tt<\/a><\/h2><div class=\"wp-show-posts-entry-meta wp-show-posts-entry-meta-below-title post-meta-inline\"><span class=\"wp-show-posts-posted-on wp-show-posts-meta\">\n\t\t\t\t\t<a href=\"https:\/\/gruene-eichstaett.de\/eichstaett\/2023\/07\/13\/turnusmaessige-neuwahlen-im-ov-eichstaett\/\" title=\"10:06\" rel=\"bookmark\"><time class=\"wp-show-posts-entry-date published\" datetime=\"2023-07-13T10:06:10+02:00\" itemprop=\"datePublished\">13. Juli 2023<\/time><time class=\"wp-show-posts-updated\" datetime=\"2023-07-13T10:06:11+02:00\" itemprop=\"dateModified\">13. Juli 2023<\/time><\/a>\n\t\t\t\t<\/span><\/div>\t\t\t\t\t\t<\/header><!-- .entry-header -->\n\t\t\t\t\t\t\t<div class=\"wp-show-posts-image  wpsp-image-center \">\n\t\t\t<a href=\"https:\/\/gruene-eichstaett.de\/eichstaett\/2023\/07\/13\/turnusmaessige-neuwahlen-im-ov-eichstaett\/\"  title=\"Turnusm\u00e4\u00dfige Neuwahlen im OV Eichst\u00e4tt\"><img loading=\"lazy\" decoding=\"async\" width=\"1472\" height=\"1420\" src=\"https:\/\/gruene-eichstaett.de\/eichstaett\/wp-content\/uploads\/sites\/12\/2023\/07\/OV-Eichstaett-Vorstand-2023-Web.jpg\" class=\"attachment-full size-full wp-post-image\" alt=\"\" itemprop=\"image\" srcset=\"https:\/\/gruene-eichstaett.de\/eichstaett\/wp-content\/uploads\/sites\/12\/2023\/07\/OV-Eichstaett-Vorstand-2023-Web.jpg 1472w, https:\/\/gruene-eichstaett.de\/eichstaett\/wp-content\/uploads\/sites\/12\/2023\/07\/OV-Eichstaett-Vorstand-2023-Web-300x289.jpg 300w, https:\/\/gruene-eichstaett.de\/eichstaett\/wp-content\/uploads\/sites\/12\/2023\/07\/OV-Eichstaett-Vorstand-2023-Web-1024x988.jpg 1024w, https:\/\/gruene-eichstaett.de\/eichstaett\/wp-content\/uploads\/sites\/12\/2023\/07\/OV-Eichstaett-Vorstand-2023-Web-768x741.jpg 768w\" sizes=\"auto, (max-width: 1472px) 100vw, 1472px\" \/><\/a>\t\t<\/div>\n\t\t\t\t\t\t\t\t<div class=\"wp-show-posts-entry-summary\" itemprop=\"text\">\n\t\t\t\t\t\t\t<p>Bei den turnusm\u00e4\u00dfigen Neuwahlen im OV Eichst\u00e4tt wurde Hannah Rautenberg, bisher Beisitzerin im Ortsverband, zur neuen Sprecherin gew\u00e4hlt. Thomas Maget wurde im Amt des Sprechers best\u00e4tigt, ebenso Wolfgang Wollny als&#8230;<\/p>\n\t\t\t\t\t\t<\/div><!-- .entry-summary -->\n\t\t\t\t\t<\/div><!-- wp-show-posts-inner --><\/article><article class=\" wp-show-posts-single post-1 post type-post status-publish format-standard hentry category-allgemein wpsp-col-6\" itemtype=\"http:\/\/schema.org\/CreativeWork\" itemscope><div class=\"wp-show-posts-inner\" style=\"\">\t\t\t\t\t\t<header class=\"wp-show-posts-entry-header\">\n\t\t\t\t\t\t\t<h2 class=\"wp-show-posts-entry-title\" itemprop=\"headline\"><a href=\"https:\/\/gruene-eichstaett.de\/eichstaett\/2021\/07\/24\/eigener-ortsverband\/\" rel=\"bookmark\">Endlich ein eigener Ortsverband<\/a><\/h2><div class=\"wp-show-posts-entry-meta wp-show-posts-entry-meta-below-title post-meta-inline\"><span class=\"wp-show-posts-posted-on wp-show-posts-meta\">\n\t\t\t\t\t<a href=\"https:\/\/gruene-eichstaett.de\/eichstaett\/2021\/07\/24\/eigener-ortsverband\/\" title=\"16:02\" rel=\"bookmark\"><time class=\"wp-show-posts-entry-date published\" datetime=\"2021-07-24T16:02:00+02:00\" itemprop=\"datePublished\">24. Juli 2021<\/time><time class=\"wp-show-posts-updated\" datetime=\"2023-07-18T12:46:50+02:00\" itemprop=\"dateModified\">18. Juli 2023<\/time><\/a>\n\t\t\t\t<\/span><\/div>\t\t\t\t\t\t<\/header><!-- .entry-header -->\n\t\t\t\t\t\t\t\t\t\t\t<div class=\"wp-show-posts-entry-summary\" itemprop=\"text\">\n\t\t\t\t\t\t\t<p>Nachdem in den letzten Jahren der Kreisverband stetig gewachsen ist, haben wir nun in Eichst\u00e4tt mit rund 30 Mitgliedern einen eigenen Ortsverband gegr\u00fcndet. Hier der Link zum Artikel im Eichst\u00e4tter&#8230;<\/p>\n\t\t\t\t\t\t<\/div><!-- .entry-summary -->\n\t\t\t\t\t<\/div><!-- wp-show-posts-inner --><\/article><div class=\"wpsp-clear\"><\/div><\/section><!-- .wp-show-posts -->\n","protected":false},"excerpt":{"rendered":"","protected":false},"author":2,"featured_media":0,"parent":0,"menu_order":0,"comment_status":"closed","ping_status":"closed","template":"","meta":{"footnotes":""},"class_list":["post-62","page","type-page","status-publish","hentry"],"yoast_head":"<!-- This site is optimized with the Yoast SEO plugin v27.4 - https:\/\/yoast.com\/product\/yoast-seo-wordpress\/ -->\n<title>home - B\u00dcNDNIS 90\/DIE GR\u00dcNEN<\/title>\n<meta name=\"robots\" content=\"index, follow, max-snippet:-1, max-image-preview:large, max-video-preview:-1\" \/>\n<link rel=\"canonical\" href=\"https:\/\/gruene-eichstaett.de\/eichstaett\/\" \/>\n<meta property=\"og:locale\" content=\"de_DE\" \/>\n<meta property=\"og:type\" content=\"article\" \/>\n<meta property=\"og:title\" content=\"home - B\u00dcNDNIS 90\/DIE GR\u00dcNEN\" \/>\n<meta property=\"og:url\" content=\"https:\/\/gruene-eichstaett.de\/eichstaett\/\" \/>\n<meta property=\"og:site_name\" content=\"B\u00dcNDNIS 90\/DIE GR\u00dcNEN\" \/>\n<meta property=\"article:modified_time\" content=\"2023-07-13T08:08:53+00:00\" \/>\n<meta property=\"og:image\" content=\"http:\/\/gruene-eichstaett.de\/eichstaett\/wp-content\/uploads\/sites\/12\/2021\/12\/sunflower-us-1900-1024x451.jpeg\" \/>\n<meta name=\"twitter:card\" content=\"summary_large_image\" \/>\n<meta name=\"twitter:label1\" content=\"Gesch\u00e4tzte Lesezeit\" \/>\n\t<meta name=\"twitter:data1\" content=\"1\u00a0Minute\" \/>\n<script type=\"application\/ld+json\" class=\"yoast-schema-graph\">{\"@context\":\"https:\\\/\\\/schema.org\",\"@graph\":[{\"@type\":\"WebPage\",\"@id\":\"https:\\\/\\\/gruene-eichstaett.de\\\/eichstaett\\\/\",\"url\":\"https:\\\/\\\/gruene-eichstaett.de\\\/eichstaett\\\/\",\"name\":\"home - B\u00dcNDNIS 90\\\/DIE GR\u00dcNEN\",\"isPartOf\":{\"@id\":\"https:\\\/\\\/gruene-eichstaett.de\\\/eichstaett\\\/#website\"},\"primaryImageOfPage\":{\"@id\":\"https:\\\/\\\/gruene-eichstaett.de\\\/eichstaett\\\/#primaryimage\"},\"image\":{\"@id\":\"https:\\\/\\\/gruene-eichstaett.de\\\/eichstaett\\\/#primaryimage\"},\"thumbnailUrl\":\"http:\\\/\\\/gruene-eichstaett.de\\\/eichstaett\\\/wp-content\\\/uploads\\\/sites\\\/12\\\/2021\\\/12\\\/sunflower-us-1900-1024x451.jpeg\",\"datePublished\":\"2021-12-20T18:53:42+00:00\",\"dateModified\":\"2023-07-13T08:08:53+00:00\",\"breadcrumb\":{\"@id\":\"https:\\\/\\\/gruene-eichstaett.de\\\/eichstaett\\\/#breadcrumb\"},\"inLanguage\":\"de\",\"potentialAction\":[{\"@type\":\"ReadAction\",\"target\":[\"https:\\\/\\\/gruene-eichstaett.de\\\/eichstaett\\\/\"]}]},{\"@type\":\"ImageObject\",\"inLanguage\":\"de\",\"@id\":\"https:\\\/\\\/gruene-eichstaett.de\\\/eichstaett\\\/#primaryimage\",\"url\":\"http:\\\/\\\/gruene-eichstaett.de\\\/eichstaett\\\/wp-content\\\/uploads\\\/sites\\\/12\\\/2021\\\/12\\\/sunflower-us-1900-1024x451.jpeg\",\"contentUrl\":\"http:\\\/\\\/gruene-eichstaett.de\\\/eichstaett\\\/wp-content\\\/uploads\\\/sites\\\/12\\\/2021\\\/12\\\/sunflower-us-1900-1024x451.jpeg\"},{\"@type\":\"BreadcrumbList\",\"@id\":\"https:\\\/\\\/gruene-eichstaett.de\\\/eichstaett\\\/#breadcrumb\",\"itemListElement\":[{\"@type\":\"ListItem\",\"position\":1,\"name\":\"Startseite\",\"item\":\"https:\\\/\\\/gruene-eichstaett.de\\\/eichstaett\\\/\"},{\"@type\":\"ListItem\",\"position\":2,\"name\":\"home\"}]},{\"@type\":\"WebSite\",\"@id\":\"https:\\\/\\\/gruene-eichstaett.de\\\/eichstaett\\\/#website\",\"url\":\"https:\\\/\\\/gruene-eichstaett.de\\\/eichstaett\\\/\",\"name\":\"B\u00dcNDNIS 90\\\/DIE GR\u00dcNEN\",\"description\":\"OV Eichst\u00e4tt\",\"publisher\":{\"@id\":\"https:\\\/\\\/gruene-eichstaett.de\\\/eichstaett\\\/#organization\"},\"potentialAction\":[{\"@type\":\"SearchAction\",\"target\":{\"@type\":\"EntryPoint\",\"urlTemplate\":\"https:\\\/\\\/gruene-eichstaett.de\\\/eichstaett\\\/?s={search_term_string}\"},\"query-input\":{\"@type\":\"PropertyValueSpecification\",\"valueRequired\":true,\"valueName\":\"search_term_string\"}}],\"inLanguage\":\"de\"},{\"@type\":\"Organization\",\"@id\":\"https:\\\/\\\/gruene-eichstaett.de\\\/eichstaett\\\/#organization\",\"name\":\"B\u00dcNDNIS 90\\\/DIE GR\u00dcNEN\",\"url\":\"https:\\\/\\\/gruene-eichstaett.de\\\/eichstaett\\\/\",\"logo\":{\"@type\":\"ImageObject\",\"inLanguage\":\"de\",\"@id\":\"https:\\\/\\\/gruene-eichstaett.de\\\/eichstaett\\\/#\\\/schema\\\/logo\\\/image\\\/\",\"url\":\"http:\\\/\\\/gruene-eichstaett.de\\\/eichstaett\\\/wp-content\\\/uploads\\\/sites\\\/12\\\/2021\\\/12\\\/Profilbild-Sonenblume.png\",\"contentUrl\":\"http:\\\/\\\/gruene-eichstaett.de\\\/eichstaett\\\/wp-content\\\/uploads\\\/sites\\\/12\\\/2021\\\/12\\\/Profilbild-Sonenblume.png\",\"width\":500,\"height\":500,\"caption\":\"B\u00dcNDNIS 90\\\/DIE GR\u00dcNEN\"},\"image\":{\"@id\":\"https:\\\/\\\/gruene-eichstaett.de\\\/eichstaett\\\/#\\\/schema\\\/logo\\\/image\\\/\"}}]}<\/script>\n<!-- \/ Yoast SEO plugin. -->","yoast_head_json":{"title":"home - B\u00dcNDNIS 90\/DIE GR\u00dcNEN","robots":{"index":"index","follow":"follow","max-snippet":"max-snippet:-1","max-image-preview":"max-image-preview:large","max-video-preview":"max-video-preview:-1"},"canonical":"https:\/\/gruene-eichstaett.de\/eichstaett\/","og_locale":"de_DE","og_type":"article","og_title":"home - B\u00dcNDNIS 90\/DIE GR\u00dcNEN","og_url":"https:\/\/gruene-eichstaett.de\/eichstaett\/","og_site_name":"B\u00dcNDNIS 90\/DIE GR\u00dcNEN","article_modified_time":"2023-07-13T08:08:53+00:00","og_image":[{"url":"http:\/\/gruene-eichstaett.de\/eichstaett\/wp-content\/uploads\/sites\/12\/2021\/12\/sunflower-us-1900-1024x451.jpeg","type":"","width":"","height":""}],"twitter_card":"summary_large_image","twitter_misc":{"Gesch\u00e4tzte Lesezeit":"1\u00a0Minute"},"schema":{"@context":"https:\/\/schema.org","@graph":[{"@type":"WebPage","@id":"https:\/\/gruene-eichstaett.de\/eichstaett\/","url":"https:\/\/gruene-eichstaett.de\/eichstaett\/","name":"home - B\u00dcNDNIS 90\/DIE GR\u00dcNEN","isPartOf":{"@id":"https:\/\/gruene-eichstaett.de\/eichstaett\/#website"},"primaryImageOfPage":{"@id":"https:\/\/gruene-eichstaett.de\/eichstaett\/#primaryimage"},"image":{"@id":"https:\/\/gruene-eichstaett.de\/eichstaett\/#primaryimage"},"thumbnailUrl":"http:\/\/gruene-eichstaett.de\/eichstaett\/wp-content\/uploads\/sites\/12\/2021\/12\/sunflower-us-1900-1024x451.jpeg","datePublished":"2021-12-20T18:53:42+00:00","dateModified":"2023-07-13T08:08:53+00:00","breadcrumb":{"@id":"https:\/\/gruene-eichstaett.de\/eichstaett\/#breadcrumb"},"inLanguage":"de","potentialAction":[{"@type":"ReadAction","target":["https:\/\/gruene-eichstaett.de\/eichstaett\/"]}]},{"@type":"ImageObject","inLanguage":"de","@id":"https:\/\/gruene-eichstaett.de\/eichstaett\/#primaryimage","url":"http:\/\/gruene-eichstaett.de\/eichstaett\/wp-content\/uploads\/sites\/12\/2021\/12\/sunflower-us-1900-1024x451.jpeg","contentUrl":"http:\/\/gruene-eichstaett.de\/eichstaett\/wp-content\/uploads\/sites\/12\/2021\/12\/sunflower-us-1900-1024x451.jpeg"},{"@type":"BreadcrumbList","@id":"https:\/\/gruene-eichstaett.de\/eichstaett\/#breadcrumb","itemListElement":[{"@type":"ListItem","position":1,"name":"Startseite","item":"https:\/\/gruene-eichstaett.de\/eichstaett\/"},{"@type":"ListItem","position":2,"name":"home"}]},{"@type":"WebSite","@id":"https:\/\/gruene-eichstaett.de\/eichstaett\/#website","url":"https:\/\/gruene-eichstaett.de\/eichstaett\/","name":"B\u00dcNDNIS 90\/DIE GR\u00dcNEN","description":"OV Eichst\u00e4tt","publisher":{"@id":"https:\/\/gruene-eichstaett.de\/eichstaett\/#organization"},"potentialAction":[{"@type":"SearchAction","target":{"@type":"EntryPoint","urlTemplate":"https:\/\/gruene-eichstaett.de\/eichstaett\/?s={search_term_string}"},"query-input":{"@type":"PropertyValueSpecification","valueRequired":true,"valueName":"search_term_string"}}],"inLanguage":"de"},{"@type":"Organization","@id":"https:\/\/gruene-eichstaett.de\/eichstaett\/#organization","name":"B\u00dcNDNIS 90\/DIE GR\u00dcNEN","url":"https:\/\/gruene-eichstaett.de\/eichstaett\/","logo":{"@type":"ImageObject","inLanguage":"de","@id":"https:\/\/gruene-eichstaett.de\/eichstaett\/#\/schema\/logo\/image\/","url":"http:\/\/gruene-eichstaett.de\/eichstaett\/wp-content\/uploads\/sites\/12\/2021\/12\/Profilbild-Sonenblume.png","contentUrl":"http:\/\/gruene-eichstaett.de\/eichstaett\/wp-content\/uploads\/sites\/12\/2021\/12\/Profilbild-Sonenblume.png","width":500,"height":500,"caption":"B\u00dcNDNIS 90\/DIE GR\u00dcNEN"},"image":{"@id":"https:\/\/gruene-eichstaett.de\/eichstaett\/#\/schema\/logo\/image\/"}}]}},"_links":{"self":[{"href":"https:\/\/gruene-eichstaett.de\/eichstaett\/wp-json\/wp\/v2\/pages\/62","targetHints":{"allow":["GET"]}}],"collection":[{"href":"https:\/\/gruene-eichstaett.de\/eichstaett\/wp-json\/wp\/v2\/pages"}],"about":[{"href":"https:\/\/gruene-eichstaett.de\/eichstaett\/wp-json\/wp\/v2\/types\/page"}],"author":[{"embeddable":true,"href":"https:\/\/gruene-eichstaett.de\/eichstaett\/wp-json\/wp\/v2\/users\/2"}],"replies":[{"embeddable":true,"href":"https:\/\/gruene-eichstaett.de\/eichstaett\/wp-json\/wp\/v2\/comments?post=62"}],"version-history":[{"count":6,"href":"https:\/\/gruene-eichstaett.de\/eichstaett\/wp-json\/wp\/v2\/pages\/62\/revisions"}],"predecessor-version":[{"id":114,"href":"https:\/\/gruene-eichstaett.de\/eichstaett\/wp-json\/wp\/v2\/pages\/62\/revisions\/114"}],"wp:attachment":[{"href":"https:\/\/gruene-eichstaett.de\/eichstaett\/wp-json\/wp\/v2\/media?parent=62"}],"curies":[{"name":"wp","href":"https:\/\/api.w.org\/{rel}","templated":true}]}}