{"id":47,"date":"2021-12-21T19:04:05","date_gmt":"2021-12-21T18:04:05","guid":{"rendered":"https:\/\/gruene-eichstaett.de\/hepberg\/?page_id=47"},"modified":"2021-12-21T19:07:22","modified_gmt":"2021-12-21T18:07:22","slug":"home","status":"publish","type":"page","link":"https:\/\/gruene-eichstaett.de\/hepberg\/home\/","title":{"rendered":"home"},"content":{"rendered":"\n<figure class=\"wp-block-image size-large is-style-default\"><img loading=\"lazy\" decoding=\"async\" width=\"1024\" height=\"451\" src=\"https:\/\/gruene-eichstaett.de\/hepberg\/wp-content\/uploads\/sites\/5\/2021\/12\/sunflower-us-1900-1024x451.jpeg\" alt=\"\" class=\"wp-image-50\" srcset=\"https:\/\/gruene-eichstaett.de\/hepberg\/wp-content\/uploads\/sites\/5\/2021\/12\/sunflower-us-1900-1024x451.jpeg 1024w, https:\/\/gruene-eichstaett.de\/hepberg\/wp-content\/uploads\/sites\/5\/2021\/12\/sunflower-us-1900-300x132.jpeg 300w, https:\/\/gruene-eichstaett.de\/hepberg\/wp-content\/uploads\/sites\/5\/2021\/12\/sunflower-us-1900-768x339.jpeg 768w, https:\/\/gruene-eichstaett.de\/hepberg\/wp-content\/uploads\/sites\/5\/2021\/12\/sunflower-us-1900-1536x677.jpeg 1536w, https:\/\/gruene-eichstaett.de\/hepberg\/wp-content\/uploads\/sites\/5\/2021\/12\/sunflower-us-1900.jpeg 1919w\" sizes=\"auto, (max-width: 1024px) 100vw, 1024px\" \/><\/figure>\n\n\n\n<div style=\"height:50px\" aria-hidden=\"true\" class=\"wp-block-spacer\"><\/div>\n\n\n<style>.wp-show-posts-columns#wpsp-53 {margin-left: -2em; }.wp-show-posts-columns#wpsp-53 .wp-show-posts-inner {margin: 0 0 2em 2em; }<\/style><section id=\"wpsp-53\" class=\" wp-show-posts-columns wp-show-posts\" style=\"\"><article class=\" wp-show-posts-single post-31 post type-post status-publish format-standard hentry category-allgemein wpsp-col-6\" itemtype=\"http:\/\/schema.org\/CreativeWork\" itemscope><div class=\"wp-show-posts-inner\" style=\"\">\t\t\t\t\t\t<header class=\"wp-show-posts-entry-header\">\n\t\t\t\t\t\t\t<h2 class=\"wp-show-posts-entry-title\" itemprop=\"headline\"><a href=\"https:\/\/gruene-eichstaett.de\/hepberg\/2021\/11\/18\/info-zur-geplanten-haehnchenmastanlage-in-stammham\/\" rel=\"bookmark\">INFO ZUR GEPLANTEN H\u00c4HNCHENMASTANLAGE IN STAMMHAM.<\/a><\/h2><div class=\"wp-show-posts-entry-meta wp-show-posts-entry-meta-below-title post-meta-inline\"><span class=\"wp-show-posts-posted-on wp-show-posts-meta\">\n\t\t\t\t\t<a href=\"https:\/\/gruene-eichstaett.de\/hepberg\/2021\/11\/18\/info-zur-geplanten-haehnchenmastanlage-in-stammham\/\" title=\"16:22\" rel=\"bookmark\"><time class=\"wp-show-posts-entry-date published\" datetime=\"2021-11-18T16:22:08+01:00\" itemprop=\"datePublished\">18. November 2021<\/time><\/a>\n\t\t\t\t<\/span><\/div>\t\t\t\t\t\t<\/header><!-- .entry-header -->\n\t\t\t\t\t\t\t\t\t\t\t<div class=\"wp-show-posts-entry-summary\" itemprop=\"text\">\n\t\t\t\t\t\t\t<p>OV GR\u00dcNEN Hepberg Vorstandsmitglied Uwe Bodendiek informiert als 2. Vorsitzender des Vereins&nbsp;respekTIERE unsere Heimat&nbsp;zum aktuellen Sachstand:&#8222;Der Verein f\u00fchrte ein Gespr\u00e4ch mit der B\u00fcrgermeisterin Maria Weber, um auch der neuen Amtsinhaberin&#8230;<\/p>\n\t\t\t\t\t\t<\/div><!-- .entry-summary -->\n\t\t\t\t\t<\/div><!-- wp-show-posts-inner --><\/article><article class=\" wp-show-posts-single post-29 post type-post status-publish format-standard hentry category-allgemein wpsp-col-6\" itemtype=\"http:\/\/schema.org\/CreativeWork\" itemscope><div class=\"wp-show-posts-inner\" style=\"\">\t\t\t\t\t\t<header class=\"wp-show-posts-entry-header\">\n\t\t\t\t\t\t\t<h2 class=\"wp-show-posts-entry-title\" itemprop=\"headline\"><a href=\"https:\/\/gruene-eichstaett.de\/hepberg\/2021\/11\/18\/infos-zum-kastenstand\/\" rel=\"bookmark\">INFOS ZUM KASTENSTAND.<\/a><\/h2><div class=\"wp-show-posts-entry-meta wp-show-posts-entry-meta-below-title post-meta-inline\"><span class=\"wp-show-posts-posted-on wp-show-posts-meta\">\n\t\t\t\t\t<a href=\"https:\/\/gruene-eichstaett.de\/hepberg\/2021\/11\/18\/infos-zum-kastenstand\/\" title=\"16:21\" rel=\"bookmark\"><time class=\"wp-show-posts-entry-date published\" datetime=\"2021-11-18T16:21:49+01:00\" itemprop=\"datePublished\">18. November 2021<\/time><\/a>\n\t\t\t\t<\/span><\/div>\t\t\t\t\t\t<\/header><!-- .entry-header -->\n\t\t\t\t\t\t\t\t\t\t\t<div class=\"wp-show-posts-entry-summary\" itemprop=\"text\">\n\t\t\t\t\t\t\t<p>Liebe Freundinnen und Freunde, hier sind einige Infos zur Abschaffung des Kastenstands. Der Kompromiss f\u00fchrt weg vom Kastenstand hin zur Gruppenhaltung. Kastenst\u00e4nde f\u00fcr Sauen, die gedeckt werden, verschwinden ganz. So&#8230;<\/p>\n\t\t\t\t\t\t<\/div><!-- .entry-summary -->\n\t\t\t\t\t<\/div><!-- wp-show-posts-inner --><\/article><article class=\" wp-show-posts-single post-27 post type-post status-publish format-standard has-post-thumbnail hentry category-allgemein wpsp-col-6\" itemtype=\"http:\/\/schema.org\/CreativeWork\" itemscope><div class=\"wp-show-posts-inner\" style=\"\">\t\t\t\t\t\t<header class=\"wp-show-posts-entry-header\">\n\t\t\t\t\t\t\t<h2 class=\"wp-show-posts-entry-title\" itemprop=\"headline\"><a href=\"https:\/\/gruene-eichstaett.de\/hepberg\/2021\/11\/18\/gruene-gemeinderaetin-nicole-lorenz-sagt-danke-und-stellt-sich-vor\/\" rel=\"bookmark\">Gr\u00fcne Gemeinder\u00e4tin Nicole Lorenz sagt danke und stellt sich vor.<\/a><\/h2><div class=\"wp-show-posts-entry-meta wp-show-posts-entry-meta-below-title post-meta-inline\"><span class=\"wp-show-posts-posted-on wp-show-posts-meta\">\n\t\t\t\t\t<a href=\"https:\/\/gruene-eichstaett.de\/hepberg\/2021\/11\/18\/gruene-gemeinderaetin-nicole-lorenz-sagt-danke-und-stellt-sich-vor\/\" title=\"16:20\" rel=\"bookmark\"><time class=\"wp-show-posts-entry-date published\" datetime=\"2021-11-18T16:20:27+01:00\" itemprop=\"datePublished\">18. November 2021<\/time><time class=\"wp-show-posts-updated\" datetime=\"2021-11-18T16:21:06+01:00\" itemprop=\"dateModified\">18. November 2021<\/time><\/a>\n\t\t\t\t<\/span><\/div>\t\t\t\t\t\t<\/header><!-- .entry-header -->\n\t\t\t\t\t\t\t<div class=\"wp-show-posts-image  wpsp-image-center \">\n\t\t\t<a href=\"https:\/\/gruene-eichstaett.de\/hepberg\/2021\/11\/18\/gruene-gemeinderaetin-nicole-lorenz-sagt-danke-und-stellt-sich-vor\/\"  title=\"Gr\u00fcne Gemeinder\u00e4tin Nicole Lorenz sagt danke und stellt sich vor.\"><img loading=\"lazy\" decoding=\"async\" width=\"860\" height=\"1290\" src=\"https:\/\/gruene-eichstaett.de\/hepberg\/wp-content\/uploads\/sites\/5\/2021\/09\/csm_DBM_9646_N_Kopie_bb6edb4a08.jpeg\" class=\"attachment-full size-full wp-post-image\" alt=\"\" itemprop=\"image\" srcset=\"https:\/\/gruene-eichstaett.de\/hepberg\/wp-content\/uploads\/sites\/5\/2021\/09\/csm_DBM_9646_N_Kopie_bb6edb4a08.jpeg 860w, https:\/\/gruene-eichstaett.de\/hepberg\/wp-content\/uploads\/sites\/5\/2021\/09\/csm_DBM_9646_N_Kopie_bb6edb4a08-200x300.jpeg 200w, https:\/\/gruene-eichstaett.de\/hepberg\/wp-content\/uploads\/sites\/5\/2021\/09\/csm_DBM_9646_N_Kopie_bb6edb4a08-683x1024.jpeg 683w, https:\/\/gruene-eichstaett.de\/hepberg\/wp-content\/uploads\/sites\/5\/2021\/09\/csm_DBM_9646_N_Kopie_bb6edb4a08-768x1152.jpeg 768w\" sizes=\"auto, (max-width: 860px) 100vw, 860px\" \/><\/a>\t\t<\/div>\n\t\t\t\t\t\t\t\t<div class=\"wp-show-posts-entry-summary\" itemprop=\"text\">\n\t\t\t\t\t\t\t<p>Danke an die Hepberger B\u00fcrgerinnen und B\u00fcrger, die mir ihre Stimmen gegeben haben.Danke, dass ich Gemeinder\u00e4tin in Hepberg werden darf!Danke an meine Gr\u00fcnen Kollegen, dass sie mir ihr Vertrauen ausgesprochen&#8230;<\/p>\n\t\t\t\t\t\t<\/div><!-- .entry-summary -->\n\t\t\t\t\t<\/div><!-- wp-show-posts-inner --><\/article><article class=\" wp-show-posts-single post-25 post type-post status-publish format-standard has-post-thumbnail hentry category-allgemein wpsp-col-6\" itemtype=\"http:\/\/schema.org\/CreativeWork\" itemscope><div class=\"wp-show-posts-inner\" style=\"\">\t\t\t\t\t\t<header class=\"wp-show-posts-entry-header\">\n\t\t\t\t\t\t\t<h2 class=\"wp-show-posts-entry-title\" itemprop=\"headline\"><a href=\"https:\/\/gruene-eichstaett.de\/hepberg\/2021\/11\/18\/politischer-aschermittwoch-der-gruenen-in-landshut\/\" rel=\"bookmark\">Politischer Aschermittwoch der Gr\u00fcnen in Landshut.<\/a><\/h2><div class=\"wp-show-posts-entry-meta wp-show-posts-entry-meta-below-title post-meta-inline\"><span class=\"wp-show-posts-posted-on wp-show-posts-meta\">\n\t\t\t\t\t<a href=\"https:\/\/gruene-eichstaett.de\/hepberg\/2021\/11\/18\/politischer-aschermittwoch-der-gruenen-in-landshut\/\" title=\"16:19\" rel=\"bookmark\"><time class=\"wp-show-posts-entry-date published\" datetime=\"2021-11-18T16:19:51+01:00\" itemprop=\"datePublished\">18. November 2021<\/time><time class=\"wp-show-posts-updated\" datetime=\"2021-11-18T16:23:59+01:00\" itemprop=\"dateModified\">18. November 2021<\/time><\/a>\n\t\t\t\t<\/span><\/div>\t\t\t\t\t\t<\/header><!-- .entry-header -->\n\t\t\t\t\t\t\t<div class=\"wp-show-posts-image  wpsp-image-center \">\n\t\t\t<a href=\"https:\/\/gruene-eichstaett.de\/hepberg\/2021\/11\/18\/politischer-aschermittwoch-der-gruenen-in-landshut\/\"  title=\"Politischer Aschermittwoch der Gr\u00fcnen in Landshut.\"><img loading=\"lazy\" decoding=\"async\" width=\"875\" height=\"657\" src=\"https:\/\/gruene-eichstaett.de\/hepberg\/wp-content\/uploads\/sites\/5\/2021\/09\/csm_IMG_1497_a9b5f09bf1.jpeg\" class=\"attachment-full size-full wp-post-image\" alt=\"\" itemprop=\"image\" srcset=\"https:\/\/gruene-eichstaett.de\/hepberg\/wp-content\/uploads\/sites\/5\/2021\/09\/csm_IMG_1497_a9b5f09bf1.jpeg 875w, https:\/\/gruene-eichstaett.de\/hepberg\/wp-content\/uploads\/sites\/5\/2021\/09\/csm_IMG_1497_a9b5f09bf1-300x225.jpeg 300w, https:\/\/gruene-eichstaett.de\/hepberg\/wp-content\/uploads\/sites\/5\/2021\/09\/csm_IMG_1497_a9b5f09bf1-768x577.jpeg 768w\" sizes=\"auto, (max-width: 875px) 100vw, 875px\" \/><\/a>\t\t<\/div>\n\t\t\t\t\t\t\t\t<div class=\"wp-show-posts-entry-summary\" itemprop=\"text\">\n\t\t\t\t\t\t\t<p>Traditionell findet der Politische Aschermittwoch der Gr\u00fcnen Bayerns in Landshut statt. In einem prall gef\u00fcllten Festsaal mit euphorischer Stimmung angesichts der sehr guten Umfagewerte vor den Bayerischen Kommunnalwahlen treffen die&#8230;<\/p>\n\t\t\t\t\t\t<\/div><!-- .entry-summary -->\n\t\t\t\t\t<\/div><!-- wp-show-posts-inner --><\/article><article class=\" wp-show-posts-single post-23 post type-post status-publish format-standard has-post-thumbnail hentry category-allgemein wpsp-col-6\" itemtype=\"http:\/\/schema.org\/CreativeWork\" itemscope><div class=\"wp-show-posts-inner\" style=\"\">\t\t\t\t\t\t<header class=\"wp-show-posts-entry-header\">\n\t\t\t\t\t\t\t<h2 class=\"wp-show-posts-entry-title\" itemprop=\"headline\"><a href=\"https:\/\/gruene-eichstaett.de\/hepberg\/2021\/11\/18\/ortsverband-hepberg-besucht-den-bayerischen-landtag\/\" rel=\"bookmark\">Ortsverband Hepberg besucht den bayerischen Landtag.<\/a><\/h2><div class=\"wp-show-posts-entry-meta wp-show-posts-entry-meta-below-title post-meta-inline\"><span class=\"wp-show-posts-posted-on wp-show-posts-meta\">\n\t\t\t\t\t<a href=\"https:\/\/gruene-eichstaett.de\/hepberg\/2021\/11\/18\/ortsverband-hepberg-besucht-den-bayerischen-landtag\/\" title=\"16:18\" rel=\"bookmark\"><time class=\"wp-show-posts-entry-date published\" datetime=\"2021-11-18T16:18:54+01:00\" itemprop=\"datePublished\">18. November 2021<\/time><time class=\"wp-show-posts-updated\" datetime=\"2021-11-18T16:24:35+01:00\" itemprop=\"dateModified\">18. November 2021<\/time><\/a>\n\t\t\t\t<\/span><\/div>\t\t\t\t\t\t<\/header><!-- .entry-header -->\n\t\t\t\t\t\t\t<div class=\"wp-show-posts-image  wpsp-image-center \">\n\t\t\t<a href=\"https:\/\/gruene-eichstaett.de\/hepberg\/2021\/11\/18\/ortsverband-hepberg-besucht-den-bayerischen-landtag\/\"  title=\"Ortsverband Hepberg besucht den bayerischen Landtag.\"><img loading=\"lazy\" decoding=\"async\" width=\"875\" height=\"656\" src=\"https:\/\/gruene-eichstaett.de\/hepberg\/wp-content\/uploads\/sites\/5\/2021\/09\/csm_IMG_1462_01_c85122c455.jpeg\" class=\"attachment-full size-full wp-post-image\" alt=\"\" itemprop=\"image\" srcset=\"https:\/\/gruene-eichstaett.de\/hepberg\/wp-content\/uploads\/sites\/5\/2021\/09\/csm_IMG_1462_01_c85122c455.jpeg 875w, https:\/\/gruene-eichstaett.de\/hepberg\/wp-content\/uploads\/sites\/5\/2021\/09\/csm_IMG_1462_01_c85122c455-300x225.jpeg 300w, https:\/\/gruene-eichstaett.de\/hepberg\/wp-content\/uploads\/sites\/5\/2021\/09\/csm_IMG_1462_01_c85122c455-768x576.jpeg 768w\" sizes=\"auto, (max-width: 875px) 100vw, 875px\" \/><\/a>\t\t<\/div>\n\t\t\t\t\t\t\t\t<div class=\"wp-show-posts-entry-summary\" itemprop=\"text\">\n\t\t\t\t\t\t\t<p>Am 6. Februar besuchten Mitglieder des Ortsverbandes Hepberg auf Einladung von MdL Claudia K\u00f6hler den bayerischen Landtag. Claudia K\u00f6hler ist Haushaltspolitische Sprecherin von B\u00fcndnis \u201990\/ Die Gr\u00fcnen und fungiert f\u00fcr&#8230;<\/p>\n\t\t\t\t\t\t<\/div><!-- .entry-summary -->\n\t\t\t\t\t<\/div><!-- wp-show-posts-inner --><\/article><article class=\" wp-show-posts-single post-21 post type-post status-publish format-standard has-post-thumbnail hentry category-allgemein wpsp-col-6\" itemtype=\"http:\/\/schema.org\/CreativeWork\" itemscope><div class=\"wp-show-posts-inner\" style=\"\">\t\t\t\t\t\t<header class=\"wp-show-posts-entry-header\">\n\t\t\t\t\t\t\t<h2 class=\"wp-show-posts-entry-title\" itemprop=\"headline\"><a href=\"https:\/\/gruene-eichstaett.de\/hepberg\/2021\/11\/18\/ortsverband-gruene-hepberg-unterstuetzt-den-widerstand-gegen-die-geplante-haehnchenmastanlage-in-stammham\/\" rel=\"bookmark\">Ortsverband Gr\u00fcne Hepberg unterst\u00fctzt den Widerstand gegen die geplante H\u00e4hnchenmastanlage in Stammham.<\/a><\/h2><div class=\"wp-show-posts-entry-meta wp-show-posts-entry-meta-below-title post-meta-inline\"><span class=\"wp-show-posts-posted-on wp-show-posts-meta\">\n\t\t\t\t\t<a href=\"https:\/\/gruene-eichstaett.de\/hepberg\/2021\/11\/18\/ortsverband-gruene-hepberg-unterstuetzt-den-widerstand-gegen-die-geplante-haehnchenmastanlage-in-stammham\/\" title=\"16:18\" rel=\"bookmark\"><time class=\"wp-show-posts-entry-date published\" datetime=\"2021-11-18T16:18:34+01:00\" itemprop=\"datePublished\">18. November 2021<\/time><time class=\"wp-show-posts-updated\" datetime=\"2021-11-18T16:25:27+01:00\" itemprop=\"dateModified\">18. November 2021<\/time><\/a>\n\t\t\t\t<\/span><\/div>\t\t\t\t\t\t<\/header><!-- .entry-header -->\n\t\t\t\t\t\t\t<div class=\"wp-show-posts-image  wpsp-image-center \">\n\t\t\t<a href=\"https:\/\/gruene-eichstaett.de\/hepberg\/2021\/11\/18\/ortsverband-gruene-hepberg-unterstuetzt-den-widerstand-gegen-die-geplante-haehnchenmastanlage-in-stammham\/\"  title=\"Ortsverband Gr\u00fcne Hepberg unterst\u00fctzt den Widerstand gegen die geplante H\u00e4hnchenmastanlage in Stammham.\"><img loading=\"lazy\" decoding=\"async\" width=\"875\" height=\"656\" src=\"https:\/\/gruene-eichstaett.de\/hepberg\/wp-content\/uploads\/sites\/5\/2021\/09\/csm_IMG_1449_Kopie_814cb99427.jpeg\" class=\"attachment-full size-full wp-post-image\" alt=\"\" itemprop=\"image\" srcset=\"https:\/\/gruene-eichstaett.de\/hepberg\/wp-content\/uploads\/sites\/5\/2021\/09\/csm_IMG_1449_Kopie_814cb99427.jpeg 875w, https:\/\/gruene-eichstaett.de\/hepberg\/wp-content\/uploads\/sites\/5\/2021\/09\/csm_IMG_1449_Kopie_814cb99427-300x225.jpeg 300w, https:\/\/gruene-eichstaett.de\/hepberg\/wp-content\/uploads\/sites\/5\/2021\/09\/csm_IMG_1449_Kopie_814cb99427-768x576.jpeg 768w\" sizes=\"auto, (max-width: 875px) 100vw, 875px\" \/><\/a>\t\t<\/div>\n\t\t\t\t\t\t\t\t<div class=\"wp-show-posts-entry-summary\" itemprop=\"text\">\n\t\t\t\t\t\t\t<p>Mitglieder des Gr\u00fcnen OV aus Hepberg unterst\u00fctzen ma\u00dfgeblich unsere Nachbargemeinde Stammham bei der Verhinderung des Baus einer MEGA H\u00e4nchenmastanlage f\u00fcr 207.000 H\u00fchner Unsere Kandidaten Nicole Lorenz und Uwe Bodendiek sind&#8230;<\/p>\n\t\t\t\t\t\t<\/div><!-- .entry-summary -->\n\t\t\t\t\t<\/div><!-- wp-show-posts-inner --><\/article><article class=\" wp-show-posts-single post-19 post type-post status-publish format-standard hentry category-allgemein wpsp-col-6\" itemtype=\"http:\/\/schema.org\/CreativeWork\" itemscope><div class=\"wp-show-posts-inner\" style=\"\">\t\t\t\t\t\t<header class=\"wp-show-posts-entry-header\">\n\t\t\t\t\t\t\t<h2 class=\"wp-show-posts-entry-title\" itemprop=\"headline\"><a href=\"https:\/\/gruene-eichstaett.de\/hepberg\/2021\/11\/18\/die-gruenen-in-hepberg-jetzt-aktiv-in-der-kommunalpolitik\/\" rel=\"bookmark\">Die Gr\u00fcnen in Hepberg jetzt aktiv in der Kommunalpolitik.<\/a><\/h2><div class=\"wp-show-posts-entry-meta wp-show-posts-entry-meta-below-title post-meta-inline\"><span class=\"wp-show-posts-posted-on wp-show-posts-meta\">\n\t\t\t\t\t<a href=\"https:\/\/gruene-eichstaett.de\/hepberg\/2021\/11\/18\/die-gruenen-in-hepberg-jetzt-aktiv-in-der-kommunalpolitik\/\" title=\"16:18\" rel=\"bookmark\"><time class=\"wp-show-posts-entry-date published\" datetime=\"2021-11-18T16:18:01+01:00\" itemprop=\"datePublished\">18. November 2021<\/time><\/a>\n\t\t\t\t<\/span><\/div>\t\t\t\t\t\t<\/header><!-- .entry-header -->\n\t\t\t\t\t\t\t\t\t\t\t<div class=\"wp-show-posts-entry-summary\" itemprop=\"text\">\n\t\t\t\t\t\t\t<p>Am 25. Oktober wurde ein weiterer Ortsverband der Gr\u00fcnen in Bayern in Hepberg gegr\u00fcndet. Gr\u00fcne Politik ist auf dem Vormarsch in Bayern. Allein 2019 wurden im Landkreis Eichst\u00e4tt sechs neue&#8230;<\/p>\n\t\t\t\t\t\t<\/div><!-- .entry-summary -->\n\t\t\t\t\t<\/div><!-- wp-show-posts-inner --><\/article><article class=\" wp-show-posts-single post-33 post type-post status-publish format-standard hentry category-allgemein wpsp-col-6\" itemtype=\"http:\/\/schema.org\/CreativeWork\" itemscope><div class=\"wp-show-posts-inner\" style=\"\">\t\t\t\t\t\t<header class=\"wp-show-posts-entry-header\">\n\t\t\t\t\t\t\t<h2 class=\"wp-show-posts-entry-title\" itemprop=\"headline\"><a href=\"https:\/\/gruene-eichstaett.de\/hepberg\/2020\/08\/07\/ein-grosser-erfolg-fuer-das-klima\/\" rel=\"bookmark\">Ein gro\u00dfer Erfolg f\u00fcr das Klima!<\/a><\/h2><div class=\"wp-show-posts-entry-meta wp-show-posts-entry-meta-below-title post-meta-inline\"><span class=\"wp-show-posts-posted-on wp-show-posts-meta\">\n\t\t\t\t\t<a href=\"https:\/\/gruene-eichstaett.de\/hepberg\/2020\/08\/07\/ein-grosser-erfolg-fuer-das-klima\/\" title=\"16:22\" rel=\"bookmark\"><time class=\"wp-show-posts-entry-date published\" datetime=\"2020-08-07T16:22:24+02:00\" itemprop=\"datePublished\">7. August 2020<\/time><time class=\"wp-show-posts-updated\" datetime=\"2021-12-21T19:53:40+01:00\" itemprop=\"dateModified\">21. Dezember 2021<\/time><\/a>\n\t\t\t\t<\/span><\/div>\t\t\t\t\t\t<\/header><!-- .entry-header -->\n\t\t\t\t\t\t\t\t\t\t\t<div class=\"wp-show-posts-entry-summary\" itemprop=\"text\">\n\t\t\t\t\t\t\t<p>Mit dem europ\u00e4ischen Klimagesetz beschlie\u00dft das Europaparlament ein EU-Ziel zur Reduzierung der Treibhausgasemissionen bis 2030 von -60% gegen\u00fcber 1990. In einer \u00fcberraschenden Abstimmung stimmten gestern Abend 352 Abgeordnete f\u00fcr dieses&#8230;<\/p>\n\t\t\t\t\t\t<\/div><!-- .entry-summary -->\n\t\t\t\t\t<\/div><!-- wp-show-posts-inner --><\/article><div class=\"wpsp-clear\"><\/div><\/section><!-- .wp-show-posts -->\n","protected":false},"excerpt":{"rendered":"","protected":false},"author":2,"featured_media":0,"parent":0,"menu_order":0,"comment_status":"closed","ping_status":"closed","template":"","meta":{"footnotes":""},"class_list":["post-47","page","type-page","status-publish","hentry"],"yoast_head":"<!-- This site is optimized with the Yoast SEO plugin v27.4 - https:\/\/yoast.com\/product\/yoast-seo-wordpress\/ -->\n<title>home - B\u00dcNDNIS 90\/DIE GR\u00dcNEN<\/title>\n<meta name=\"robots\" content=\"index, follow, max-snippet:-1, max-image-preview:large, max-video-preview:-1\" \/>\n<link rel=\"canonical\" href=\"https:\/\/gruene-eichstaett.de\/hepberg\/home\/\" \/>\n<meta property=\"og:locale\" content=\"de_DE\" \/>\n<meta property=\"og:type\" content=\"article\" \/>\n<meta property=\"og:title\" content=\"home - B\u00dcNDNIS 90\/DIE GR\u00dcNEN\" \/>\n<meta property=\"og:url\" content=\"https:\/\/gruene-eichstaett.de\/hepberg\/home\/\" \/>\n<meta property=\"og:site_name\" content=\"B\u00dcNDNIS 90\/DIE GR\u00dcNEN\" \/>\n<meta property=\"article:modified_time\" content=\"2021-12-21T18:07:22+00:00\" \/>\n<meta property=\"og:image\" content=\"http:\/\/gruene-eichstaett.de\/hepberg\/wp-content\/uploads\/sites\/5\/2021\/12\/sunflower-us-1900-1024x451.jpeg\" \/>\n<meta name=\"twitter:card\" content=\"summary_large_image\" \/>\n<script type=\"application\/ld+json\" class=\"yoast-schema-graph\">{\"@context\":\"https:\\\/\\\/schema.org\",\"@graph\":[{\"@type\":\"WebPage\",\"@id\":\"https:\\\/\\\/gruene-eichstaett.de\\\/hepberg\\\/home\\\/\",\"url\":\"https:\\\/\\\/gruene-eichstaett.de\\\/hepberg\\\/home\\\/\",\"name\":\"home - B\u00dcNDNIS 90\\\/DIE GR\u00dcNEN\",\"isPartOf\":{\"@id\":\"https:\\\/\\\/gruene-eichstaett.de\\\/hepberg\\\/#website\"},\"primaryImageOfPage\":{\"@id\":\"https:\\\/\\\/gruene-eichstaett.de\\\/hepberg\\\/home\\\/#primaryimage\"},\"image\":{\"@id\":\"https:\\\/\\\/gruene-eichstaett.de\\\/hepberg\\\/home\\\/#primaryimage\"},\"thumbnailUrl\":\"http:\\\/\\\/gruene-eichstaett.de\\\/hepberg\\\/wp-content\\\/uploads\\\/sites\\\/5\\\/2021\\\/12\\\/sunflower-us-1900-1024x451.jpeg\",\"datePublished\":\"2021-12-21T18:04:05+00:00\",\"dateModified\":\"2021-12-21T18:07:22+00:00\",\"breadcrumb\":{\"@id\":\"https:\\\/\\\/gruene-eichstaett.de\\\/hepberg\\\/home\\\/#breadcrumb\"},\"inLanguage\":\"de\",\"potentialAction\":[{\"@type\":\"ReadAction\",\"target\":[\"https:\\\/\\\/gruene-eichstaett.de\\\/hepberg\\\/home\\\/\"]}]},{\"@type\":\"ImageObject\",\"inLanguage\":\"de\",\"@id\":\"https:\\\/\\\/gruene-eichstaett.de\\\/hepberg\\\/home\\\/#primaryimage\",\"url\":\"https:\\\/\\\/gruene-eichstaett.de\\\/hepberg\\\/wp-content\\\/uploads\\\/sites\\\/5\\\/2021\\\/12\\\/sunflower-us-1900.jpeg\",\"contentUrl\":\"https:\\\/\\\/gruene-eichstaett.de\\\/hepberg\\\/wp-content\\\/uploads\\\/sites\\\/5\\\/2021\\\/12\\\/sunflower-us-1900.jpeg\",\"width\":1919,\"height\":846},{\"@type\":\"BreadcrumbList\",\"@id\":\"https:\\\/\\\/gruene-eichstaett.de\\\/hepberg\\\/home\\\/#breadcrumb\",\"itemListElement\":[{\"@type\":\"ListItem\",\"position\":1,\"name\":\"Startseite\",\"item\":\"https:\\\/\\\/gruene-eichstaett.de\\\/hepberg\\\/\"},{\"@type\":\"ListItem\",\"position\":2,\"name\":\"home\"}]},{\"@type\":\"WebSite\",\"@id\":\"https:\\\/\\\/gruene-eichstaett.de\\\/hepberg\\\/#website\",\"url\":\"https:\\\/\\\/gruene-eichstaett.de\\\/hepberg\\\/\",\"name\":\"B\u00dcNDNIS 90\\\/DIE GR\u00dcNEN\",\"description\":\"in der Gemeinde Hepberg\",\"publisher\":{\"@id\":\"https:\\\/\\\/gruene-eichstaett.de\\\/hepberg\\\/#organization\"},\"potentialAction\":[{\"@type\":\"SearchAction\",\"target\":{\"@type\":\"EntryPoint\",\"urlTemplate\":\"https:\\\/\\\/gruene-eichstaett.de\\\/hepberg\\\/?s={search_term_string}\"},\"query-input\":{\"@type\":\"PropertyValueSpecification\",\"valueRequired\":true,\"valueName\":\"search_term_string\"}}],\"inLanguage\":\"de\"},{\"@type\":\"Organization\",\"@id\":\"https:\\\/\\\/gruene-eichstaett.de\\\/hepberg\\\/#organization\",\"name\":\"B\u00dcNDNIS 90\\\/DIE GR\u00dcNEN\",\"url\":\"https:\\\/\\\/gruene-eichstaett.de\\\/hepberg\\\/\",\"logo\":{\"@type\":\"ImageObject\",\"inLanguage\":\"de\",\"@id\":\"https:\\\/\\\/gruene-eichstaett.de\\\/hepberg\\\/#\\\/schema\\\/logo\\\/image\\\/\",\"url\":\"https:\\\/\\\/gruene-eichstaett.de\\\/hepberg\\\/wp-content\\\/uploads\\\/sites\\\/5\\\/2021\\\/12\\\/Profilbild-Sonenblume.png\",\"contentUrl\":\"https:\\\/\\\/gruene-eichstaett.de\\\/hepberg\\\/wp-content\\\/uploads\\\/sites\\\/5\\\/2021\\\/12\\\/Profilbild-Sonenblume.png\",\"width\":500,\"height\":500,\"caption\":\"B\u00dcNDNIS 90\\\/DIE GR\u00dcNEN\"},\"image\":{\"@id\":\"https:\\\/\\\/gruene-eichstaett.de\\\/hepberg\\\/#\\\/schema\\\/logo\\\/image\\\/\"}}]}<\/script>\n<!-- \/ Yoast SEO plugin. -->","yoast_head_json":{"title":"home - B\u00dcNDNIS 90\/DIE GR\u00dcNEN","robots":{"index":"index","follow":"follow","max-snippet":"max-snippet:-1","max-image-preview":"max-image-preview:large","max-video-preview":"max-video-preview:-1"},"canonical":"https:\/\/gruene-eichstaett.de\/hepberg\/home\/","og_locale":"de_DE","og_type":"article","og_title":"home - B\u00dcNDNIS 90\/DIE GR\u00dcNEN","og_url":"https:\/\/gruene-eichstaett.de\/hepberg\/home\/","og_site_name":"B\u00dcNDNIS 90\/DIE GR\u00dcNEN","article_modified_time":"2021-12-21T18:07:22+00:00","og_image":[{"url":"http:\/\/gruene-eichstaett.de\/hepberg\/wp-content\/uploads\/sites\/5\/2021\/12\/sunflower-us-1900-1024x451.jpeg","type":"","width":"","height":""}],"twitter_card":"summary_large_image","schema":{"@context":"https:\/\/schema.org","@graph":[{"@type":"WebPage","@id":"https:\/\/gruene-eichstaett.de\/hepberg\/home\/","url":"https:\/\/gruene-eichstaett.de\/hepberg\/home\/","name":"home - B\u00dcNDNIS 90\/DIE GR\u00dcNEN","isPartOf":{"@id":"https:\/\/gruene-eichstaett.de\/hepberg\/#website"},"primaryImageOfPage":{"@id":"https:\/\/gruene-eichstaett.de\/hepberg\/home\/#primaryimage"},"image":{"@id":"https:\/\/gruene-eichstaett.de\/hepberg\/home\/#primaryimage"},"thumbnailUrl":"http:\/\/gruene-eichstaett.de\/hepberg\/wp-content\/uploads\/sites\/5\/2021\/12\/sunflower-us-1900-1024x451.jpeg","datePublished":"2021-12-21T18:04:05+00:00","dateModified":"2021-12-21T18:07:22+00:00","breadcrumb":{"@id":"https:\/\/gruene-eichstaett.de\/hepberg\/home\/#breadcrumb"},"inLanguage":"de","potentialAction":[{"@type":"ReadAction","target":["https:\/\/gruene-eichstaett.de\/hepberg\/home\/"]}]},{"@type":"ImageObject","inLanguage":"de","@id":"https:\/\/gruene-eichstaett.de\/hepberg\/home\/#primaryimage","url":"https:\/\/gruene-eichstaett.de\/hepberg\/wp-content\/uploads\/sites\/5\/2021\/12\/sunflower-us-1900.jpeg","contentUrl":"https:\/\/gruene-eichstaett.de\/hepberg\/wp-content\/uploads\/sites\/5\/2021\/12\/sunflower-us-1900.jpeg","width":1919,"height":846},{"@type":"BreadcrumbList","@id":"https:\/\/gruene-eichstaett.de\/hepberg\/home\/#breadcrumb","itemListElement":[{"@type":"ListItem","position":1,"name":"Startseite","item":"https:\/\/gruene-eichstaett.de\/hepberg\/"},{"@type":"ListItem","position":2,"name":"home"}]},{"@type":"WebSite","@id":"https:\/\/gruene-eichstaett.de\/hepberg\/#website","url":"https:\/\/gruene-eichstaett.de\/hepberg\/","name":"B\u00dcNDNIS 90\/DIE GR\u00dcNEN","description":"in der Gemeinde Hepberg","publisher":{"@id":"https:\/\/gruene-eichstaett.de\/hepberg\/#organization"},"potentialAction":[{"@type":"SearchAction","target":{"@type":"EntryPoint","urlTemplate":"https:\/\/gruene-eichstaett.de\/hepberg\/?s={search_term_string}"},"query-input":{"@type":"PropertyValueSpecification","valueRequired":true,"valueName":"search_term_string"}}],"inLanguage":"de"},{"@type":"Organization","@id":"https:\/\/gruene-eichstaett.de\/hepberg\/#organization","name":"B\u00dcNDNIS 90\/DIE GR\u00dcNEN","url":"https:\/\/gruene-eichstaett.de\/hepberg\/","logo":{"@type":"ImageObject","inLanguage":"de","@id":"https:\/\/gruene-eichstaett.de\/hepberg\/#\/schema\/logo\/image\/","url":"https:\/\/gruene-eichstaett.de\/hepberg\/wp-content\/uploads\/sites\/5\/2021\/12\/Profilbild-Sonenblume.png","contentUrl":"https:\/\/gruene-eichstaett.de\/hepberg\/wp-content\/uploads\/sites\/5\/2021\/12\/Profilbild-Sonenblume.png","width":500,"height":500,"caption":"B\u00dcNDNIS 90\/DIE GR\u00dcNEN"},"image":{"@id":"https:\/\/gruene-eichstaett.de\/hepberg\/#\/schema\/logo\/image\/"}}]}},"_links":{"self":[{"href":"https:\/\/gruene-eichstaett.de\/hepberg\/wp-json\/wp\/v2\/pages\/47","targetHints":{"allow":["GET"]}}],"collection":[{"href":"https:\/\/gruene-eichstaett.de\/hepberg\/wp-json\/wp\/v2\/pages"}],"about":[{"href":"https:\/\/gruene-eichstaett.de\/hepberg\/wp-json\/wp\/v2\/types\/page"}],"author":[{"embeddable":true,"href":"https:\/\/gruene-eichstaett.de\/hepberg\/wp-json\/wp\/v2\/users\/2"}],"replies":[{"embeddable":true,"href":"https:\/\/gruene-eichstaett.de\/hepberg\/wp-json\/wp\/v2\/comments?post=47"}],"version-history":[{"count":3,"href":"https:\/\/gruene-eichstaett.de\/hepberg\/wp-json\/wp\/v2\/pages\/47\/revisions"}],"predecessor-version":[{"id":54,"href":"https:\/\/gruene-eichstaett.de\/hepberg\/wp-json\/wp\/v2\/pages\/47\/revisions\/54"}],"wp:attachment":[{"href":"https:\/\/gruene-eichstaett.de\/hepberg\/wp-json\/wp\/v2\/media?parent=47"}],"curies":[{"name":"wp","href":"https:\/\/api.w.org\/{rel}","templated":true}]}}