{"id":33,"date":"2021-12-21T20:43:10","date_gmt":"2021-12-21T19:43:10","guid":{"rendered":"https:\/\/gruene-eichstaett.de\/koesching\/?page_id=33"},"modified":"2024-01-11T10:51:21","modified_gmt":"2024-01-11T09:51:21","slug":"home","status":"publish","type":"page","link":"https:\/\/gruene-eichstaett.de\/koesching\/home\/","title":{"rendered":"home"},"content":{"rendered":"\n<figure class=\"wp-block-image size-large is-style-default\"><img loading=\"lazy\" decoding=\"async\" width=\"1024\" height=\"451\" src=\"https:\/\/gruene-eichstaett.de\/koesching\/wp-content\/uploads\/sites\/6\/2021\/12\/sunflower-us-1900-1024x451.jpeg\" alt=\"\" class=\"wp-image-27\" srcset=\"https:\/\/gruene-eichstaett.de\/koesching\/wp-content\/uploads\/sites\/6\/2021\/12\/sunflower-us-1900-1024x451.jpeg 1024w, https:\/\/gruene-eichstaett.de\/koesching\/wp-content\/uploads\/sites\/6\/2021\/12\/sunflower-us-1900-300x132.jpeg 300w, https:\/\/gruene-eichstaett.de\/koesching\/wp-content\/uploads\/sites\/6\/2021\/12\/sunflower-us-1900-768x339.jpeg 768w, https:\/\/gruene-eichstaett.de\/koesching\/wp-content\/uploads\/sites\/6\/2021\/12\/sunflower-us-1900-1536x677.jpeg 1536w, https:\/\/gruene-eichstaett.de\/koesching\/wp-content\/uploads\/sites\/6\/2021\/12\/sunflower-us-1900.jpeg 1919w\" sizes=\"auto, (max-width: 1024px) 100vw, 1024px\" \/><\/figure>\n\n\n\n<div style=\"height:50px\" aria-hidden=\"true\" class=\"wp-block-spacer\"><\/div>\n\n\n<style>.wp-show-posts-columns#wpsp-37 {margin-left: -2em; }.wp-show-posts-columns#wpsp-37 .wp-show-posts-inner {margin: 0 0 2em 2em; }<\/style><section id=\"wpsp-37\" class=\" wp-show-posts-columns wp-show-posts\" style=\"\"><article class=\" wp-show-posts-single post-46 post type-post status-publish format-standard has-post-thumbnail hentry category-allgemein wpsp-col-6\" itemtype=\"http:\/\/schema.org\/CreativeWork\" itemscope><div class=\"wp-show-posts-inner\" style=\"\">\t\t\t\t\t\t<header class=\"wp-show-posts-entry-header\">\n\t\t\t\t\t\t\t<h2 class=\"wp-show-posts-entry-title\" itemprop=\"headline\"><a href=\"https:\/\/gruene-eichstaett.de\/koesching\/2020\/03\/15\/danke-an-euch-alle\/\" rel=\"bookmark\">Danke an Euch alle<\/a><\/h2><div class=\"wp-show-posts-entry-meta wp-show-posts-entry-meta-below-title post-meta-inline\"><span class=\"wp-show-posts-posted-on wp-show-posts-meta\">\n\t\t\t\t\t<a href=\"https:\/\/gruene-eichstaett.de\/koesching\/2020\/03\/15\/danke-an-euch-alle\/\" title=\"20:52\" rel=\"bookmark\"><time class=\"wp-show-posts-entry-date published\" datetime=\"2020-03-15T20:52:55+01:00\" itemprop=\"datePublished\">15. M\u00e4rz 2020<\/time><time class=\"wp-show-posts-updated\" datetime=\"2021-12-21T20:53:51+01:00\" itemprop=\"dateModified\">21. Dezember 2021<\/time><\/a>\n\t\t\t\t<\/span><\/div>\t\t\t\t\t\t<\/header><!-- .entry-header -->\n\t\t\t\t\t\t\t<div class=\"wp-show-posts-image  wpsp-image-center \">\n\t\t\t<a href=\"https:\/\/gruene-eichstaett.de\/koesching\/2020\/03\/15\/danke-an-euch-alle\/\"  title=\"Danke an Euch alle\"><img loading=\"lazy\" decoding=\"async\" width=\"875\" height=\"822\" src=\"https:\/\/gruene-eichstaett.de\/koesching\/wp-content\/uploads\/sites\/6\/2021\/09\/csm_DankeBild_19e148e05f.png\" class=\"attachment-full size-full wp-post-image\" alt=\"\" itemprop=\"image\" srcset=\"https:\/\/gruene-eichstaett.de\/koesching\/wp-content\/uploads\/sites\/6\/2021\/09\/csm_DankeBild_19e148e05f.png 875w, https:\/\/gruene-eichstaett.de\/koesching\/wp-content\/uploads\/sites\/6\/2021\/09\/csm_DankeBild_19e148e05f-300x282.png 300w, https:\/\/gruene-eichstaett.de\/koesching\/wp-content\/uploads\/sites\/6\/2021\/09\/csm_DankeBild_19e148e05f-768x721.png 768w\" sizes=\"auto, (max-width: 875px) 100vw, 875px\" \/><\/a>\t\t<\/div>\n\t\t\t\t\t\t\t\t<div class=\"wp-show-posts-entry-summary\" itemprop=\"text\">\n\t\t\t\t\t\t\t<p>Wir haben eine erfolgreiche Kommunalwahl hinter uns. Aus dem Stand heraus zwei Mandate im K\u00f6schinger Marktrat zu erringen, ist f\u00fcr die\u00a0Gr\u00fcnen K\u00f6sching\u00a0ein Riesen-Erfolg. Wir bedanken uns bei allen, die uns&#8230;<\/p>\n\t\t\t\t\t\t<\/div><!-- .entry-summary -->\n\t\t\t\t\t<\/div><!-- wp-show-posts-inner --><\/article><article class=\" wp-show-posts-single post-44 post type-post status-publish format-standard hentry category-allgemein wpsp-col-6\" itemtype=\"http:\/\/schema.org\/CreativeWork\" itemscope><div class=\"wp-show-posts-inner\" style=\"\">\t\t\t\t\t\t<header class=\"wp-show-posts-entry-header\">\n\t\t\t\t\t\t\t<h2 class=\"wp-show-posts-entry-title\" itemprop=\"headline\"><a href=\"https:\/\/gruene-eichstaett.de\/koesching\/2019\/12\/18\/unsere-kandidatinnen-fuer-den-gemeinderat\/\" rel=\"bookmark\">Unsere Kandidat*innen f\u00fcr den Gemeinderat<\/a><\/h2><div class=\"wp-show-posts-entry-meta wp-show-posts-entry-meta-below-title post-meta-inline\"><span class=\"wp-show-posts-posted-on wp-show-posts-meta\">\n\t\t\t\t\t<a href=\"https:\/\/gruene-eichstaett.de\/koesching\/2019\/12\/18\/unsere-kandidatinnen-fuer-den-gemeinderat\/\" title=\"20:51\" rel=\"bookmark\"><time class=\"wp-show-posts-entry-date published\" datetime=\"2019-12-18T20:51:10+01:00\" itemprop=\"datePublished\">18. Dezember 2019<\/time><time class=\"wp-show-posts-updated\" datetime=\"2021-12-21T20:51:36+01:00\" itemprop=\"dateModified\">21. Dezember 2021<\/time><\/a>\n\t\t\t\t<\/span><\/div>\t\t\t\t\t\t<\/header><!-- .entry-header -->\n\t\t\t\t\t\t\t\t\t\t\t<div class=\"wp-show-posts-entry-summary\" itemprop=\"text\">\n\t\t\t\t\t\t\t<p>Listenplatz 1Manfred Lindner (Sozialp\u00e4dagoge) Listenplatz 2 Margret Weigert (Dipl.-Informatiker (FH)) Listenplatz 3 Gisela Walter-Seth (Grund- und Mittelschullehrerin) Listenplatz 4 Wolfgang Brauner (Landschaftsarchitekt) Listenplatz 5 Lena Weigert (Studentin der Betriebswirtschaftslehre) Listenplatz&#8230;<\/p>\n\t\t\t\t\t\t<\/div><!-- .entry-summary -->\n\t\t\t\t\t<\/div><!-- wp-show-posts-inner --><\/article><article class=\" wp-show-posts-single post-42 post type-post status-publish format-standard hentry category-allgemein wpsp-col-6\" itemtype=\"http:\/\/schema.org\/CreativeWork\" itemscope><div class=\"wp-show-posts-inner\" style=\"\">\t\t\t\t\t\t<header class=\"wp-show-posts-entry-header\">\n\t\t\t\t\t\t\t<h2 class=\"wp-show-posts-entry-title\" itemprop=\"headline\"><a href=\"https:\/\/gruene-eichstaett.de\/koesching\/2019\/10\/04\/koesching-gestalten\/\" rel=\"bookmark\">K\u00f6sching gestalten<\/a><\/h2><div class=\"wp-show-posts-entry-meta wp-show-posts-entry-meta-below-title post-meta-inline\"><span class=\"wp-show-posts-posted-on wp-show-posts-meta\">\n\t\t\t\t\t<a href=\"https:\/\/gruene-eichstaett.de\/koesching\/2019\/10\/04\/koesching-gestalten\/\" title=\"20:48\" rel=\"bookmark\"><time class=\"wp-show-posts-entry-date published\" datetime=\"2019-10-04T20:48:20+02:00\" itemprop=\"datePublished\">4. Oktober 2019<\/time><time class=\"wp-show-posts-updated\" datetime=\"2021-12-21T20:49:16+01:00\" itemprop=\"dateModified\">21. Dezember 2021<\/time><\/a>\n\t\t\t\t<\/span><\/div>\t\t\t\t\t\t<\/header><!-- .entry-header -->\n\t\t\t\t\t\t\t\t\t\t\t<div class=\"wp-show-posts-entry-summary\" itemprop=\"text\">\n\t\t\t\t\t\t\t<p>KLIMANEUTRAL GERECHT TRANSPARENT Wir wollen die Lebensqualit\u00e4t in K\u00f6sching verbessern und setzen uns daf\u00fcr ein, dass alle B\u00fcrger einbezogen werden. Wir wollen eine echte B\u00fcrgerbeteiligung mit Ber\u00fccksichtigung der Interessen der&#8230;<\/p>\n\t\t\t\t\t\t<\/div><!-- .entry-summary -->\n\t\t\t\t\t<\/div><!-- wp-show-posts-inner --><\/article><div class=\"wpsp-clear\"><\/div><\/section><!-- .wp-show-posts -->\n","protected":false},"excerpt":{"rendered":"","protected":false},"author":2,"featured_media":0,"parent":0,"menu_order":0,"comment_status":"closed","ping_status":"closed","template":"","meta":{"footnotes":""},"class_list":["post-33","page","type-page","status-publish","hentry"],"yoast_head":"<!-- This site is optimized with the Yoast SEO plugin v27.4 - https:\/\/yoast.com\/product\/yoast-seo-wordpress\/ -->\n<title>home - B\u00dcNDNIS 90\/DIE GR\u00dcNEN<\/title>\n<meta name=\"robots\" content=\"index, follow, max-snippet:-1, max-image-preview:large, max-video-preview:-1\" \/>\n<link rel=\"canonical\" href=\"https:\/\/gruene-eichstaett.de\/koesching\/home\/\" \/>\n<meta property=\"og:locale\" content=\"de_DE\" \/>\n<meta property=\"og:type\" content=\"article\" \/>\n<meta property=\"og:title\" content=\"home - B\u00dcNDNIS 90\/DIE GR\u00dcNEN\" \/>\n<meta property=\"og:url\" content=\"https:\/\/gruene-eichstaett.de\/koesching\/home\/\" \/>\n<meta property=\"og:site_name\" content=\"B\u00dcNDNIS 90\/DIE GR\u00dcNEN\" \/>\n<meta property=\"article:modified_time\" content=\"2024-01-11T09:51:21+00:00\" \/>\n<meta property=\"og:image\" content=\"http:\/\/gruene-eichstaett.de\/koesching\/wp-content\/uploads\/sites\/6\/2021\/12\/sunflower-us-1900-1024x451.jpeg\" \/>\n<meta name=\"twitter:card\" content=\"summary_large_image\" \/>\n<meta name=\"twitter:label1\" content=\"Gesch\u00e4tzte Lesezeit\" \/>\n\t<meta name=\"twitter:data1\" content=\"1\u00a0Minute\" \/>\n<script type=\"application\/ld+json\" class=\"yoast-schema-graph\">{\"@context\":\"https:\\\/\\\/schema.org\",\"@graph\":[{\"@type\":\"WebPage\",\"@id\":\"https:\\\/\\\/gruene-eichstaett.de\\\/koesching\\\/home\\\/\",\"url\":\"https:\\\/\\\/gruene-eichstaett.de\\\/koesching\\\/home\\\/\",\"name\":\"home - B\u00dcNDNIS 90\\\/DIE GR\u00dcNEN\",\"isPartOf\":{\"@id\":\"https:\\\/\\\/gruene-eichstaett.de\\\/koesching\\\/#website\"},\"primaryImageOfPage\":{\"@id\":\"https:\\\/\\\/gruene-eichstaett.de\\\/koesching\\\/home\\\/#primaryimage\"},\"image\":{\"@id\":\"https:\\\/\\\/gruene-eichstaett.de\\\/koesching\\\/home\\\/#primaryimage\"},\"thumbnailUrl\":\"http:\\\/\\\/gruene-eichstaett.de\\\/koesching\\\/wp-content\\\/uploads\\\/sites\\\/6\\\/2021\\\/12\\\/sunflower-us-1900-1024x451.jpeg\",\"datePublished\":\"2021-12-21T19:43:10+00:00\",\"dateModified\":\"2024-01-11T09:51:21+00:00\",\"breadcrumb\":{\"@id\":\"https:\\\/\\\/gruene-eichstaett.de\\\/koesching\\\/home\\\/#breadcrumb\"},\"inLanguage\":\"de\",\"potentialAction\":[{\"@type\":\"ReadAction\",\"target\":[\"https:\\\/\\\/gruene-eichstaett.de\\\/koesching\\\/home\\\/\"]}]},{\"@type\":\"ImageObject\",\"inLanguage\":\"de\",\"@id\":\"https:\\\/\\\/gruene-eichstaett.de\\\/koesching\\\/home\\\/#primaryimage\",\"url\":\"http:\\\/\\\/gruene-eichstaett.de\\\/koesching\\\/wp-content\\\/uploads\\\/sites\\\/6\\\/2021\\\/12\\\/sunflower-us-1900-1024x451.jpeg\",\"contentUrl\":\"http:\\\/\\\/gruene-eichstaett.de\\\/koesching\\\/wp-content\\\/uploads\\\/sites\\\/6\\\/2021\\\/12\\\/sunflower-us-1900-1024x451.jpeg\"},{\"@type\":\"BreadcrumbList\",\"@id\":\"https:\\\/\\\/gruene-eichstaett.de\\\/koesching\\\/home\\\/#breadcrumb\",\"itemListElement\":[{\"@type\":\"ListItem\",\"position\":1,\"name\":\"Startseite\",\"item\":\"https:\\\/\\\/gruene-eichstaett.de\\\/koesching\\\/\"},{\"@type\":\"ListItem\",\"position\":2,\"name\":\"home\"}]},{\"@type\":\"WebSite\",\"@id\":\"https:\\\/\\\/gruene-eichstaett.de\\\/koesching\\\/#website\",\"url\":\"https:\\\/\\\/gruene-eichstaett.de\\\/koesching\\\/\",\"name\":\"B\u00dcNDNIS 90\\\/DIE GR\u00dcNEN\",\"description\":\"in der Gemeinde K\u00f6sching\",\"publisher\":{\"@id\":\"https:\\\/\\\/gruene-eichstaett.de\\\/koesching\\\/#organization\"},\"potentialAction\":[{\"@type\":\"SearchAction\",\"target\":{\"@type\":\"EntryPoint\",\"urlTemplate\":\"https:\\\/\\\/gruene-eichstaett.de\\\/koesching\\\/?s={search_term_string}\"},\"query-input\":{\"@type\":\"PropertyValueSpecification\",\"valueRequired\":true,\"valueName\":\"search_term_string\"}}],\"inLanguage\":\"de\"},{\"@type\":\"Organization\",\"@id\":\"https:\\\/\\\/gruene-eichstaett.de\\\/koesching\\\/#organization\",\"name\":\"B\u00dcNDNIS 90\\\/DIE GR\u00dcNEN\",\"url\":\"https:\\\/\\\/gruene-eichstaett.de\\\/koesching\\\/\",\"logo\":{\"@type\":\"ImageObject\",\"inLanguage\":\"de\",\"@id\":\"https:\\\/\\\/gruene-eichstaett.de\\\/koesching\\\/#\\\/schema\\\/logo\\\/image\\\/\",\"url\":\"http:\\\/\\\/gruene-eichstaett.de\\\/koesching\\\/wp-content\\\/uploads\\\/sites\\\/6\\\/2021\\\/12\\\/Profilbild-Sonenblume.png\",\"contentUrl\":\"http:\\\/\\\/gruene-eichstaett.de\\\/koesching\\\/wp-content\\\/uploads\\\/sites\\\/6\\\/2021\\\/12\\\/Profilbild-Sonenblume.png\",\"width\":500,\"height\":500,\"caption\":\"B\u00dcNDNIS 90\\\/DIE GR\u00dcNEN\"},\"image\":{\"@id\":\"https:\\\/\\\/gruene-eichstaett.de\\\/koesching\\\/#\\\/schema\\\/logo\\\/image\\\/\"}}]}<\/script>\n<!-- \/ Yoast SEO plugin. -->","yoast_head_json":{"title":"home - B\u00dcNDNIS 90\/DIE GR\u00dcNEN","robots":{"index":"index","follow":"follow","max-snippet":"max-snippet:-1","max-image-preview":"max-image-preview:large","max-video-preview":"max-video-preview:-1"},"canonical":"https:\/\/gruene-eichstaett.de\/koesching\/home\/","og_locale":"de_DE","og_type":"article","og_title":"home - B\u00dcNDNIS 90\/DIE GR\u00dcNEN","og_url":"https:\/\/gruene-eichstaett.de\/koesching\/home\/","og_site_name":"B\u00dcNDNIS 90\/DIE GR\u00dcNEN","article_modified_time":"2024-01-11T09:51:21+00:00","og_image":[{"url":"http:\/\/gruene-eichstaett.de\/koesching\/wp-content\/uploads\/sites\/6\/2021\/12\/sunflower-us-1900-1024x451.jpeg","type":"","width":"","height":""}],"twitter_card":"summary_large_image","twitter_misc":{"Gesch\u00e4tzte Lesezeit":"1\u00a0Minute"},"schema":{"@context":"https:\/\/schema.org","@graph":[{"@type":"WebPage","@id":"https:\/\/gruene-eichstaett.de\/koesching\/home\/","url":"https:\/\/gruene-eichstaett.de\/koesching\/home\/","name":"home - B\u00dcNDNIS 90\/DIE GR\u00dcNEN","isPartOf":{"@id":"https:\/\/gruene-eichstaett.de\/koesching\/#website"},"primaryImageOfPage":{"@id":"https:\/\/gruene-eichstaett.de\/koesching\/home\/#primaryimage"},"image":{"@id":"https:\/\/gruene-eichstaett.de\/koesching\/home\/#primaryimage"},"thumbnailUrl":"http:\/\/gruene-eichstaett.de\/koesching\/wp-content\/uploads\/sites\/6\/2021\/12\/sunflower-us-1900-1024x451.jpeg","datePublished":"2021-12-21T19:43:10+00:00","dateModified":"2024-01-11T09:51:21+00:00","breadcrumb":{"@id":"https:\/\/gruene-eichstaett.de\/koesching\/home\/#breadcrumb"},"inLanguage":"de","potentialAction":[{"@type":"ReadAction","target":["https:\/\/gruene-eichstaett.de\/koesching\/home\/"]}]},{"@type":"ImageObject","inLanguage":"de","@id":"https:\/\/gruene-eichstaett.de\/koesching\/home\/#primaryimage","url":"http:\/\/gruene-eichstaett.de\/koesching\/wp-content\/uploads\/sites\/6\/2021\/12\/sunflower-us-1900-1024x451.jpeg","contentUrl":"http:\/\/gruene-eichstaett.de\/koesching\/wp-content\/uploads\/sites\/6\/2021\/12\/sunflower-us-1900-1024x451.jpeg"},{"@type":"BreadcrumbList","@id":"https:\/\/gruene-eichstaett.de\/koesching\/home\/#breadcrumb","itemListElement":[{"@type":"ListItem","position":1,"name":"Startseite","item":"https:\/\/gruene-eichstaett.de\/koesching\/"},{"@type":"ListItem","position":2,"name":"home"}]},{"@type":"WebSite","@id":"https:\/\/gruene-eichstaett.de\/koesching\/#website","url":"https:\/\/gruene-eichstaett.de\/koesching\/","name":"B\u00dcNDNIS 90\/DIE GR\u00dcNEN","description":"in der Gemeinde K\u00f6sching","publisher":{"@id":"https:\/\/gruene-eichstaett.de\/koesching\/#organization"},"potentialAction":[{"@type":"SearchAction","target":{"@type":"EntryPoint","urlTemplate":"https:\/\/gruene-eichstaett.de\/koesching\/?s={search_term_string}"},"query-input":{"@type":"PropertyValueSpecification","valueRequired":true,"valueName":"search_term_string"}}],"inLanguage":"de"},{"@type":"Organization","@id":"https:\/\/gruene-eichstaett.de\/koesching\/#organization","name":"B\u00dcNDNIS 90\/DIE GR\u00dcNEN","url":"https:\/\/gruene-eichstaett.de\/koesching\/","logo":{"@type":"ImageObject","inLanguage":"de","@id":"https:\/\/gruene-eichstaett.de\/koesching\/#\/schema\/logo\/image\/","url":"http:\/\/gruene-eichstaett.de\/koesching\/wp-content\/uploads\/sites\/6\/2021\/12\/Profilbild-Sonenblume.png","contentUrl":"http:\/\/gruene-eichstaett.de\/koesching\/wp-content\/uploads\/sites\/6\/2021\/12\/Profilbild-Sonenblume.png","width":500,"height":500,"caption":"B\u00dcNDNIS 90\/DIE GR\u00dcNEN"},"image":{"@id":"https:\/\/gruene-eichstaett.de\/koesching\/#\/schema\/logo\/image\/"}}]}},"_links":{"self":[{"href":"https:\/\/gruene-eichstaett.de\/koesching\/wp-json\/wp\/v2\/pages\/33","targetHints":{"allow":["GET"]}}],"collection":[{"href":"https:\/\/gruene-eichstaett.de\/koesching\/wp-json\/wp\/v2\/pages"}],"about":[{"href":"https:\/\/gruene-eichstaett.de\/koesching\/wp-json\/wp\/v2\/types\/page"}],"author":[{"embeddable":true,"href":"https:\/\/gruene-eichstaett.de\/koesching\/wp-json\/wp\/v2\/users\/2"}],"replies":[{"embeddable":true,"href":"https:\/\/gruene-eichstaett.de\/koesching\/wp-json\/wp\/v2\/comments?post=33"}],"version-history":[{"count":2,"href":"https:\/\/gruene-eichstaett.de\/koesching\/wp-json\/wp\/v2\/pages\/33\/revisions"}],"predecessor-version":[{"id":38,"href":"https:\/\/gruene-eichstaett.de\/koesching\/wp-json\/wp\/v2\/pages\/33\/revisions\/38"}],"wp:attachment":[{"href":"https:\/\/gruene-eichstaett.de\/koesching\/wp-json\/wp\/v2\/media?parent=33"}],"curies":[{"name":"wp","href":"https:\/\/api.w.org\/{rel}","templated":true}]}}